{"id":97,"date":"2012-12-13T13:59:48","date_gmt":"2012-12-13T12:59:48","guid":{"rendered":"https:\/\/www.mydatec.com\/?page_id=97"},"modified":"2020-04-14T23:33:10","modified_gmt":"2020-04-14T22:33:10","slug":"qualite-de-lair","status":"publish","type":"page","link":"https:\/\/www.mydatec.com\/fr\/principe-vmc-thermodynamique\/qualite-de-lair\/","title":{"rendered":"Qualit\u00e9 de l&rsquo;air"},"content":{"rendered":"<h2 style=\"text-align: justify;\">Les enjeux li\u00e9s \u00e0 la qualit\u00e9 de l\u2019air int\u00e9rieur<\/h2>\n<p style=\"text-align: justify;\">Difficile \u00e0 percevoir, la mauvaise qualit\u00e9 de l\u2019air int\u00e9rieur est aujourd\u2019hui un v\u00e9ritable probl\u00e8me de sant\u00e9 public. L\u2019air int\u00e9rieur est 5 \u00e0 10 fois plus pollu\u00e9 que l\u2019air ext\u00e9rieur. En g\u00e9n\u00e9ral, les fortes concentrations de pollution int\u00e9rieure ne sont pas d\u00e9tect\u00e9es par les <img decoding=\"async\" class=\"alignleft wp-image-4713 size-full\" title=\"\u00e9tiquette-COV-air-int\u00e9rieur MyADTEC VMC thermodynamique double flux climatisation\" src=\"https:\/\/www.mydatec.com\/wp-content\/uploads\/2018\/01\/emissions_dans_l_air-e1517320969193.jpg\" alt=\"\u00e9tiquette-COV-air-int\u00e9rieur MyADTEC VMC thermodynamique double flux climatisation\" width=\"405\" height=\"214\" \/>habitants. Pourtant, elles peuvent \u00eatre \u00e0 l\u2019origine de nombreuses maladies et probl\u00e8mes respiratoires, et d\u2019un \u00e9tat g\u00e9n\u00e9ral de \u00ab\u00a0mal \u00eatre\u00a0\u00bb. Alors qu\u2019avant, on se pr\u00e9occupait peu de la pollution de l\u2019air dans les logements, aujourd\u2019hui, nos maisons sont de plus en plus \u00e9tanches pour en limiter les consommations d\u2019\u00e9nergies.<\/p>\n<p style=\"text-align: justify;\">Renouveler l\u2019air dans un espace clos est alors une n\u00e9cessit\u00e9 vitale aujourd\u2019hui. Pour cela l\u2019installation d\u2019une VMC est obligatoire, elle permet de:<\/p>\n<ul style=\"text-align: justify;\">\n<li>Renouveler l&rsquo;air de l&rsquo;habitat (Extraction du CO2)<\/li>\n<li>Extraire de l&rsquo;humidit\u00e9 (Respiration \/ Douche \/ Cuisine&#8230;) Objectif : 40 \u00e0 60% d&rsquo;humidit\u00e9<\/li>\n<li>Extraire des COV (Compos\u00e9 Organique Volatile) ou polluants d\u00e9gag\u00e9s par les mat\u00e9riaux dans la maison, <a href=\"https:\/\/www.mydatec.com\/les-dangers-du-formaldehyde-vmc\/\" target=\"_blank\" rel=\"noopener noreferrer\">en particulier le formald\u00e9hyde.<\/a><\/li>\n<\/ul>\n<p style=\"text-align: justify;\">C\u2019est principalement le r\u00f4le de la VMC thermodynamique MyDATEC.<\/p>\n<p style=\"text-align: justify;\">Lorsqu\u2019on ma\u00eetrise mieux ses d\u00e9bits de ventilation, il devient \u00e9vident de valoriser les pertes de chaleur li\u00e9es \u00e0 l\u2019extraction d\u2019air. C\u2019est pourquoi MyDATEC \u00e9quipe aujourd\u2019hui de nombreuses \u00e9coles, cr\u00e8ches, cabinets dentaires ou de m\u00e9decine g\u00e9n\u00e9rale, o\u00f9 l\u2019on se doit d\u2019\u00eatre intransigeant sur la qualit\u00e9 de l\u2019air int\u00e9rieur.<\/p>\n<p style=\"text-align: justify;\">Ci-dessous quelques points qui permettent de se rendre compte concr\u00e8tement de l&rsquo;importance de la qualit\u00e9 de l&rsquo;air int\u00e9rieur :<\/p>\n<p>&#8211;\u00a0\u00a0\u00a0\u00a0\u00a0\u00a0\u00a0\u00a0\u00a0 Tous les jours, nous mangeons 2kg de nourriture, buvons 2kg d\u2019eau, et respirons 10kg d\u2019air.<\/p>\n<p>&#8211;\u00a0\u00a0\u00a0\u00a0\u00a0\u00a0\u00a0\u00a0\u00a0 Moins de 20% des logements ont une bonne qualit\u00e9 de l\u2019air<\/p>\n<p>&#8211;\u00a0\u00a0\u00a0\u00a0\u00a0\u00a0\u00a0\u00a0\u00a0 La qualit\u00e9 de l\u2019air a un impact \u00e0 court et \u00e0 long terme sur la sant\u00e9\u2026<\/p>\n<p>&#8211; \u00a0 \u00a0 \u00a0 \u00a0 \u00a0On consid\u00e8re que 70% des syst\u00e8mes de ventilation pr\u00e9sentent des d\u00e9bits d\u2019air trop faible<\/p>\n<p>&#8211;\u00a0\u00a0\u00a0\u00a0\u00a0\u00a0\u00a0\u00a0\u00a0 Les cr\u00e8ches, depuis le 01\/01\/2015, doivent s&rsquo;\u00e9quiper un syst\u00e8me qui mesure la qualit\u00e9 de l\u2019air<\/p>\n<p>&gt; <a href=\"https:\/\/www.mydatec.com\/principe-vmc-thermodynamique\/machine-comment-ca-marche\/\"><em>Comprendre le fonctionnement de nos machines.<\/em><\/a><\/p>\n<p style=\"text-align: justify;\"><span style=\"color: #ffffff;\">.<\/span><\/p>\n<h2>MyDATEC : une capacit\u00e9 filtrante unique pour limiter les allerg\u00e8nes et polluants<\/h2>\n<p style=\"text-align: justify;\"><strong>MyDATEC renouvelle l\u2019air\u00a0<\/strong>: La VMC thermodynamique est l\u2019unique syst\u00e8me de chauffage par l\u2019air qui fonctionne en tout air neuf, ce qui veut dire que les polluants int\u00e9rieurs sont extraits en continu (Contrairement \u00e0 une PAC air\/air classique qui travaille en recyclage de l\u2019air int\u00e9rieur). Puisque les calories de l\u2019air extrait sont r\u00e9cup\u00e9r\u00e9es par le syst\u00e8me MyDATEC, ventiler n\u2019est plus un probl\u00e8me. Contrairement aux autres syst\u00e8mes de VMC qui r\u00e9duisent au maximum les d\u00e9bits de ventilation pour \u00e9viter les pertes \u00e9nerg\u00e9tiques li\u00e9es au renouvellement d\u2019air, la VMC thermodynamique MyDATEC extrait autant que n\u00e9cessaire, pour un maximum de confort, et pour un b\u00e2ti pr\u00e9serv\u00e9 des d\u00e9t\u00e9riorations li\u00e9es \u00e0 l\u2019humidit\u00e9 (moisissures, champignons\u2026).<\/p>\n<p style=\"text-align: justify;\">Comparaison des d\u00e9bits de ventilation minimum r\u00e9glementaire, avec les d\u00e9bits g\u00e9n\u00e9r\u00e9s par la VMC thermodynamique MyDATEC\u00a0: (<a title=\"Arr\u00eat\u00e9 de mars 1982 qualit\u00e9 de l'air VMC\" href=\"https:\/\/www.mydatec.com\/wp-content\/uploads\/2012\/12\/Arrete-de-mars-1982-qualite-de-lair-VMC-MyDATEC.pdf\" target=\"_blank\" rel=\"noopener noreferrer\">Arr\u00eat\u00e9 mars 1982<\/a>)<\/p>\n<table border=\"1\" width=\"auto\" cellspacing=\"0\" cellpadding=\"0\">\n<tbody>\n<tr>\n<td valign=\"center\" width=\"241\"><strong>Nb pi\u00e8ces principales<\/strong><\/td>\n<td align=\"center\" width=\"70\"><strong>1<\/strong><\/td>\n<td align=\"center\" width=\"70\"><strong>2<\/strong><\/td>\n<td align=\"center\" width=\"70\"><strong>3<\/strong><\/td>\n<td align=\"center\" width=\"70\"><strong>4<\/strong><\/td>\n<td align=\"center\" width=\"70\"><strong>5 et +<\/strong><\/td>\n<\/tr>\n<tr>\n<td valign=\"center\" width=\"241\"><strong>VMC Simple flux Hygror\u00e9glable<\/strong><\/td>\n<td width=\"70\">10 m3\/h<\/td>\n<td width=\"70\">10 m3\/h<\/td>\n<td width=\"70\">15 m3\/h<\/td>\n<td width=\"70\">20 m3\/h<\/td>\n<td width=\"70\">25 m3\/h<\/td>\n<\/tr>\n<tr>\n<td valign=\"center\" width=\"241\"><strong>VMC Simple flux autor\u00e9glable<\/strong><\/td>\n<td width=\"70\">35 m3\/h<\/td>\n<td width=\"70\">60 m3\/h<\/td>\n<td width=\"70\">75 m3\/h<\/td>\n<td width=\"70\">90 m3\/h<\/td>\n<td width=\"70\">105 m3\/h<\/td>\n<\/tr>\n<tr>\n<td valign=\"center\" width=\"241\"><strong>VMC thermodynamique MYDATEC<\/strong><\/td>\n<td valign=\"top\" width=\"70\">De 100 \u00e0 300 m3\/h<\/td>\n<td valign=\"top\" width=\"70\">De 110 \u00e0 300 m3\/h<\/td>\n<td valign=\"top\" width=\"70\">De 150 \u00e0 300 m3\/h<\/td>\n<td valign=\"top\" width=\"70\">De 160 \u00e0 300 m3\/h<\/td>\n<td valign=\"top\" width=\"70\">De 170 \u00e0 300 m3\/h<\/td>\n<\/tr>\n<\/tbody>\n<\/table>\n<p style=\"text-align: justify;\"><strong>MyDATEC filtre les polluants, allerg\u00e8nes \u2026 :<\/strong> Le syst\u00e8me MyDATEC effectue un\u00a0 double filtrage de l\u2019air sur l\u2019air extrait et sur l\u2019air neuf avant qu\u2019il ne rentre dans la maison. Primordiale pour les personnes sensibles aux <strong>allergies, et asthmatiques<\/strong>, le syst\u00e8me est particuli\u00e8rement efficace contre les allerg\u00e8nes et polluants classiques. Il sera n\u00e9anmoins tr\u00e8s important de nettoyer r\u00e9guli\u00e8rement les filtres de votre VMC MyDATEC. (Cat\u00e9gorie de filtres de G4 \u00e0 M5)<\/p>\n<blockquote><p>Vous pouvez commander directement en ligne vos <a href=\"https:\/\/www.mydatec.com\/service-vmc-double-flux-assistance\/commandez-des-accessoires\/\">accessoires et filtres pour votre VMC.<\/a><\/p><\/blockquote>\n<p>A ce titre, MyDATEC vous propose un <a href=\"https:\/\/www.mydatec.com\/filtration\/\">choix de qualit\u00e9 de filtration <\/a>pour s\u2019adapter \u00e0 votre besoin. Vous pouvez <a href=\"https:\/\/www.mydatec.com\/service-vmc-double-flux-assistance\/commandez-des-accessoires\/\">commander directement des filtres pour votre VCM MyDATEC ici<\/a><\/p>\n<p style=\"text-align: justify;\"><span style=\"color: #ffffff;\">.<\/span><\/p>\n<h2>Comment la VMC MyDATEC r\u00e9gule l\u2019humidit\u00e9<\/h2>\n<p style=\"text-align: justify;\">Le syst\u00e8me MyDATEC a naturellement tendance \u00e0 d\u00e9shumidifier. En effet, <a title=\"Voir les principes d'une pompe \u00e0 chaleur sur air extrait\" href=\"https:\/\/www.mydatec.com\/principe-dune-pompe-a-chaleur\/\" target=\"_blank\" rel=\"noopener noreferrer\">la pompe <img decoding=\"async\" class=\"alignright wp-image-4722 size-full\" src=\"https:\/\/www.mydatec.com\/wp-content\/uploads\/2018\/05\/Qualit\u00c3\u00a9-de-lair-VMC-double-flux-thermodynamique-maison-BBC-ventilation-chauffage-climatisation-380x250.jpg\" alt=\"Qualit\u00e9 de l'air - VMC double flux thermodynamique maison BBC - ventilation chauffage climatisation\" width=\"380\" height=\"250\" \/>\u00e0\u00a0chaleur<\/a> r\u00e9cup\u00e9rant la chaleur sensible (ou chaleur transmise par contact) et la chaleur latente (chaleur d\u00e9gag\u00e9e par les changements d\u2019\u00e9tat de l\u2019eau), ainsi, l\u2019air insuffl\u00e9 est toujours plus sec apr\u00e8s passage dans la pompe \u00e0 chaleur. C\u2019est pourquoi la VMC double flux thermodynamique MyDATEC est fr\u00e9quemment utilis\u00e9e et appr\u00e9ci\u00e9e dans les r\u00e9gions en bord de mer, ou pour traiter des pi\u00e8ces particuli\u00e8rement humides.<\/p>\n<p style=\"text-align: justify;\">Le taux d\u2019hygrom\u00e9trie id\u00e9al est compris entre 45% et 65% d\u2019humidit\u00e9 relative : en-dessous, l&rsquo;air est trop sec, au-dessus l&rsquo;air renferme trop d&rsquo;humidit\u00e9 (sensation de froid), \u00e0 partir de 100% d\u00e9bute la saturation ou le brouillard.<\/p>\n<h2>Un syst\u00e8me de pilotage complet associ\u00e9 \u00e0 votre VMC MyDATEC<\/h2>\n<p>Gr\u00e2ce au <a href=\"https:\/\/www.mydatec.com\/pilotage-tactile-2\/\">syst\u00e8me de pilotage int\u00e9gr\u00e9 \u00e0 votre VMC MyDATEC<\/a>, vous pouvez suivre l&rsquo;ensemble des informations li\u00e9es \u00e0 la gestion de votre machine :<\/p>\n<ul>\n<li>Suivi de la temp\u00e9rature<\/li>\n<li>Suivi du taux d\u2019humidit\u00e9<\/li>\n<li>Suivi des Compos\u00e9s Organiques Volatiles (COV)<\/li>\n<\/ul>\n<p style=\"text-align: left;\">\u00a0Le tout, gr\u00e2ce \u00e0 une commande tactile.<\/p>\n<p style=\"text-align: left;\">Vous pouvez retrouver d&rsquo;autres informations sur <strong><a href=\"https:\/\/vmc-thermodynamique.fr\/index.php\/2017\/11\/mydatec-et-la-qualite-dair-interieur-qai\/\" target=\"_blank\" rel=\"noopener noreferer noreferrer\"> le blog d\u00e9di\u00e9 \u00e0 la VMC thermodynamique<\/a><\/strong>.<\/p>\n","protected":false},"excerpt":{"rendered":"<p>Les enjeux li\u00e9s \u00e0 la qualit\u00e9 de l\u2019air int\u00e9rieur Difficile \u00e0 percevoir, la mauvaise qualit\u00e9 de l\u2019air int\u00e9rieur est aujourd\u2019hui un v\u00e9ritable probl\u00e8me de sant\u00e9  [&#8230;]<\/p>\n","protected":false},"author":6,"featured_media":318,"parent":9,"menu_order":4,"comment_status":"closed","ping_status":"open","template":"","meta":{"footnotes":""},"class_list":["post-97","page","type-page","status-publish","has-post-thumbnail","hentry"],"yoast_head":"<!-- This site is optimized with the Yoast SEO plugin v27.5 - https:\/\/yoast.com\/product\/yoast-seo-wordpress\/ -->\n<title>Qualit\u00e9 de l&#039;air VMC MyDatec : ventilation<\/title>\n<meta name=\"description\" content=\"Qualit\u00e9 de l&#039;air VMC MyDatec : ventilation par VMC double flux thermodynamique et pompe \u00e0 chaleur ventilation des maisons\" \/>\n<meta name=\"robots\" content=\"index, follow, max-snippet:-1, max-image-preview:large, max-video-preview:-1\" \/>\n<link rel=\"canonical\" href=\"https:\/\/www.mydatec.com\/fr\/principe-vmc-thermodynamique\/qualite-de-lair\/\" \/>\n<meta property=\"og:locale\" content=\"fr_FR\" \/>\n<meta property=\"og:type\" content=\"article\" \/>\n<meta property=\"og:title\" content=\"Qualit\u00e9 de l&#039;air VMC MyDatec : ventilation\" \/>\n<meta property=\"og:description\" content=\"Qualit\u00e9 de l&#039;air VMC MyDatec : ventilation par VMC double flux thermodynamique et pompe \u00e0 chaleur ventilation des maisons\" \/>\n<meta property=\"og:url\" content=\"https:\/\/www.mydatec.com\/fr\/principe-vmc-thermodynamique\/qualite-de-lair\/\" \/>\n<meta property=\"og:site_name\" content=\"MyDATEC\" \/>\n<meta property=\"article:modified_time\" content=\"2020-04-14T22:33:10+00:00\" \/>\n<meta property=\"og:image\" content=\"https:\/\/www.mydatec.com\/wp-content\/uploads\/2012\/12\/ico-qualiteair.png\" \/>\n\t<meta property=\"og:image:width\" content=\"80\" \/>\n\t<meta property=\"og:image:height\" content=\"80\" \/>\n\t<meta property=\"og:image:type\" content=\"image\/png\" \/>\n<meta name=\"twitter:label1\" content=\"Dur\u00e9e de lecture estim\u00e9e\" \/>\n\t<meta name=\"twitter:data1\" content=\"5 minutes\" \/>\n<script type=\"application\/ld+json\" class=\"yoast-schema-graph\">{\"@context\":\"https:\\\/\\\/schema.org\",\"@graph\":[{\"@type\":\"WebPage\",\"@id\":\"https:\\\/\\\/www.mydatec.com\\\/fr\\\/principe-vmc-thermodynamique\\\/qualite-de-lair\\\/\",\"url\":\"https:\\\/\\\/www.mydatec.com\\\/fr\\\/principe-vmc-thermodynamique\\\/qualite-de-lair\\\/\",\"name\":\"Qualit\u00e9 de l'air VMC MyDatec : ventilation\",\"isPartOf\":{\"@id\":\"https:\\\/\\\/www.mydatec.com\\\/fr\\\/#website\"},\"primaryImageOfPage\":{\"@id\":\"https:\\\/\\\/www.mydatec.com\\\/fr\\\/principe-vmc-thermodynamique\\\/qualite-de-lair\\\/#primaryimage\"},\"image\":{\"@id\":\"https:\\\/\\\/www.mydatec.com\\\/fr\\\/principe-vmc-thermodynamique\\\/qualite-de-lair\\\/#primaryimage\"},\"thumbnailUrl\":\"https:\\\/\\\/www.mydatec.com\\\/wp-content\\\/uploads\\\/2012\\\/12\\\/ico-qualiteair.png\",\"datePublished\":\"2012-12-13T12:59:48+00:00\",\"dateModified\":\"2020-04-14T22:33:10+00:00\",\"description\":\"Qualit\u00e9 de l'air VMC MyDatec : ventilation par VMC double flux thermodynamique et pompe \u00e0 chaleur ventilation des maisons\",\"breadcrumb\":{\"@id\":\"https:\\\/\\\/www.mydatec.com\\\/fr\\\/principe-vmc-thermodynamique\\\/qualite-de-lair\\\/#breadcrumb\"},\"inLanguage\":\"fr-FR\",\"potentialAction\":[{\"@type\":\"ReadAction\",\"target\":[\"https:\\\/\\\/www.mydatec.com\\\/fr\\\/principe-vmc-thermodynamique\\\/qualite-de-lair\\\/\"]}]},{\"@type\":\"ImageObject\",\"inLanguage\":\"fr-FR\",\"@id\":\"https:\\\/\\\/www.mydatec.com\\\/fr\\\/principe-vmc-thermodynamique\\\/qualite-de-lair\\\/#primaryimage\",\"url\":\"https:\\\/\\\/www.mydatec.com\\\/wp-content\\\/uploads\\\/2012\\\/12\\\/ico-qualiteair.png\",\"contentUrl\":\"https:\\\/\\\/www.mydatec.com\\\/wp-content\\\/uploads\\\/2012\\\/12\\\/ico-qualiteair.png\",\"width\":\"80\",\"height\":\"80\"},{\"@type\":\"BreadcrumbList\",\"@id\":\"https:\\\/\\\/www.mydatec.com\\\/fr\\\/principe-vmc-thermodynamique\\\/qualite-de-lair\\\/#breadcrumb\",\"itemListElement\":[{\"@type\":\"ListItem\",\"position\":1,\"name\":\"Accueil\",\"item\":\"https:\\\/\\\/www.mydatec.com\\\/fr\\\/\"},{\"@type\":\"ListItem\",\"position\":2,\"name\":\"Principe VMC thermodynamique\",\"item\":\"https:\\\/\\\/www.mydatec.com\\\/fr\\\/principe-vmc-thermodynamique\\\/\"},{\"@type\":\"ListItem\",\"position\":3,\"name\":\"Qualit\u00e9 de l&rsquo;air\"}]},{\"@type\":\"WebSite\",\"@id\":\"https:\\\/\\\/www.mydatec.com\\\/fr\\\/#website\",\"url\":\"https:\\\/\\\/www.mydatec.com\\\/fr\\\/\",\"name\":\"MyDATEC\",\"description\":\"La solution thermodynamique\",\"publisher\":{\"@id\":\"https:\\\/\\\/www.mydatec.com\\\/fr\\\/#organization\"},\"potentialAction\":[{\"@type\":\"SearchAction\",\"target\":{\"@type\":\"EntryPoint\",\"urlTemplate\":\"https:\\\/\\\/www.mydatec.com\\\/fr\\\/?s={search_term_string}\"},\"query-input\":{\"@type\":\"PropertyValueSpecification\",\"valueRequired\":true,\"valueName\":\"search_term_string\"}}],\"inLanguage\":\"fr-FR\"},{\"@type\":\"Organization\",\"@id\":\"https:\\\/\\\/www.mydatec.com\\\/fr\\\/#organization\",\"name\":\"MyDatec\",\"url\":\"https:\\\/\\\/www.mydatec.com\\\/fr\\\/\",\"logo\":{\"@type\":\"ImageObject\",\"inLanguage\":\"fr-FR\",\"@id\":\"https:\\\/\\\/www.mydatec.com\\\/fr\\\/#\\\/schema\\\/logo\\\/image\\\/\",\"url\":\"https:\\\/\\\/www.mydatec.com\\\/wp-content\\\/uploads\\\/2022\\\/01\\\/logo-mydatec.jpg\",\"contentUrl\":\"https:\\\/\\\/www.mydatec.com\\\/wp-content\\\/uploads\\\/2022\\\/01\\\/logo-mydatec.jpg\",\"width\":434,\"height\":351,\"caption\":\"MyDatec\"},\"image\":{\"@id\":\"https:\\\/\\\/www.mydatec.com\\\/fr\\\/#\\\/schema\\\/logo\\\/image\\\/\"},\"sameAs\":[\"http:\\\/\\\/www.linkedin.com\\\/in\\\/MyDATEC\"]}]}<\/script>\n<!-- \/ Yoast SEO plugin. -->","yoast_head_json":{"title":"Qualit\u00e9 de l'air VMC MyDatec : ventilation","description":"Qualit\u00e9 de l'air VMC MyDatec : ventilation par VMC double flux thermodynamique et pompe \u00e0 chaleur ventilation des maisons","robots":{"index":"index","follow":"follow","max-snippet":"max-snippet:-1","max-image-preview":"max-image-preview:large","max-video-preview":"max-video-preview:-1"},"canonical":"https:\/\/www.mydatec.com\/fr\/principe-vmc-thermodynamique\/qualite-de-lair\/","og_locale":"fr_FR","og_type":"article","og_title":"Qualit\u00e9 de l'air VMC MyDatec : ventilation","og_description":"Qualit\u00e9 de l'air VMC MyDatec : ventilation par VMC double flux thermodynamique et pompe \u00e0 chaleur ventilation des maisons","og_url":"https:\/\/www.mydatec.com\/fr\/principe-vmc-thermodynamique\/qualite-de-lair\/","og_site_name":"MyDATEC","article_modified_time":"2020-04-14T22:33:10+00:00","og_image":[{"width":80,"height":80,"url":"https:\/\/www.mydatec.com\/wp-content\/uploads\/2012\/12\/ico-qualiteair.png","type":"image\/png"}],"twitter_misc":{"Dur\u00e9e de lecture estim\u00e9e":"5 minutes"},"schema":{"@context":"https:\/\/schema.org","@graph":[{"@type":"WebPage","@id":"https:\/\/www.mydatec.com\/fr\/principe-vmc-thermodynamique\/qualite-de-lair\/","url":"https:\/\/www.mydatec.com\/fr\/principe-vmc-thermodynamique\/qualite-de-lair\/","name":"Qualit\u00e9 de l'air VMC MyDatec : ventilation","isPartOf":{"@id":"https:\/\/www.mydatec.com\/fr\/#website"},"primaryImageOfPage":{"@id":"https:\/\/www.mydatec.com\/fr\/principe-vmc-thermodynamique\/qualite-de-lair\/#primaryimage"},"image":{"@id":"https:\/\/www.mydatec.com\/fr\/principe-vmc-thermodynamique\/qualite-de-lair\/#primaryimage"},"thumbnailUrl":"https:\/\/www.mydatec.com\/wp-content\/uploads\/2012\/12\/ico-qualiteair.png","datePublished":"2012-12-13T12:59:48+00:00","dateModified":"2020-04-14T22:33:10+00:00","description":"Qualit\u00e9 de l'air VMC MyDatec : ventilation par VMC double flux thermodynamique et pompe \u00e0 chaleur ventilation des maisons","breadcrumb":{"@id":"https:\/\/www.mydatec.com\/fr\/principe-vmc-thermodynamique\/qualite-de-lair\/#breadcrumb"},"inLanguage":"fr-FR","potentialAction":[{"@type":"ReadAction","target":["https:\/\/www.mydatec.com\/fr\/principe-vmc-thermodynamique\/qualite-de-lair\/"]}]},{"@type":"ImageObject","inLanguage":"fr-FR","@id":"https:\/\/www.mydatec.com\/fr\/principe-vmc-thermodynamique\/qualite-de-lair\/#primaryimage","url":"https:\/\/www.mydatec.com\/wp-content\/uploads\/2012\/12\/ico-qualiteair.png","contentUrl":"https:\/\/www.mydatec.com\/wp-content\/uploads\/2012\/12\/ico-qualiteair.png","width":"80","height":"80"},{"@type":"BreadcrumbList","@id":"https:\/\/www.mydatec.com\/fr\/principe-vmc-thermodynamique\/qualite-de-lair\/#breadcrumb","itemListElement":[{"@type":"ListItem","position":1,"name":"Accueil","item":"https:\/\/www.mydatec.com\/fr\/"},{"@type":"ListItem","position":2,"name":"Principe VMC thermodynamique","item":"https:\/\/www.mydatec.com\/fr\/principe-vmc-thermodynamique\/"},{"@type":"ListItem","position":3,"name":"Qualit\u00e9 de l&rsquo;air"}]},{"@type":"WebSite","@id":"https:\/\/www.mydatec.com\/fr\/#website","url":"https:\/\/www.mydatec.com\/fr\/","name":"MyDATEC","description":"La solution thermodynamique","publisher":{"@id":"https:\/\/www.mydatec.com\/fr\/#organization"},"potentialAction":[{"@type":"SearchAction","target":{"@type":"EntryPoint","urlTemplate":"https:\/\/www.mydatec.com\/fr\/?s={search_term_string}"},"query-input":{"@type":"PropertyValueSpecification","valueRequired":true,"valueName":"search_term_string"}}],"inLanguage":"fr-FR"},{"@type":"Organization","@id":"https:\/\/www.mydatec.com\/fr\/#organization","name":"MyDatec","url":"https:\/\/www.mydatec.com\/fr\/","logo":{"@type":"ImageObject","inLanguage":"fr-FR","@id":"https:\/\/www.mydatec.com\/fr\/#\/schema\/logo\/image\/","url":"https:\/\/www.mydatec.com\/wp-content\/uploads\/2022\/01\/logo-mydatec.jpg","contentUrl":"https:\/\/www.mydatec.com\/wp-content\/uploads\/2022\/01\/logo-mydatec.jpg","width":434,"height":351,"caption":"MyDatec"},"image":{"@id":"https:\/\/www.mydatec.com\/fr\/#\/schema\/logo\/image\/"},"sameAs":["http:\/\/www.linkedin.com\/in\/MyDATEC"]}]}},"_links":{"self":[{"href":"https:\/\/www.mydatec.com\/fr\/wp-json\/wp\/v2\/pages\/97","targetHints":{"allow":["GET"]}}],"collection":[{"href":"https:\/\/www.mydatec.com\/fr\/wp-json\/wp\/v2\/pages"}],"about":[{"href":"https:\/\/www.mydatec.com\/fr\/wp-json\/wp\/v2\/types\/page"}],"author":[{"embeddable":true,"href":"https:\/\/www.mydatec.com\/fr\/wp-json\/wp\/v2\/users\/6"}],"replies":[{"embeddable":true,"href":"https:\/\/www.mydatec.com\/fr\/wp-json\/wp\/v2\/comments?post=97"}],"version-history":[{"count":5,"href":"https:\/\/www.mydatec.com\/fr\/wp-json\/wp\/v2\/pages\/97\/revisions"}],"predecessor-version":[{"id":6175,"href":"https:\/\/www.mydatec.com\/fr\/wp-json\/wp\/v2\/pages\/97\/revisions\/6175"}],"up":[{"embeddable":true,"href":"https:\/\/www.mydatec.com\/fr\/wp-json\/wp\/v2\/pages\/9"}],"wp:featuredmedia":[{"embeddable":true,"href":"https:\/\/www.mydatec.com\/fr\/wp-json\/wp\/v2\/media\/318"}],"wp:attachment":[{"href":"https:\/\/www.mydatec.com\/fr\/wp-json\/wp\/v2\/media?parent=97"}],"curies":[{"name":"wp","href":"https:\/\/api.w.org\/{rel}","templated":true}]}}