{"id":7449,"date":"2022-01-03T05:22:04","date_gmt":"2022-01-03T04:22:04","guid":{"rendered":"https:\/\/www.mydatec.com\/?page_id=7449"},"modified":"2022-01-03T05:23:23","modified_gmt":"2022-01-03T04:23:23","slug":"actualites-conseils-vmc","status":"publish","type":"page","link":"https:\/\/www.mydatec.com\/fr\/actualites-conseils-vmc\/","title":{"rendered":"Actualit\u00e9s"},"content":{"rendered":"<p><div class=\"fusion-fullwidth fullwidth-box fusion-builder-row-1 fusion-flex-container fusion-parallax-none nonhundred-percent-fullwidth non-hundred-percent-height-scrolling ctnr-full-img-back\" style=\"--awb-border-radius-top-left:0px;--awb-border-radius-top-right:0px;--awb-border-radius-bottom-right:0px;--awb-border-radius-bottom-left:0px;--awb-background-image:url(&quot;https:\/\/www.mydatec.com\/wp-content\/uploads\/2022\/01\/home-myd-min.jpg&quot;);--awb-background-size:cover;--awb-flex-wrap:wrap;\" ><div class=\"fusion-builder-row fusion-row fusion-flex-align-items-flex-start fusion-flex-justify-content-center fusion-flex-content-wrap\" style=\"max-width:1144px;margin-left: calc(-4% \/ 2 );margin-right: calc(-4% \/ 2 );\"><div class=\"fusion-layout-column fusion_builder_column fusion-builder-column-0 fusion_builder_column_1_1 1_1 fusion-flex-column\" style=\"--awb-bg-size:cover;--awb-width-large:100%;--awb-margin-top-large:0px;--awb-spacing-right-large:1.92%;--awb-margin-bottom-large:20px;--awb-spacing-left-large:1.92%;--awb-width-medium:100%;--awb-order-medium:0;--awb-spacing-right-medium:1.92%;--awb-spacing-left-medium:1.92%;--awb-width-small:100%;--awb-order-small:0;--awb-spacing-right-small:1.92%;--awb-spacing-left-small:1.92%;\"><div class=\"fusion-column-wrapper fusion-column-has-shadow fusion-flex-justify-content-flex-start fusion-content-layout-column\"><div class=\"fusion-title title fusion-title-1 fusion-sep-none fusion-title-text fusion-title-size-one\" style=\"--awb-margin-top-small:0px;--awb-margin-right-small:0px;--awb-margin-bottom-small:20px;--awb-margin-left-small:0px;\"><h1 class=\"fusion-title-heading title-heading-left\" style=\"margin:0;\">Actualit\u00e9s MyDatec<\/h1><\/div><div class=\"fusion-text fusion-text-1 ss-titre\" style=\"--awb-text-transform:none;\"><p>Conseils, nouveaut\u00e9s, t\u00e9moignages, &#8230;<\/p>\n<\/div><\/div><\/div><\/div><\/div><div class=\"fusion-fullwidth fullwidth-box fusion-builder-row-2 fusion-flex-container nonhundred-percent-fullwidth non-hundred-percent-height-scrolling\" style=\"--awb-border-radius-top-left:0px;--awb-border-radius-top-right:0px;--awb-border-radius-bottom-right:0px;--awb-border-radius-bottom-left:0px;--awb-flex-wrap:wrap;\" ><div class=\"fusion-builder-row fusion-row fusion-flex-align-items-flex-start fusion-flex-content-wrap\" style=\"max-width:1144px;margin-left: calc(-4% \/ 2 );margin-right: calc(-4% \/ 2 );\"><div class=\"fusion-layout-column fusion_builder_column fusion-builder-column-1 fusion_builder_column_1_1 1_1 fusion-flex-column\" style=\"--awb-bg-size:cover;--awb-width-large:100%;--awb-margin-top-large:0px;--awb-spacing-right-large:1.92%;--awb-margin-bottom-large:20px;--awb-spacing-left-large:1.92%;--awb-width-medium:100%;--awb-order-medium:0;--awb-spacing-right-medium:1.92%;--awb-spacing-left-medium:1.92%;--awb-width-small:100%;--awb-order-small:0;--awb-spacing-right-small:1.92%;--awb-spacing-left-small:1.92%;\"><div class=\"fusion-column-wrapper fusion-column-has-shadow fusion-flex-justify-content-flex-start fusion-content-layout-column\"><div class=\"fusion-blog-shortcode fusion-blog-shortcode-1 fusion-blog-archive fusion-blog-layout-grid-wrapper fusion-blog-infinite\"><style type=\"text\/css\">.fusion-blog-shortcode-1 .fusion-blog-layout-grid .fusion-post-grid{padding:20px;}.fusion-blog-shortcode-1 .fusion-posts-container{margin-left: -20px !important; margin-right:-20px !important;}<\/style><div class=\"fusion-posts-container fusion-posts-container-infinite fusion-blog-layout-grid fusion-blog-layout-grid-3 isotope\" data-pages=\"7\" data-grid-col-space=\"40\" style=\"margin: -20px -20px 0;min-height:500px;\"><article id=\"blog-1-post-11258\" class=\"fusion-post-grid post-11258 post type-post status-publish format-standard hentry category-non-classifiee\">\n<div class=\"fusion-post-wrapper\" style=\"background-color:rgba(255,255,255,0);border:1px solid #ebeaea;border-bottom-width:3px;\">\n\n<div class=\"fusion-post-content-wrapper\" style=\"padding:30px 25px 20px 25px;\"><div class=\"fusion-post-content post-content\"><h2 class=\"blog-shortcode-post-title entry-title\"><a href=\"https:\/\/www.mydatec.com\/fr\/tutoriels-de-saisie\/\">Tutoriels de saisie RE2020 Mydatec<\/a><\/h2><div class=\"fusion-content-sep sep-double sep-solid\"><\/div><div class=\"fusion-post-content-container\"><p>\u00a0 Vous avez un projet\u00a0neuf\u00a0? La derni\u00e8re g\u00e9n\u00e9ration de VMC MyDATEC ELISAIR est homologu\u00e9e TITRE V\u00a0 s\u2019adapte parfaitement pour votre projet RE2020. Pour vous aider \u00e0 effectuer une simulation, acc\u00e9dez aux tutoriels [...]<\/p><\/div><\/div><div class=\"fusion-meta-info\"><div class=\"fusion-alignleft\"><a class=\"fusion-read-more\" href=\"https:\/\/www.mydatec.com\/fr\/tutoriels-de-saisie\/\" aria-label=\"More on Tutoriels de saisie RE2020 Mydatec\">Lire Plus<\/a><\/div><\/div><\/div><div class=\"fusion-clearfix\"><\/div><\/div>\n<\/article>\n<article id=\"blog-1-post-11136\" class=\"fusion-post-grid post-11136 post type-post status-publish format-standard hentry category-non-classifiee\">\n<div class=\"fusion-post-wrapper\" style=\"background-color:rgba(255,255,255,0);border:1px solid #ebeaea;border-bottom-width:3px;\">\n\n<div class=\"fusion-post-content-wrapper\" style=\"padding:30px 25px 20px 25px;\"><div class=\"fusion-post-content post-content\"><h2 class=\"blog-shortcode-post-title entry-title\"><a href=\"https:\/\/www.mydatec.com\/fr\/nous-serons-presents-au-salon-bepositive-2023\/\">Nous serons pr\u00e9sents au salon BEPOSITIVE 2023<\/a><\/h2><div class=\"fusion-content-sep sep-double sep-solid\"><\/div><div class=\"fusion-post-content-container\"><p>\u00a0<\/p><\/div><\/div><div class=\"fusion-meta-info\"><div class=\"fusion-alignleft\"><a class=\"fusion-read-more\" href=\"https:\/\/www.mydatec.com\/fr\/nous-serons-presents-au-salon-bepositive-2023\/\" aria-label=\"More on Nous serons pr\u00e9sents au salon BEPOSITIVE 2023\">Lire Plus<\/a><\/div><\/div><\/div><div class=\"fusion-clearfix\"><\/div><\/div>\n<\/article>\n<article id=\"blog-1-post-9752\" class=\"fusion-post-grid post-9752 post type-post status-publish format-standard hentry category-non-classifiee\">\n<div class=\"fusion-post-wrapper\" style=\"background-color:rgba(255,255,255,0);border:1px solid #ebeaea;border-bottom-width:3px;\">\n\n<div class=\"fusion-post-content-wrapper\" style=\"padding:30px 25px 20px 25px;\"><div class=\"fusion-post-content post-content\"><h2 class=\"blog-shortcode-post-title entry-title\"><a href=\"https:\/\/www.mydatec.com\/fr\/remplacement-de-votre-vmc-il-est-temps\/\">Remplacement de votre VMC : il est temps !<\/a><\/h2><div class=\"fusion-content-sep sep-double sep-solid\"><\/div><div class=\"fusion-post-content-container\"><p>Un syst\u00e8me vieillissant, une panne ou le besoin d\u2019avoir un syst\u00e8me v\u00e9ritablement optimal : nous avons la solution pour votre remplacement de VMC ! MyDATEC vous propose une offre compl\u00e8te, pr\u00eate-\u00e0-poser avec [...]<\/p><\/div><\/div><div class=\"fusion-meta-info\"><div class=\"fusion-alignleft\"><a class=\"fusion-read-more\" href=\"https:\/\/www.mydatec.com\/fr\/remplacement-de-votre-vmc-il-est-temps\/\" aria-label=\"More on Remplacement de votre VMC : il est temps !\">Lire Plus<\/a><\/div><\/div><\/div><div class=\"fusion-clearfix\"><\/div><\/div>\n<\/article>\n<article id=\"blog-1-post-6530\" class=\"fusion-post-grid post-6530 post type-post status-publish format-standard hentry category-non-classifiee\">\n<div class=\"fusion-post-wrapper\" style=\"background-color:rgba(255,255,255,0);border:1px solid #ebeaea;border-bottom-width:3px;\">\n\n<div class=\"fusion-post-content-wrapper\" style=\"padding:30px 25px 20px 25px;\"><div class=\"fusion-post-content post-content\"><h2 class=\"blog-shortcode-post-title entry-title\"><a href=\"https:\/\/www.mydatec.com\/fr\/participation-au-congres-des-architectes-a-rennes\/\">Participation au Congr\u00e8s des Architectes \u00e0 Rennes<\/a><\/h2><div class=\"fusion-content-sep sep-double sep-solid\"><\/div><div class=\"fusion-post-content-container\"><p>Une partie de l'\u00e9quipe MyDATEC aura le plaisir de vous rencontrer \u00e0 cette occasion. N'h\u00e9sitez pas \u00e0 nous solliciter d\u00e8s \u00e0 pr\u00e9sent ! Pour en savoir plus sur le 51\u00e8me congr\u00e8s des [...]<\/p><\/div><\/div><div class=\"fusion-meta-info\"><div class=\"fusion-alignleft\"><a class=\"fusion-read-more\" href=\"https:\/\/www.mydatec.com\/fr\/participation-au-congres-des-architectes-a-rennes\/\" aria-label=\"More on Participation au Congr\u00e8s des Architectes \u00e0 Rennes\">Lire Plus<\/a><\/div><\/div><\/div><div class=\"fusion-clearfix\"><\/div><\/div>\n<\/article>\n<article id=\"blog-1-post-6526\" class=\"fusion-post-grid post-6526 post type-post status-publish format-standard hentry category-non-classifiee\">\n<div class=\"fusion-post-wrapper\" style=\"background-color:rgba(255,255,255,0);border:1px solid #ebeaea;border-bottom-width:3px;\">\n\n<div class=\"fusion-post-content-wrapper\" style=\"padding:30px 25px 20px 25px;\"><div class=\"fusion-post-content post-content\"><h2 class=\"blog-shortcode-post-title entry-title\"><a href=\"https:\/\/www.mydatec.com\/fr\/premiers-elements-concrets-concernant-la-re-2020\/\">Premiers \u00e9l\u00e9ments concrets concernant la RE 2020<\/a><\/h2><div class=\"fusion-content-sep sep-double sep-solid\"><\/div><div class=\"fusion-post-content-container\"><p>Pour retrouver l'article c'est par ici : Premiers \u00e9l\u00e9ments concrets concernant la RE 2020 - RE B\u00e2timent - R\u00e9glementation Environnementale en France (re-batiment.fr) Nota: ces \u00e9l\u00e9ments sont susceptibles d'\u00e9voluer en fonction des [...]<\/p><\/div><\/div><div class=\"fusion-meta-info\"><div class=\"fusion-alignleft\"><a class=\"fusion-read-more\" href=\"https:\/\/www.mydatec.com\/fr\/premiers-elements-concrets-concernant-la-re-2020\/\" aria-label=\"More on Premiers \u00e9l\u00e9ments concrets concernant la RE 2020\">Lire Plus<\/a><\/div><\/div><\/div><div class=\"fusion-clearfix\"><\/div><\/div>\n<\/article>\n<article id=\"blog-1-post-6521\" class=\"fusion-post-grid post-6521 post type-post status-publish format-standard hentry category-non-classifiee\">\n<div class=\"fusion-post-wrapper\" style=\"background-color:rgba(255,255,255,0);border:1px solid #ebeaea;border-bottom-width:3px;\">\n\n<div class=\"fusion-post-content-wrapper\" style=\"padding:30px 25px 20px 25px;\"><div class=\"fusion-post-content post-content\"><h2 class=\"blog-shortcode-post-title entry-title\"><a href=\"https:\/\/www.mydatec.com\/fr\/nouvelle-actualite-uniclima-cee-evolutions-des-coups-de-pouce\/\">Nouvelle actualit\u00e9 Uniclima : CEE : Evolutions des \u00ab\u00a0coups de pouce\u00a0\u00bb<\/a><\/h2><div class=\"fusion-content-sep sep-double sep-solid\"><\/div><div class=\"fusion-post-content-container\"><p>Retrouvez l'int\u00e9gralit\u00e9 de l'article : Evolutions li\u00e9es aux Coups de Pouce - mai 2021.pdf (ecologie.gouv.fr) Merci \u00e0 Uniclima pour la transmission de ces informations utiles !<\/p><\/div><\/div><div class=\"fusion-meta-info\"><div class=\"fusion-alignleft\"><a class=\"fusion-read-more\" href=\"https:\/\/www.mydatec.com\/fr\/nouvelle-actualite-uniclima-cee-evolutions-des-coups-de-pouce\/\" aria-label=\"More on Nouvelle actualit\u00e9 Uniclima : CEE : Evolutions des \u00ab\u00a0coups de pouce\u00a0\u00bb\">Lire Plus<\/a><\/div><\/div><\/div><div class=\"fusion-clearfix\"><\/div><\/div>\n<\/article>\n<article id=\"blog-1-post-6516\" class=\"fusion-post-grid post-6516 post type-post status-publish format-standard hentry category-non-classifiee\">\n<div class=\"fusion-post-wrapper\" style=\"background-color:rgba(255,255,255,0);border:1px solid #ebeaea;border-bottom-width:3px;\">\n\n<div class=\"fusion-post-content-wrapper\" style=\"padding:30px 25px 20px 25px;\"><div class=\"fusion-post-content post-content\"><h2 class=\"blog-shortcode-post-title entry-title\"><a href=\"https:\/\/www.mydatec.com\/fr\/quelle-ventilation-pour-les-batiments-tertiaires\/\">Quelle ventilation pour les b\u00e2timents tertiaires ?<\/a><\/h2><div class=\"fusion-content-sep sep-double sep-solid\"><\/div><div class=\"fusion-post-content-container\"><p>My DATEC sait proposer des solutions pour tout \u00e9quipement en tertiaire, n'h\u00e9sitez pas \u00e0 nous consulter ! Merci France Air pour cette mine d'informations : Retrouvez donc ci-dessous par typologie de b\u00e2timent [...]<\/p><\/div><\/div><div class=\"fusion-meta-info\"><div class=\"fusion-alignleft\"><a class=\"fusion-read-more\" href=\"https:\/\/www.mydatec.com\/fr\/quelle-ventilation-pour-les-batiments-tertiaires\/\" aria-label=\"More on Quelle ventilation pour les b\u00e2timents tertiaires ?\">Lire Plus<\/a><\/div><\/div><\/div><div class=\"fusion-clearfix\"><\/div><\/div>\n<\/article>\n<article id=\"blog-1-post-6513\" class=\"fusion-post-grid post-6513 post type-post status-publish format-standard hentry category-non-classifiee\">\n<div class=\"fusion-post-wrapper\" style=\"background-color:rgba(255,255,255,0);border:1px solid #ebeaea;border-bottom-width:3px;\">\n\n<div class=\"fusion-post-content-wrapper\" style=\"padding:30px 25px 20px 25px;\"><div class=\"fusion-post-content post-content\"><h2 class=\"blog-shortcode-post-title entry-title\"><a href=\"https:\/\/www.mydatec.com\/fr\/reflexe-mydatec-pour-assurer-un-bon-renouvellement-de-lair-interieur\/\">R\u00e9flexe MyDATEC pour assurer un bon renouvellement de l&rsquo;air int\u00e9rieur<\/a><\/h2><div class=\"fusion-content-sep sep-double sep-solid\"><\/div><div class=\"fusion-post-content-container\"><p>https:\/\/youtu.be\/8b3lhDyVqgk Une vid\u00e9o qui d\u00e9montre le lien entre contamination et mauvais renouvellement de l'air. Pour vous aider \u00e0 assurer un bon renouvellement au sein de votre int\u00e9rieur ayez le r\u00e9flexe MyDATEC ! [...]<\/p><\/div><\/div><div class=\"fusion-meta-info\"><div class=\"fusion-alignleft\"><a class=\"fusion-read-more\" href=\"https:\/\/www.mydatec.com\/fr\/reflexe-mydatec-pour-assurer-un-bon-renouvellement-de-lair-interieur\/\" aria-label=\"More on R\u00e9flexe MyDATEC pour assurer un bon renouvellement de l&rsquo;air int\u00e9rieur\">Lire Plus<\/a><\/div><\/div><\/div><div class=\"fusion-clearfix\"><\/div><\/div>\n<\/article>\n<article id=\"blog-1-post-6507\" class=\"fusion-post-grid post-6507 post type-post status-publish format-standard hentry category-non-classifiee\">\n<div class=\"fusion-post-wrapper\" style=\"background-color:rgba(255,255,255,0);border:1px solid #ebeaea;border-bottom-width:3px;\">\n\n<div class=\"fusion-post-content-wrapper\" style=\"padding:30px 25px 20px 25px;\"><div class=\"fusion-post-content post-content\"><h2 class=\"blog-shortcode-post-title entry-title\"><a href=\"https:\/\/www.mydatec.com\/fr\/actualites-uniclima-le-nouveau-diagnostic-de-performance-energetique\/\">Actualit\u00e9s UNICLIMA = le nouveau diagnostic de performance \u00e9nerg\u00e9tique<\/a><\/h2><div class=\"fusion-content-sep sep-double sep-solid\"><\/div><div class=\"fusion-post-content-container\"><p>3 nouveaux arr\u00eat\u00e9s relatifs au DPE (Diagnostic de Performance Energ\u00e9tiques) des b\u00e2timents ont \u00e9t\u00e9 publi\u00e9s au Journal Officiel du 13 avril 2021. Ils viennent officialiser la r\u00e9forme du DPE sur laquelle Uniclima [...]<\/p><\/div><\/div><div class=\"fusion-meta-info\"><div class=\"fusion-alignleft\"><a class=\"fusion-read-more\" href=\"https:\/\/www.mydatec.com\/fr\/actualites-uniclima-le-nouveau-diagnostic-de-performance-energetique\/\" aria-label=\"More on Actualit\u00e9s UNICLIMA = le nouveau diagnostic de performance \u00e9nerg\u00e9tique\">Lire Plus<\/a><\/div><\/div><\/div><div class=\"fusion-clearfix\"><\/div><\/div>\n<\/article>\n<article id=\"blog-1-post-6491\" class=\"fusion-post-grid post-6491 post type-post status-publish format-standard hentry category-non-classifiee\">\n<div class=\"fusion-post-wrapper\" style=\"background-color:rgba(255,255,255,0);border:1px solid #ebeaea;border-bottom-width:3px;\">\n\n<div class=\"fusion-post-content-wrapper\" style=\"padding:30px 25px 20px 25px;\"><div class=\"fusion-post-content post-content\"><h2 class=\"blog-shortcode-post-title entry-title\"><a href=\"https:\/\/www.mydatec.com\/fr\/fin-de-location-des-passoires-energetiques-dici-2028\/\">Fin de location des \u00ab\u00a0passoires \u00e9nerg\u00e9tiques\u00a0\u00bb d&rsquo;ici 2028<\/a><\/h2><div class=\"fusion-content-sep sep-double sep-solid\"><\/div><div class=\"fusion-post-content-container\"><p>Passoires \u00e9nerg\u00e9tiques : Barbara Pompili et Emmanuelle Wargon pr\u00e9sentent le nouveau diagnostic de performance \u00e9nerg\u00e9tique des logements - Le 16 f\u00e9vrier 2021 Pr\u00e9vue par la loi ELAN promulgu\u00e9e en 2018, la refonte [...]<\/p><\/div><\/div><div class=\"fusion-meta-info\"><div class=\"fusion-alignleft\"><a class=\"fusion-read-more\" href=\"https:\/\/www.mydatec.com\/fr\/fin-de-location-des-passoires-energetiques-dici-2028\/\" aria-label=\"More on Fin de location des \u00ab\u00a0passoires \u00e9nerg\u00e9tiques\u00a0\u00bb d&rsquo;ici 2028\">Lire Plus<\/a><\/div><\/div><\/div><div class=\"fusion-clearfix\"><\/div><\/div>\n<\/article>\n<article id=\"blog-1-post-6476\" class=\"fusion-post-grid post-6476 post type-post status-publish format-standard hentry category-non-classifiee\">\n<div class=\"fusion-post-wrapper\" style=\"background-color:rgba(255,255,255,0);border:1px solid #ebeaea;border-bottom-width:3px;\">\n\n<div class=\"fusion-post-content-wrapper\" style=\"padding:30px 25px 20px 25px;\"><div class=\"fusion-post-content post-content\"><h2 class=\"blog-shortcode-post-title entry-title\"><a href=\"https:\/\/www.mydatec.com\/fr\/reunion-a-theme-en-ligne-comment-installer-soi-meme-son-systeme-de-ventilation\/\">R\u00e9union \u00e0 th\u00e8me en ligne : Comment installer soi-m\u00eame son syst\u00e8me de ventilation?<\/a><\/h2><div class=\"fusion-content-sep sep-double sep-solid\"><\/div><div class=\"fusion-post-content-container\"><p>En partenariat avec Les CASTORS, Thomas Aubin\u00a0, responsable des ventes\u00a0MyDatec, pr\u00e9sentera les\u00a0fondamentaux d\u2019une installation de ventilation\u00a0pour votre construction ou votre r\u00e9novation. Il abordera les mat\u00e9riaux, le mat\u00e9riel et la mise en \u0153uvre. [...]<\/p><\/div><\/div><div class=\"fusion-meta-info\"><div class=\"fusion-alignleft\"><a class=\"fusion-read-more\" href=\"https:\/\/www.mydatec.com\/fr\/reunion-a-theme-en-ligne-comment-installer-soi-meme-son-systeme-de-ventilation\/\" aria-label=\"More on R\u00e9union \u00e0 th\u00e8me en ligne : Comment installer soi-m\u00eame son syst\u00e8me de ventilation?\">Lire Plus<\/a><\/div><\/div><\/div><div class=\"fusion-clearfix\"><\/div><\/div>\n<\/article>\n<article id=\"blog-1-post-6467\" class=\"fusion-post-grid post-6467 post type-post status-publish format-standard hentry category-non-classifiee\">\n<div class=\"fusion-post-wrapper\" style=\"background-color:rgba(255,255,255,0);border:1px solid #ebeaea;border-bottom-width:3px;\">\n\n<div class=\"fusion-post-content-wrapper\" style=\"padding:30px 25px 20px 25px;\"><div class=\"fusion-post-content post-content\"><h2 class=\"blog-shortcode-post-title entry-title\"><a href=\"https:\/\/www.mydatec.com\/fr\/nouvelle-adresse-a-compter-du-23-decembre\/\">Nouvelle adresse \u00e0 compter du 23 d\u00e9cembre&#8230;<\/a><\/h2><div class=\"fusion-content-sep sep-double sep-solid\"><\/div><div class=\"fusion-post-content-container\"><p>D'ici quelques jours, MyDATEC d\u00e9m\u00e9nage ! Retrouvez-nous d\u00e8s 2021 \u00e0 notre nouvelle adresse : 353 rue de la chapelle 69400 GLEIZE. A tr\u00e8s bient\u00f4t pour de nouveaux projets ensemble !<\/p><\/div><\/div><div class=\"fusion-meta-info\"><div class=\"fusion-alignleft\"><a class=\"fusion-read-more\" href=\"https:\/\/www.mydatec.com\/fr\/nouvelle-adresse-a-compter-du-23-decembre\/\" aria-label=\"More on Nouvelle adresse \u00e0 compter du 23 d\u00e9cembre&#8230;\">Lire Plus<\/a><\/div><\/div><\/div><div class=\"fusion-clearfix\"><\/div><\/div>\n<\/article>\n<div class=\"fusion-clearfix\"><\/div><\/div><div class=\"fusion-infinite-scroll-trigger\"><\/div><div class=\"pagination infinite-scroll clearfix\" style=\"display:none;\"><span class=\"current\">1<\/span><a href=\"https:\/\/www.mydatec.com\/fr\/wp-json\/wp\/v2\/pages\/7449\/page\/2\/\" class=\"inactive\">2<\/a><a class=\"pagination-next\" rel=\"next\" href=\"https:\/\/www.mydatec.com\/fr\/wp-json\/wp\/v2\/pages\/7449\/page\/2\/\"><span class=\"page-text\">Suivant<\/span><span class=\"page-next\"><\/span><\/a><\/div><div class=\"fusion-clearfix\"><\/div><\/div><\/div><\/div><\/div><\/div><\/p>\n","protected":false},"excerpt":{"rendered":"","protected":false},"author":6,"featured_media":0,"parent":0,"menu_order":0,"comment_status":"closed","ping_status":"closed","template":"100-width.php","meta":{"footnotes":""},"class_list":["post-7449","page","type-page","status-publish","hentry"],"yoast_head":"<!-- This site is optimized with the Yoast SEO plugin v27.5 - https:\/\/yoast.com\/product\/yoast-seo-wordpress\/ -->\n<title>Actualit\u00e9s<\/title>\n<meta name=\"robots\" content=\"index, follow, max-snippet:-1, max-image-preview:large, max-video-preview:-1\" \/>\n<link rel=\"canonical\" href=\"https:\/\/www.mydatec.com\/fr\/actualites-conseils-vmc\/\" \/>\n<meta property=\"og:locale\" content=\"fr_FR\" \/>\n<meta property=\"og:type\" content=\"article\" \/>\n<meta property=\"og:title\" content=\"Actualit\u00e9s\" \/>\n<meta property=\"og:url\" content=\"https:\/\/www.mydatec.com\/fr\/actualites-conseils-vmc\/\" \/>\n<meta property=\"og:site_name\" content=\"MyDATEC\" \/>\n<meta property=\"article:modified_time\" content=\"2022-01-03T04:23:23+00:00\" \/>\n<meta name=\"twitter:label1\" content=\"Dur\u00e9e de lecture estim\u00e9e\" \/>\n\t<meta name=\"twitter:data1\" content=\"7 minutes\" \/>\n<script type=\"application\/ld+json\" class=\"yoast-schema-graph\">{\"@context\":\"https:\\\/\\\/schema.org\",\"@graph\":[{\"@type\":\"WebPage\",\"@id\":\"https:\\\/\\\/www.mydatec.com\\\/fr\\\/actualites-conseils-vmc\\\/\",\"url\":\"https:\\\/\\\/www.mydatec.com\\\/fr\\\/actualites-conseils-vmc\\\/\",\"name\":\"Actualit\u00e9s\",\"isPartOf\":{\"@id\":\"https:\\\/\\\/www.mydatec.com\\\/fr\\\/#website\"},\"datePublished\":\"2022-01-03T04:22:04+00:00\",\"dateModified\":\"2022-01-03T04:23:23+00:00\",\"breadcrumb\":{\"@id\":\"https:\\\/\\\/www.mydatec.com\\\/fr\\\/actualites-conseils-vmc\\\/#breadcrumb\"},\"inLanguage\":\"fr-FR\",\"potentialAction\":[{\"@type\":\"ReadAction\",\"target\":[\"https:\\\/\\\/www.mydatec.com\\\/fr\\\/actualites-conseils-vmc\\\/\"]}]},{\"@type\":\"BreadcrumbList\",\"@id\":\"https:\\\/\\\/www.mydatec.com\\\/fr\\\/actualites-conseils-vmc\\\/#breadcrumb\",\"itemListElement\":[{\"@type\":\"ListItem\",\"position\":1,\"name\":\"Accueil\",\"item\":\"https:\\\/\\\/www.mydatec.com\\\/fr\\\/\"},{\"@type\":\"ListItem\",\"position\":2,\"name\":\"Actualit\u00e9s\"}]},{\"@type\":\"WebSite\",\"@id\":\"https:\\\/\\\/www.mydatec.com\\\/fr\\\/#website\",\"url\":\"https:\\\/\\\/www.mydatec.com\\\/fr\\\/\",\"name\":\"MyDATEC\",\"description\":\"La solution thermodynamique\",\"publisher\":{\"@id\":\"https:\\\/\\\/www.mydatec.com\\\/fr\\\/#organization\"},\"potentialAction\":[{\"@type\":\"SearchAction\",\"target\":{\"@type\":\"EntryPoint\",\"urlTemplate\":\"https:\\\/\\\/www.mydatec.com\\\/fr\\\/?s={search_term_string}\"},\"query-input\":{\"@type\":\"PropertyValueSpecification\",\"valueRequired\":true,\"valueName\":\"search_term_string\"}}],\"inLanguage\":\"fr-FR\"},{\"@type\":\"Organization\",\"@id\":\"https:\\\/\\\/www.mydatec.com\\\/fr\\\/#organization\",\"name\":\"MyDatec\",\"url\":\"https:\\\/\\\/www.mydatec.com\\\/fr\\\/\",\"logo\":{\"@type\":\"ImageObject\",\"inLanguage\":\"fr-FR\",\"@id\":\"https:\\\/\\\/www.mydatec.com\\\/fr\\\/#\\\/schema\\\/logo\\\/image\\\/\",\"url\":\"https:\\\/\\\/www.mydatec.com\\\/wp-content\\\/uploads\\\/2022\\\/01\\\/logo-mydatec.jpg\",\"contentUrl\":\"https:\\\/\\\/www.mydatec.com\\\/wp-content\\\/uploads\\\/2022\\\/01\\\/logo-mydatec.jpg\",\"width\":434,\"height\":351,\"caption\":\"MyDatec\"},\"image\":{\"@id\":\"https:\\\/\\\/www.mydatec.com\\\/fr\\\/#\\\/schema\\\/logo\\\/image\\\/\"},\"sameAs\":[\"http:\\\/\\\/www.linkedin.com\\\/in\\\/MyDATEC\"]}]}<\/script>\n<!-- \/ Yoast SEO plugin. -->","yoast_head_json":{"title":"Actualit\u00e9s","robots":{"index":"index","follow":"follow","max-snippet":"max-snippet:-1","max-image-preview":"max-image-preview:large","max-video-preview":"max-video-preview:-1"},"canonical":"https:\/\/www.mydatec.com\/fr\/actualites-conseils-vmc\/","og_locale":"fr_FR","og_type":"article","og_title":"Actualit\u00e9s","og_url":"https:\/\/www.mydatec.com\/fr\/actualites-conseils-vmc\/","og_site_name":"MyDATEC","article_modified_time":"2022-01-03T04:23:23+00:00","twitter_misc":{"Dur\u00e9e de lecture estim\u00e9e":"7 minutes"},"schema":{"@context":"https:\/\/schema.org","@graph":[{"@type":"WebPage","@id":"https:\/\/www.mydatec.com\/fr\/actualites-conseils-vmc\/","url":"https:\/\/www.mydatec.com\/fr\/actualites-conseils-vmc\/","name":"Actualit\u00e9s","isPartOf":{"@id":"https:\/\/www.mydatec.com\/fr\/#website"},"datePublished":"2022-01-03T04:22:04+00:00","dateModified":"2022-01-03T04:23:23+00:00","breadcrumb":{"@id":"https:\/\/www.mydatec.com\/fr\/actualites-conseils-vmc\/#breadcrumb"},"inLanguage":"fr-FR","potentialAction":[{"@type":"ReadAction","target":["https:\/\/www.mydatec.com\/fr\/actualites-conseils-vmc\/"]}]},{"@type":"BreadcrumbList","@id":"https:\/\/www.mydatec.com\/fr\/actualites-conseils-vmc\/#breadcrumb","itemListElement":[{"@type":"ListItem","position":1,"name":"Accueil","item":"https:\/\/www.mydatec.com\/fr\/"},{"@type":"ListItem","position":2,"name":"Actualit\u00e9s"}]},{"@type":"WebSite","@id":"https:\/\/www.mydatec.com\/fr\/#website","url":"https:\/\/www.mydatec.com\/fr\/","name":"MyDATEC","description":"La solution thermodynamique","publisher":{"@id":"https:\/\/www.mydatec.com\/fr\/#organization"},"potentialAction":[{"@type":"SearchAction","target":{"@type":"EntryPoint","urlTemplate":"https:\/\/www.mydatec.com\/fr\/?s={search_term_string}"},"query-input":{"@type":"PropertyValueSpecification","valueRequired":true,"valueName":"search_term_string"}}],"inLanguage":"fr-FR"},{"@type":"Organization","@id":"https:\/\/www.mydatec.com\/fr\/#organization","name":"MyDatec","url":"https:\/\/www.mydatec.com\/fr\/","logo":{"@type":"ImageObject","inLanguage":"fr-FR","@id":"https:\/\/www.mydatec.com\/fr\/#\/schema\/logo\/image\/","url":"https:\/\/www.mydatec.com\/wp-content\/uploads\/2022\/01\/logo-mydatec.jpg","contentUrl":"https:\/\/www.mydatec.com\/wp-content\/uploads\/2022\/01\/logo-mydatec.jpg","width":434,"height":351,"caption":"MyDatec"},"image":{"@id":"https:\/\/www.mydatec.com\/fr\/#\/schema\/logo\/image\/"},"sameAs":["http:\/\/www.linkedin.com\/in\/MyDATEC"]}]}},"_links":{"self":[{"href":"https:\/\/www.mydatec.com\/fr\/wp-json\/wp\/v2\/pages\/7449","targetHints":{"allow":["GET"]}}],"collection":[{"href":"https:\/\/www.mydatec.com\/fr\/wp-json\/wp\/v2\/pages"}],"about":[{"href":"https:\/\/www.mydatec.com\/fr\/wp-json\/wp\/v2\/types\/page"}],"author":[{"embeddable":true,"href":"https:\/\/www.mydatec.com\/fr\/wp-json\/wp\/v2\/users\/6"}],"replies":[{"embeddable":true,"href":"https:\/\/www.mydatec.com\/fr\/wp-json\/wp\/v2\/comments?post=7449"}],"version-history":[{"count":5,"href":"https:\/\/www.mydatec.com\/fr\/wp-json\/wp\/v2\/pages\/7449\/revisions"}],"predecessor-version":[{"id":9751,"href":"https:\/\/www.mydatec.com\/fr\/wp-json\/wp\/v2\/pages\/7449\/revisions\/9751"}],"wp:attachment":[{"href":"https:\/\/www.mydatec.com\/fr\/wp-json\/wp\/v2\/media?parent=7449"}],"curies":[{"name":"wp","href":"https:\/\/api.w.org\/{rel}","templated":true}]}}