{"id":6682,"date":"2021-11-27T14:03:00","date_gmt":"2021-11-27T13:03:00","guid":{"rendered":"https:\/\/www.mydatec.com\/?page_id=6682"},"modified":"2023-04-11T15:41:14","modified_gmt":"2023-04-11T14:41:14","slug":"poele-granules","status":"publish","type":"page","link":"https:\/\/www.mydatec.com\/fr\/poele-granules\/","title":{"rendered":"4.1. Po\u00eale \u00e0 granul\u00e9s \/ pellets"},"content":{"rendered":"<p><div class=\"fusion-fullwidth fullwidth-box fusion-builder-row-1 fusion-flex-container nonhundred-percent-fullwidth non-hundred-percent-height-scrolling ctnr-top-h1\" style=\"--awb-border-radius-top-left:0px;--awb-border-radius-top-right:0px;--awb-border-radius-bottom-right:0px;--awb-border-radius-bottom-left:0px;--awb-flex-wrap:wrap;\" ><div class=\"fusion-builder-row fusion-row fusion-flex-align-items-flex-start fusion-flex-justify-content-center fusion-flex-content-wrap\" style=\"max-width:1144px;margin-left: calc(-4% \/ 2 );margin-right: calc(-4% \/ 2 );\"><div class=\"fusion-layout-column fusion_builder_column fusion-builder-column-0 fusion_builder_column_1_2 1_2 fusion-flex-column col-texte\" style=\"--awb-bg-size:cover;--awb-width-large:50%;--awb-margin-top-large:0px;--awb-spacing-right-large:3.84%;--awb-margin-bottom-large:20px;--awb-spacing-left-large:3.84%;--awb-width-medium:100%;--awb-order-medium:0;--awb-spacing-right-medium:1.92%;--awb-spacing-left-medium:1.92%;--awb-width-small:100%;--awb-order-small:0;--awb-spacing-right-small:1.92%;--awb-spacing-left-small:1.92%;\"><div class=\"fusion-column-wrapper fusion-column-has-shadow fusion-flex-justify-content-flex-start fusion-content-layout-column\"><div class=\"fusion-title title fusion-title-1 fusion-sep-none fusion-title-text fusion-title-size-one\" style=\"--awb-margin-top-small:0px;--awb-margin-right-small:0px;--awb-margin-bottom-small:20px;--awb-margin-left-small:0px;\"><h1 class=\"fusion-title-heading title-heading-left\" style=\"margin:0;\">Po\u00eale \u00e0 granul\u00e9s \/ pellets<\/h1><\/div><div class=\"fusion-text fusion-text-1\" style=\"--awb-text-transform:none;\"><p>En hiver lorsque la temp\u00e9rature est particuli\u00e8rement basse, une VMC a besoin d\u2019\u00eatre compl\u00e9t\u00e9e par un<a href=\"https:\/\/www.mydatec.com\/systemes-complementaires-vmc\"><strong> syst\u00e8me de chauffage<\/strong> <\/a>pour <strong>maintenir une temp\u00e9rature int\u00e9rieure suffisamment confortable.<\/strong><br \/>\n\u00c0 ce titre, le po\u00eale \u00e0 granul\u00e9s <a href=\"https:\/\/www.mydatec.com\/qui-sommes-nous\"><strong>MyDATEC<\/strong> <\/a>se pr\u00e9sente comme une solution performante et particuli\u00e8rement \u00e9conome en \u00e9nergie surtout lorsque <strong>la VMC double flux et le po\u00eale \u00e0 granul\u00e9s sont coupl\u00e9s ensemble.<\/strong><\/p>\n<\/div><div class=\"fusion-text fusion-text-2\"><p>Pour t\u00e9l\u00e9charger la fiche compl\u00e8te de la possibilit\u00e9 de redistribution de chaleur, c&rsquo;est par ici : <a href=\"https:\/\/www.mydatec.com\/wp-content\/uploads\/2023\/03\/REDISTRIBUTION-CHALEUR-POELE.pdf\">REDISTRIBUTION CHALEUR POELE<\/a><\/p>\n<\/div><\/div><\/div><div class=\"fusion-layout-column fusion_builder_column fusion-builder-column-1 fusion_builder_column_1_2 1_2 fusion-flex-column col-image\" style=\"--awb-bg-size:cover;--awb-width-large:50%;--awb-margin-top-large:0px;--awb-spacing-right-large:3.84%;--awb-margin-bottom-large:20px;--awb-spacing-left-large:3.84%;--awb-width-medium:100%;--awb-order-medium:0;--awb-spacing-right-medium:1.92%;--awb-spacing-left-medium:1.92%;--awb-width-small:100%;--awb-order-small:0;--awb-spacing-right-small:1.92%;--awb-spacing-left-small:1.92%;\"><div class=\"fusion-column-wrapper fusion-column-has-shadow fusion-flex-justify-content-flex-start fusion-content-layout-column\"><div class=\"fusion-image-element \" style=\"text-align:center;--awb-caption-title-font-family:var(--h2_typography-font-family);--awb-caption-title-font-weight:var(--h2_typography-font-weight);--awb-caption-title-font-style:var(--h2_typography-font-style);--awb-caption-title-size:var(--h2_typography-font-size);--awb-caption-title-transform:var(--h2_typography-text-transform);--awb-caption-title-line-height:var(--h2_typography-line-height);--awb-caption-title-letter-spacing:var(--h2_typography-letter-spacing);\"><span class=\" fusion-imageframe imageframe-none imageframe-1 hover-type-none\"><img decoding=\"async\" width=\"300\" height=\"193\" title=\"20180802_EverestRound Lado Vidro Branca\" src=\"https:\/\/www.mydatec.com\/wp-content\/uploads\/2022\/07\/20180802_EverestRound-Lado-Vidro-Branca-300x193.jpg\" alt class=\"img-responsive wp-image-9614\" srcset=\"https:\/\/www.mydatec.com\/wp-content\/uploads\/2022\/07\/20180802_EverestRound-Lado-Vidro-Branca-200x129.jpg 200w, https:\/\/www.mydatec.com\/wp-content\/uploads\/2022\/07\/20180802_EverestRound-Lado-Vidro-Branca-400x258.jpg 400w, https:\/\/www.mydatec.com\/wp-content\/uploads\/2022\/07\/20180802_EverestRound-Lado-Vidro-Branca-600x386.jpg 600w, https:\/\/www.mydatec.com\/wp-content\/uploads\/2022\/07\/20180802_EverestRound-Lado-Vidro-Branca-800x515.jpg 800w, https:\/\/www.mydatec.com\/wp-content\/uploads\/2022\/07\/20180802_EverestRound-Lado-Vidro-Branca-1200x773.jpg 1200w\" sizes=\"(max-width: 900px) 100vw, (max-width: 640px) 100vw, 600px\" \/><\/span><\/div><\/div><\/div><\/div><\/div><div class=\"fusion-fullwidth fullwidth-box fusion-builder-row-2 fusion-flex-container nonhundred-percent-fullwidth non-hundred-percent-height-scrolling ctnr-img-gauche\" style=\"--awb-border-radius-top-left:0px;--awb-border-radius-top-right:0px;--awb-border-radius-bottom-right:0px;--awb-border-radius-bottom-left:0px;--awb-flex-wrap:wrap;\" ><div class=\"fusion-builder-row fusion-row fusion-flex-align-items-flex-start fusion-flex-justify-content-center fusion-flex-content-wrap\" style=\"max-width:1144px;margin-left: calc(-4% \/ 2 );margin-right: calc(-4% \/ 2 );\"><div class=\"fusion-layout-column fusion_builder_column fusion-builder-column-2 fusion_builder_column_1_1 1_1 fusion-flex-column col-titre\" style=\"--awb-bg-size:cover;--awb-width-large:100%;--awb-margin-top-large:0px;--awb-spacing-right-large:1.92%;--awb-margin-bottom-large:20px;--awb-spacing-left-large:1.92%;--awb-width-medium:100%;--awb-order-medium:0;--awb-spacing-right-medium:1.92%;--awb-spacing-left-medium:1.92%;--awb-width-small:100%;--awb-order-small:0;--awb-spacing-right-small:1.92%;--awb-spacing-left-small:1.92%;\"><div class=\"fusion-column-wrapper fusion-column-has-shadow fusion-flex-justify-content-flex-start fusion-content-layout-column\"><div class=\"fusion-title title fusion-title-2 fusion-sep-none fusion-title-text fusion-title-size-two\" style=\"--awb-margin-top-small:0px;--awb-margin-right-small:0px;--awb-margin-bottom-small:20px;--awb-margin-left-small:0px;\"><h2 class=\"fusion-title-heading title-heading-left\" style=\"margin:0;\">Qu\u2019est-ce qu\u2019un po\u00eale \u00e0 granul\u00e9s ?<\/h2><\/div><div class=\"fusion-title title fusion-title-3 fusion-sep-none fusion-title-text fusion-title-size-three\" style=\"--awb-margin-top-small:0px;--awb-margin-right-small:0px;--awb-margin-bottom-small:20px;--awb-margin-left-small:0px;\"><h3 class=\"fusion-title-heading title-heading-left\" style=\"margin:0;\">D\u00e9finition du po\u00eale \u00e0 pellets<\/h3><\/div><div class=\"fusion-text fusion-text-3\" style=\"--awb-text-transform:none;\"><p>Le po\u00eale \u00e0 granul\u00e9s est un <strong>syst\u00e8me de chauffage utilisant le bois<\/strong> comme combustible. Il est \u00e9galement appel\u00e9 po\u00eale \u00e0 pellets qui signifie \u00ab balles \u00bb ou \u00ab boules \u00bb en anglais.<br \/>\nLes granul\u00e9s sont des petits cylindres compos\u00e9s de r\u00e9sidus de bois s\u00e9ch\u00e9s et compact\u00e9s. De ce fait, ils pr\u00e9sentent <strong>un taux d\u2019humidit\u00e9 particuli\u00e8rement faible<\/strong>, inf\u00e9rieur \u00e0 7%, qui offre un rendement optimis\u00e9. En effet, leur combustion et leur <strong>apport calorifique sont sup\u00e9rieurs \u00e0 celui d\u2019une b\u00fbche.<\/strong><br \/>\nIl existe diff\u00e9rentes tailles de pellets allant de 1 \u00e0 3cm de long et de 0,6 \u00e0 0,9cm de diam\u00e8tre. Ils sont g\u00e9n\u00e9ralement vendus par sac d\u2019une quinzaine de kilos.<\/p>\n<\/div><\/div><\/div><div class=\"fusion-layout-column fusion_builder_column fusion-builder-column-3 fusion_builder_column_1_2 1_2 fusion-flex-column col-image\" style=\"--awb-bg-size:cover;--awb-width-large:50%;--awb-margin-top-large:0px;--awb-spacing-right-large:3.84%;--awb-margin-bottom-large:20px;--awb-spacing-left-large:3.84%;--awb-width-medium:100%;--awb-order-medium:0;--awb-spacing-right-medium:1.92%;--awb-spacing-left-medium:1.92%;--awb-width-small:100%;--awb-order-small:0;--awb-spacing-right-small:1.92%;--awb-spacing-left-small:1.92%;\"><div class=\"fusion-column-wrapper fusion-column-has-shadow fusion-flex-justify-content-flex-start fusion-content-layout-column\"><div class=\"fusion-image-element \" style=\"text-align:center;--awb-caption-title-font-family:var(--h2_typography-font-family);--awb-caption-title-font-weight:var(--h2_typography-font-weight);--awb-caption-title-font-style:var(--h2_typography-font-style);--awb-caption-title-size:var(--h2_typography-font-size);--awb-caption-title-transform:var(--h2_typography-text-transform);--awb-caption-title-line-height:var(--h2_typography-line-height);--awb-caption-title-letter-spacing:var(--h2_typography-letter-spacing);\"><span class=\" fusion-imageframe imageframe-none imageframe-2 hover-type-none\"><img decoding=\"async\" width=\"300\" height=\"193\" title=\"20180802_EverestRound Lado Chapa Preta\" src=\"https:\/\/www.mydatec.com\/wp-content\/uploads\/2022\/07\/20180802_EverestRound-Lado-Chapa-Preta-300x193.jpg\" alt class=\"img-responsive wp-image-9630\" srcset=\"https:\/\/www.mydatec.com\/wp-content\/uploads\/2022\/07\/20180802_EverestRound-Lado-Chapa-Preta-200x129.jpg 200w, https:\/\/www.mydatec.com\/wp-content\/uploads\/2022\/07\/20180802_EverestRound-Lado-Chapa-Preta-400x258.jpg 400w, https:\/\/www.mydatec.com\/wp-content\/uploads\/2022\/07\/20180802_EverestRound-Lado-Chapa-Preta-600x386.jpg 600w, https:\/\/www.mydatec.com\/wp-content\/uploads\/2022\/07\/20180802_EverestRound-Lado-Chapa-Preta-800x515.jpg 800w, https:\/\/www.mydatec.com\/wp-content\/uploads\/2022\/07\/20180802_EverestRound-Lado-Chapa-Preta-1200x773.jpg 1200w\" sizes=\"(max-width: 900px) 100vw, (max-width: 640px) 100vw, 600px\" \/><\/span><\/div><\/div><\/div><div class=\"fusion-layout-column fusion_builder_column fusion-builder-column-4 fusion_builder_column_1_2 1_2 fusion-flex-column col-texte\" style=\"--awb-bg-size:cover;--awb-width-large:50%;--awb-margin-top-large:0px;--awb-spacing-right-large:3.84%;--awb-margin-bottom-large:20px;--awb-spacing-left-large:3.84%;--awb-width-medium:100%;--awb-order-medium:0;--awb-spacing-right-medium:1.92%;--awb-spacing-left-medium:1.92%;--awb-width-small:100%;--awb-order-small:0;--awb-spacing-right-small:1.92%;--awb-spacing-left-small:1.92%;\"><div class=\"fusion-column-wrapper fusion-column-has-shadow fusion-flex-justify-content-flex-start fusion-content-layout-column\"><div class=\"fusion-title title fusion-title-4 fusion-sep-none fusion-title-text fusion-title-size-three\" style=\"--awb-margin-top-small:0px;--awb-margin-right-small:0px;--awb-margin-bottom-small:20px;--awb-margin-left-small:0px;\"><h3 class=\"fusion-title-heading title-heading-left\" style=\"margin:0;\">Les avantages du po\u00eale \u00e0 granul\u00e9s \/ pellets<\/h3><\/div><div class=\"fusion-text fusion-text-4\" style=\"--awb-text-transform:none;\"><p>Par rapport \u00e0 un po\u00eale \u00e0 bois classique, le po\u00eale \u00e0 granul\u00e9s offre plusieurs avantages :<br \/>\n\u25cf<strong> Plus grande diffusion de chaleur<\/strong> : capable de chauffer des surfaces plus grandes pouvant d\u00e9passer les 100m2<br \/>\n\u25cf <strong>Plus fonctionnel<\/strong> : le po\u00eale \u00e0 pellets peut \u00eatre utilis\u00e9 comme chauffage d\u2019appoint ou comme chauffage principal<br \/>\n\u25cf <strong>Chauffe plus rapidement<\/strong> : la mont\u00e9e en temp\u00e9rature est plus rapide<br \/>\n\u25cf<strong> Meilleure combustion<\/strong> : avec leur faible taux d\u2019humidit\u00e9 et leur compression, les granul\u00e9s sont nettement plus performants que les b\u00fbches classiques<br \/>\n\u25cf <strong>Plus performant et plus \u00e9conome en \u00e9nergie<\/strong> : la combustion des granul\u00e9s offre un rendu calorifique sup\u00e9rieur \u00e0 celui des b\u00fbches classiques<br \/>\n\u25cf <strong>Stockage plus simple<\/strong> : les granul\u00e9s prennent moins de place et sont moins salissants que des b\u00fbches<br \/>\n\u25cf Il peut se d\u00e9marrer tout seul, sans l\u2019intervention d\u2019une personne<br \/>\n\u25cf Il peut \u00eatre d\u00e9marr\u00e9 automatiquement par nos VMC Thermodynamiques si la chaleur \u00e9mise par la VMC n\u2019est pas suffisante pour attendre votre consigne de temp\u00e9rature.<br \/>\nPlus globalement, le po\u00eale \u00e0 pellets se pr\u00e9sente comme une solution de chauffage agr\u00e9able et confortable, performante, \u00e9conome et \u00e9cologique.<\/p>\n<\/div><\/div><\/div><\/div><\/div><div class=\"fusion-fullwidth fullwidth-box fusion-builder-row-3 fusion-flex-container nonhundred-percent-fullwidth non-hundred-percent-height-scrolling ctnr-img-droite ctnr-gris\" style=\"--awb-border-radius-top-left:0px;--awb-border-radius-top-right:0px;--awb-border-radius-bottom-right:0px;--awb-border-radius-bottom-left:0px;--awb-flex-wrap:wrap;\" ><div class=\"fusion-builder-row fusion-row fusion-flex-align-items-flex-start fusion-flex-justify-content-center fusion-flex-content-wrap\" style=\"max-width:1144px;margin-left: calc(-4% \/ 2 );margin-right: calc(-4% \/ 2 );\"><div class=\"fusion-layout-column fusion_builder_column fusion-builder-column-5 fusion_builder_column_1_1 1_1 fusion-flex-column col-titre\" style=\"--awb-bg-size:cover;--awb-width-large:100%;--awb-margin-top-large:0px;--awb-spacing-right-large:1.92%;--awb-margin-bottom-large:20px;--awb-spacing-left-large:1.92%;--awb-width-medium:100%;--awb-order-medium:0;--awb-spacing-right-medium:1.92%;--awb-spacing-left-medium:1.92%;--awb-width-small:100%;--awb-order-small:0;--awb-spacing-right-small:1.92%;--awb-spacing-left-small:1.92%;\"><div class=\"fusion-column-wrapper fusion-column-has-shadow fusion-flex-justify-content-flex-start fusion-content-layout-column\"><div class=\"fusion-title title fusion-title-5 fusion-sep-none fusion-title-text fusion-title-size-two\" style=\"--awb-margin-top-small:0px;--awb-margin-right-small:0px;--awb-margin-bottom-small:20px;--awb-margin-left-small:0px;\"><h2 class=\"fusion-title-heading title-heading-left\" style=\"margin:0;\">Le po\u00eale \u00e0 granul\u00e9s MyDATEC<\/h2><\/div><\/div><\/div><div class=\"fusion-layout-column fusion_builder_column fusion-builder-column-6 fusion_builder_column_1_2 1_2 fusion-flex-column col-texte\" style=\"--awb-bg-size:cover;--awb-width-large:50%;--awb-margin-top-large:0px;--awb-spacing-right-large:3.84%;--awb-margin-bottom-large:20px;--awb-spacing-left-large:3.84%;--awb-width-medium:100%;--awb-order-medium:0;--awb-spacing-right-medium:1.92%;--awb-spacing-left-medium:1.92%;--awb-width-small:100%;--awb-order-small:0;--awb-spacing-right-small:1.92%;--awb-spacing-left-small:1.92%;\"><div class=\"fusion-column-wrapper fusion-column-has-shadow fusion-flex-justify-content-flex-start fusion-content-layout-column\"><div class=\"fusion-title title fusion-title-6 fusion-sep-none fusion-title-text fusion-title-size-three\" style=\"--awb-margin-top-small:0px;--awb-margin-right-small:0px;--awb-margin-bottom-small:20px;--awb-margin-left-small:0px;\"><h3 class=\"fusion-title-heading title-heading-left\" style=\"margin:0;\">Les caract\u00e9ristiques du po\u00eale \u00e0 granul\u00e9s \/ pellets MyDATEC<\/h3><\/div><div class=\"fusion-text fusion-text-5\" style=\"--awb-text-transform:none;\"><p>EVEREST et Everest Round (pas les m\u00eames caract\u00e9ristiques). Il faut donc les ajouter + visuels.<\/p>\n<h4>Puissance et consommation<\/h4>\n<p>Il s\u2019agit d\u2019un po\u00eale \u00e0 granul\u00e9s d\u2019une <strong>puissance calorifique nominale de 6,2kW<\/strong> offrant un rendement nominal de 95,1% pour un volume de chauffage de 148m3.<\/p>\n<p><strong>Sa consommation oscille de 0,6 \u00e0 1,4kg\/h<\/strong> et il produit 4,2m3\/h de fum\u00e9es. Le po\u00eale \u00e0 granul\u00e9s MyDATEC dispose d\u2019une capacit\u00e9 de r\u00e9servoir de 22kg lui conf\u00e9rant une autonomie de 16 \u00e0 34h.<\/p>\n<h4>Dimensions et coloris<\/h4>\n<p>Concernant ses dimensions, <strong>le po\u00eale \u00e0 pellets MyDATEC mesure 46cm de large, pour 100cm de haut et 55cm de profondeur<\/strong>. \u00c0 noter que pour des raisons de s\u00e9curit\u00e9, l\u2019arri\u00e8re du po\u00eale doit \u00eatre espac\u00e9 d\u2019au moins 15cm du mur, tandis qu\u2019un espace de 14cm doit \u00eatre laiss\u00e9 de chaque c\u00f4t\u00e9, un 1m au-dessus et 1,5m devant.<\/p>\n<p>Il est disponible en 4 coloris : noir, blanc, bois, bordeaux.<\/p>\n<\/div><\/div><\/div><div class=\"fusion-layout-column fusion_builder_column fusion-builder-column-7 fusion_builder_column_1_2 1_2 fusion-flex-column col-image\" style=\"--awb-bg-size:cover;--awb-width-large:50%;--awb-margin-top-large:0px;--awb-spacing-right-large:3.84%;--awb-margin-bottom-large:20px;--awb-spacing-left-large:3.84%;--awb-width-medium:100%;--awb-order-medium:0;--awb-spacing-right-medium:1.92%;--awb-spacing-left-medium:1.92%;--awb-width-small:100%;--awb-order-small:0;--awb-spacing-right-small:1.92%;--awb-spacing-left-small:1.92%;\"><div class=\"fusion-column-wrapper fusion-column-has-shadow fusion-flex-justify-content-flex-start fusion-content-layout-column\"><div class=\"fusion-image-element \" style=\"text-align:center;--awb-caption-title-font-family:var(--h2_typography-font-family);--awb-caption-title-font-weight:var(--h2_typography-font-weight);--awb-caption-title-font-style:var(--h2_typography-font-style);--awb-caption-title-size:var(--h2_typography-font-size);--awb-caption-title-transform:var(--h2_typography-text-transform);--awb-caption-title-line-height:var(--h2_typography-line-height);--awb-caption-title-letter-spacing:var(--h2_typography-letter-spacing);\"><span class=\" fusion-imageframe imageframe-none imageframe-3 hover-type-none\"><img decoding=\"async\" width=\"800\" height=\"500\" title=\"caracteristique-poele\" src=\"https:\/\/www.mydatec.com\/wp-content\/uploads\/2021\/12\/caracteristique-poele.jpg\" alt class=\"img-responsive wp-image-7143\" srcset=\"https:\/\/www.mydatec.com\/wp-content\/uploads\/2021\/12\/caracteristique-poele-200x125.jpg 200w, https:\/\/www.mydatec.com\/wp-content\/uploads\/2021\/12\/caracteristique-poele-400x250.jpg 400w, https:\/\/www.mydatec.com\/wp-content\/uploads\/2021\/12\/caracteristique-poele-600x375.jpg 600w, https:\/\/www.mydatec.com\/wp-content\/uploads\/2021\/12\/caracteristique-poele.jpg 800w\" sizes=\"(max-width: 900px) 100vw, (max-width: 640px) 100vw, 600px\" \/><\/span><\/div><\/div><\/div><div class=\"fusion-layout-column fusion_builder_column fusion-builder-column-8 fusion_builder_column_1_1 1_1 fusion-flex-column col-texte-last\" style=\"--awb-bg-size:cover;--awb-width-large:100%;--awb-margin-top-large:0px;--awb-spacing-right-large:1.92%;--awb-margin-bottom-large:20px;--awb-spacing-left-large:1.92%;--awb-width-medium:100%;--awb-order-medium:0;--awb-spacing-right-medium:1.92%;--awb-spacing-left-medium:1.92%;--awb-width-small:100%;--awb-order-small:0;--awb-spacing-right-small:1.92%;--awb-spacing-left-small:1.92%;\"><div class=\"fusion-column-wrapper fusion-column-has-shadow fusion-flex-justify-content-flex-start fusion-content-layout-column\"><div class=\"fusion-title title fusion-title-7 fusion-sep-none fusion-title-text fusion-title-size-three\" style=\"--awb-margin-top-small:0px;--awb-margin-right-small:0px;--awb-margin-bottom-small:20px;--awb-margin-left-small:0px;\"><h3 class=\"fusion-title-heading title-heading-left\" style=\"margin:0;\">Les avantages du po\u00eale \u00e0 granul\u00e9s MyDATEC<\/h3><\/div><div class=\"fusion-text fusion-text-6\" style=\"--awb-text-transform:none;\"><p>Chez MyDATEC nous avons con\u00e7u un po\u00eale qui regroupe <strong>les meilleures qualit\u00e9s en mati\u00e8re de performances et de confort<\/strong>.<\/p>\n<p>Notre objectif \u00e9tant que vous puissiez profiter d\u2019un <strong>po\u00eale parfaitement optimis\u00e9<\/strong> pour r\u00e9pondre \u00e0 vos besoins de chauffage.<\/p>\n<p>Qu\u2019il soit <strong>utilis\u00e9 comme chauffage d\u2019appoint ou comme chauffage principal<\/strong>, le po\u00eale \u00e0 pellets MyDATEC vous permet de tirer le meilleur du chauffage \u00e0 bois tout en \u00e9tant le plus \u00e9conome possible.<\/p>\n<p>Pr\u00e9alablement \u00e0 l\u2019installation de la VMC double flux et du po\u00eale \u00e0 granul\u00e9s, nous proposons une <a href=\"https:\/\/www.mydatec.com\/etude-personnalise-aeraulique\"><strong>\u00e9tude a\u00e9raulique personnalis\u00e9e<\/strong><\/a>\u00a0.<\/p>\n<\/div><\/div><\/div><div class=\"fusion-layout-column fusion_builder_column fusion-builder-column-9 fusion_builder_column_1_1 1_1 fusion-flex-column col-texte-last\" style=\"--awb-bg-size:cover;--awb-width-large:100%;--awb-margin-top-large:0px;--awb-spacing-right-large:1.92%;--awb-margin-bottom-large:20px;--awb-spacing-left-large:1.92%;--awb-width-medium:100%;--awb-order-medium:0;--awb-spacing-right-medium:1.92%;--awb-spacing-left-medium:1.92%;--awb-width-small:100%;--awb-order-small:0;--awb-spacing-right-small:1.92%;--awb-spacing-left-small:1.92%;\"><div class=\"fusion-column-wrapper fusion-column-has-shadow fusion-flex-justify-content-flex-start fusion-content-layout-column\"><div class=\"fusion-text fusion-text-7\" style=\"--awb-text-transform:none;\"><h4>VMC double flux et po\u00eale \u00e0 granul\u00e9s<\/h4>\n<p>En tant que produit MyDATEC, <strong>ce po\u00eale \u00e0 granul\u00e9s est compatible avec la VMC double flux et la centrale MyDATEC<\/strong>.<\/p>\n<p>Plus pr\u00e9cis\u00e9ment, une bouche plac\u00e9e au plafond proche du po\u00eale r\u00e9cup\u00e8re une partie de la chaleur \u00e9mise et va directement dans la VMC. De cette fa\u00e7on, la chaleur produite par le po\u00eale est diffus\u00e9e dans le logement \u00e0 travers<a href=\"https:\/\/www.mydatec.com\/vmc-ventilation-mecanique-controlee\"><strong> la VMC<\/strong><\/a>\u00a0 et de fa\u00e7on homog\u00e8ne. Le po\u00eale fonctionne alors comme <strong>un v\u00e9ritable chauffage centra<\/strong>l pour le logement.<\/p>\n<p>De plus, le pilotage par la centrale MyDATEC permet de <strong>d\u00e9clencher et d\u2019arr\u00eater automatiquement le po\u00eale \u00e0 granul\u00e9s<\/strong> en fonction du programme de temp\u00e9rature r\u00e9gl\u00e9 sur la centrale. L\u2019utilisation et la consommation du po\u00eale sont alors optimis\u00e9es et <strong>plus \u00e9co-responsables.<\/strong> Par exemple, le po\u00eale arr\u00eate de fonctionner la nuit et durant les heures o\u00f9 personne n\u2019est pr\u00e9sent dans le logement.<\/p>\n<p>Au final, le pilotage par la centrale MyDATEC permet d\u2019<strong>\u00e9conomiser pr\u00e8s de 40% de granul\u00e9s<\/strong>. Pour une installation optimale, n\u2019h\u00e9sitez pas \u00e0 consulter la page <a href=\"https:\/\/www.mydatec.com\/reglementation-vmc\"><strong><em>R\u00e9glementation VMC<\/em><\/strong><\/a>\u00a0 .<\/p>\n<p>\u00c0 noter que la VMC thermodynamique MyDATEC peut aussi \u00eatre <a href=\"https:\/\/www.mydatec.com\/couplage-vmc-poele-a-bois\"><strong>coupl\u00e9e \u00e0 un po\u00eale \u00e0 b\u00fbches<\/strong><\/a>.<\/p>\n<h4>Performant et durable<\/h4>\n<p>Le po\u00eale \u00e0 pellets MyDATEC offre un <strong>rendement sup\u00e9rieur \u00e0 90%<\/strong>.<\/p>\n<p>Autrement dit, plus de 90% de l\u2019\u00e9nergie consomm\u00e9e lors de la combustion des granul\u00e9s permet de <strong>produire de la chaleur afin de chauffer le logement<\/strong>. Cette performance le rend particuli\u00e8rement efficace, et <strong>notamment lors des p\u00e9riodes de grand froid<\/strong>. Sa puissance calorifique minimale s\u2019\u00e9l\u00e8ve \u00e0 2,5kW tandis qu\u2019il propose une puissance calorifique nominale de 6,2kW.<\/p>\n<p>Le po\u00eale \u00e0 pellets MyDATEC a \u00e9t\u00e9 <strong>con\u00e7u pour durer<\/strong>. En ce sens, sa qualit\u00e9 de fabrication est excellente gr\u00e2ce \u00e0 des mat\u00e9riaux tr\u00e8s solides. Il est \u00e9quip\u00e9 d\u2019un creuset en inox 316.<\/p>\n<p><strong>En couplant la VMC double flux et le po\u00eale \u00e0 granul\u00e9s<\/strong>, le logement sera chauff\u00e9 par le po\u00eale en hiver, tandis que <a href=\"https:\/\/www.mydatec.com\/vmc-ventilation-mecanique-controlee\"><strong>la VMC permettra de rafra\u00eechir le logement en \u00e9t\u00e9.<\/strong><\/a><\/p>\n<h4>Silencieux et confortable<\/h4>\n<p>B\u00e9n\u00e9ficiant d\u2019une <strong>autonomie de 16 \u00e0 34h<\/strong> gr\u00e2ce \u00e0 son r\u00e9servoir d\u2019une capacit\u00e9 de 22kg, le po\u00eale \u00e0 granul\u00e9s n\u2019a pas besoin d\u2019une attention constante. Il suffit de le programmer et de le laisser fonctionner de fa\u00e7on autonome, puis de remettre des granul\u00e9s de temps en temps.<\/p>\n<p>D\u2019un point de vue confort, le po\u00eale MyDATEC est <strong>particuli\u00e8rement silencieux<\/strong>. Il produit une chaleur douce et homog\u00e8ne.<\/p>\n<p>Sans oublier le <strong>confort visuel <\/strong>obtenu gr\u00e2ce aux flammes issues de la combustion des granul\u00e9s. De ce fait, le po\u00eale est id\u00e9al dans un salon et dans n\u2019importe quelle pi\u00e8ce o\u00f9 l\u2019on souhaite cr\u00e9er une ambiance chaleureuse.<\/p>\n<h4>Une solution RT2012<\/h4>\n<p>Un logement se doit de r\u00e9pondre \u00e0 la derni\u00e8re <a href=\"https:\/\/www.mydatec.com\/reglementation-thmique-vmc\"><strong>r\u00e9glementation thermique<\/strong> <\/a>en date. Le po\u00eale \u00e0 pellets est <a href=\"https:\/\/www.mydatec.com\/couplage-vmc-poele-a-bois\"><strong>conforme \u00e0 la RT2012<\/strong><\/a>. De ce fait, il est <strong>compatible comme syst\u00e8me de chauffage pour une nouvelle construction ou un logement ancien r\u00e9nov\u00e9<\/strong>. La norme RT2012 implique un logement plus \u00e9conome en \u00e9nergies et g\u00e9n\u00e9rant moins de CO2.<\/p>\n<p>\u00c0 noter que le po\u00eale \u00e0 granul\u00e9s entre notamment dans la liste des \u00e9quipements \u00e9ligibles \u00e0 <strong>MaPrimeR\u00e9nov<\/strong> qui a remplac\u00e9 le CITE depuis janvier 2021. Plus pr\u00e9cis\u00e9ment, l\u2019installation d\u2019un po\u00eale \u00e0 granul\u00e9 permet d\u2019acc\u00e9der \u00e0 <strong>une prime de 3000\u20ac.<\/strong><\/p>\n<\/div><\/div><\/div><\/div><\/div><div class=\"fusion-fullwidth fullwidth-box fusion-builder-row-4 fusion-flex-container nonhundred-percent-fullwidth non-hundred-percent-height-scrolling ctnr-simple\" style=\"--awb-border-radius-top-left:0px;--awb-border-radius-top-right:0px;--awb-border-radius-bottom-right:0px;--awb-border-radius-bottom-left:0px;--awb-flex-wrap:wrap;\" ><div class=\"fusion-builder-row fusion-row fusion-flex-align-items-center fusion-flex-justify-content-center fusion-flex-content-wrap\" style=\"max-width:1144px;margin-left: calc(-4% \/ 2 );margin-right: calc(-4% \/ 2 );\"><div class=\"fusion-layout-column fusion_builder_column fusion-builder-column-10 fusion_builder_column_1_1 1_1 fusion-flex-column col-inside\" style=\"--awb-bg-size:cover;--awb-width-large:100%;--awb-margin-top-large:0px;--awb-spacing-right-large:1.92%;--awb-margin-bottom-large:20px;--awb-spacing-left-large:1.92%;--awb-width-medium:100%;--awb-order-medium:0;--awb-spacing-right-medium:1.92%;--awb-spacing-left-medium:1.92%;--awb-width-small:100%;--awb-order-small:0;--awb-spacing-right-small:1.92%;--awb-spacing-left-small:1.92%;\"><div class=\"fusion-column-wrapper fusion-column-has-shadow fusion-flex-justify-content-center fusion-content-layout-column\"><div class=\"fusion-text fusion-text-8\" style=\"--awb-text-transform:none;\"><h2>Les autres syst\u00e8mes compatibles avec la VMC double flux MyDATEC<\/h2>\n<p>En plus du syst\u00e8me VMC double flux et po\u00eale \u00e0 granul\u00e9s, MyDATEC propose d\u2019autres assemblages :<\/p>\n<p>\u25cf <a href=\"https:\/\/www.mydatec.com\/couplage-vmc-poele-a-bois\"><strong>VMC double flux et po\u00eale \u00e0 b\u00fbches<\/strong><\/a><br \/>\n\u25cf <a href=\"https:\/\/www.mydatec.com\/puits-canadiens\"><strong>VMC double flux et puit canadien<\/strong><\/a><br \/>\n\u25cf <a href=\"https:\/\/www.mydatec.com\/radiateur-plancher-chauffant-electrique\"><strong>VMC double flux et radiateur et plancher chauffant \u00e9lectrique<\/strong><\/a><\/p>\n<p>Pour de plus amples informations, n\u2019h\u00e9sitez pas \u00e0 nous contacter et \u00e0 demander un devis.<\/p>\n<\/div><\/div><\/div><div class=\"fusion-layout-column fusion_builder_column fusion-builder-column-11 fusion_builder_column_1_1 1_1 fusion-flex-column col-devis-personnalise\" style=\"--awb-bg-size:cover;--awb-width-large:100%;--awb-margin-top-large:0px;--awb-spacing-right-large:1.92%;--awb-margin-bottom-large:20px;--awb-spacing-left-large:1.92%;--awb-width-medium:100%;--awb-order-medium:0;--awb-spacing-right-medium:1.92%;--awb-spacing-left-medium:1.92%;--awb-width-small:100%;--awb-order-small:0;--awb-spacing-right-small:1.92%;--awb-spacing-left-small:1.92%;\"><div class=\"fusion-column-wrapper fusion-column-has-shadow fusion-flex-justify-content-flex-start fusion-content-layout-column\"><\/div><\/div>\n<\/div><\/div><\/p>\n","protected":false},"excerpt":{"rendered":"","protected":false},"author":6,"featured_media":0,"parent":0,"menu_order":0,"comment_status":"closed","ping_status":"closed","template":"100-width.php","meta":{"footnotes":""},"class_list":["post-6682","page","type-page","status-publish","hentry"],"yoast_head":"<!-- This site is optimized with the Yoast SEO plugin v27.5 - https:\/\/yoast.com\/product\/yoast-seo-wordpress\/ -->\n<title>VMC double flux Po\u00eale \u00e0 granul\u00e9s \/ pellets- MyDATEC<\/title>\n<meta name=\"description\" content=\"VMC double flux \/ po\u00eale \u00e0 granul\u00e9s : maintenir une temp\u00e9rature int\u00e9rieure confortable. Solution performante. Tr\u00e8s \u00e9conome en \u00e9nergie\" \/>\n<meta name=\"robots\" content=\"index, follow, max-snippet:-1, max-image-preview:large, max-video-preview:-1\" \/>\n<link rel=\"canonical\" href=\"https:\/\/www.mydatec.com\/fr\/poele-granules\/\" \/>\n<meta property=\"og:locale\" content=\"fr_FR\" \/>\n<meta property=\"og:type\" content=\"article\" \/>\n<meta property=\"og:title\" content=\"VMC double flux Po\u00eale \u00e0 granul\u00e9s \/ pellets- MyDATEC\" \/>\n<meta property=\"og:description\" content=\"VMC double flux \/ po\u00eale \u00e0 granul\u00e9s : maintenir une temp\u00e9rature int\u00e9rieure confortable. Solution performante. Tr\u00e8s \u00e9conome en \u00e9nergie\" \/>\n<meta property=\"og:url\" content=\"https:\/\/www.mydatec.com\/fr\/poele-granules\/\" \/>\n<meta property=\"og:site_name\" content=\"MyDATEC\" \/>\n<meta property=\"article:modified_time\" content=\"2023-04-11T14:41:14+00:00\" \/>\n<meta name=\"twitter:label1\" content=\"Dur\u00e9e de lecture estim\u00e9e\" \/>\n\t<meta name=\"twitter:data1\" content=\"18 minutes\" \/>\n<script type=\"application\/ld+json\" class=\"yoast-schema-graph\">{\"@context\":\"https:\\\/\\\/schema.org\",\"@graph\":[{\"@type\":\"WebPage\",\"@id\":\"https:\\\/\\\/www.mydatec.com\\\/fr\\\/poele-granules\\\/\",\"url\":\"https:\\\/\\\/www.mydatec.com\\\/fr\\\/poele-granules\\\/\",\"name\":\"VMC double flux Po\u00eale \u00e0 granul\u00e9s \\\/ pellets- MyDATEC\",\"isPartOf\":{\"@id\":\"https:\\\/\\\/www.mydatec.com\\\/fr\\\/#website\"},\"datePublished\":\"2021-11-27T13:03:00+00:00\",\"dateModified\":\"2023-04-11T14:41:14+00:00\",\"description\":\"VMC double flux \\\/ po\u00eale \u00e0 granul\u00e9s : maintenir une temp\u00e9rature int\u00e9rieure confortable. Solution performante. Tr\u00e8s \u00e9conome en \u00e9nergie\",\"breadcrumb\":{\"@id\":\"https:\\\/\\\/www.mydatec.com\\\/fr\\\/poele-granules\\\/#breadcrumb\"},\"inLanguage\":\"fr-FR\",\"potentialAction\":[{\"@type\":\"ReadAction\",\"target\":[\"https:\\\/\\\/www.mydatec.com\\\/fr\\\/poele-granules\\\/\"]}]},{\"@type\":\"BreadcrumbList\",\"@id\":\"https:\\\/\\\/www.mydatec.com\\\/fr\\\/poele-granules\\\/#breadcrumb\",\"itemListElement\":[{\"@type\":\"ListItem\",\"position\":1,\"name\":\"Accueil\",\"item\":\"https:\\\/\\\/www.mydatec.com\\\/fr\\\/\"},{\"@type\":\"ListItem\",\"position\":2,\"name\":\"4.1. Po\u00eale \u00e0 granul\u00e9s \\\/ pellets\"}]},{\"@type\":\"WebSite\",\"@id\":\"https:\\\/\\\/www.mydatec.com\\\/fr\\\/#website\",\"url\":\"https:\\\/\\\/www.mydatec.com\\\/fr\\\/\",\"name\":\"MyDATEC\",\"description\":\"La solution thermodynamique\",\"publisher\":{\"@id\":\"https:\\\/\\\/www.mydatec.com\\\/fr\\\/#organization\"},\"potentialAction\":[{\"@type\":\"SearchAction\",\"target\":{\"@type\":\"EntryPoint\",\"urlTemplate\":\"https:\\\/\\\/www.mydatec.com\\\/fr\\\/?s={search_term_string}\"},\"query-input\":{\"@type\":\"PropertyValueSpecification\",\"valueRequired\":true,\"valueName\":\"search_term_string\"}}],\"inLanguage\":\"fr-FR\"},{\"@type\":\"Organization\",\"@id\":\"https:\\\/\\\/www.mydatec.com\\\/fr\\\/#organization\",\"name\":\"MyDatec\",\"url\":\"https:\\\/\\\/www.mydatec.com\\\/fr\\\/\",\"logo\":{\"@type\":\"ImageObject\",\"inLanguage\":\"fr-FR\",\"@id\":\"https:\\\/\\\/www.mydatec.com\\\/fr\\\/#\\\/schema\\\/logo\\\/image\\\/\",\"url\":\"https:\\\/\\\/www.mydatec.com\\\/wp-content\\\/uploads\\\/2022\\\/01\\\/logo-mydatec.jpg\",\"contentUrl\":\"https:\\\/\\\/www.mydatec.com\\\/wp-content\\\/uploads\\\/2022\\\/01\\\/logo-mydatec.jpg\",\"width\":434,\"height\":351,\"caption\":\"MyDatec\"},\"image\":{\"@id\":\"https:\\\/\\\/www.mydatec.com\\\/fr\\\/#\\\/schema\\\/logo\\\/image\\\/\"},\"sameAs\":[\"http:\\\/\\\/www.linkedin.com\\\/in\\\/MyDATEC\"]}]}<\/script>\n<!-- \/ Yoast SEO plugin. -->","yoast_head_json":{"title":"VMC double flux Po\u00eale \u00e0 granul\u00e9s \/ pellets- MyDATEC","description":"VMC double flux \/ po\u00eale \u00e0 granul\u00e9s : maintenir une temp\u00e9rature int\u00e9rieure confortable. Solution performante. Tr\u00e8s \u00e9conome en \u00e9nergie","robots":{"index":"index","follow":"follow","max-snippet":"max-snippet:-1","max-image-preview":"max-image-preview:large","max-video-preview":"max-video-preview:-1"},"canonical":"https:\/\/www.mydatec.com\/fr\/poele-granules\/","og_locale":"fr_FR","og_type":"article","og_title":"VMC double flux Po\u00eale \u00e0 granul\u00e9s \/ pellets- MyDATEC","og_description":"VMC double flux \/ po\u00eale \u00e0 granul\u00e9s : maintenir une temp\u00e9rature int\u00e9rieure confortable. Solution performante. Tr\u00e8s \u00e9conome en \u00e9nergie","og_url":"https:\/\/www.mydatec.com\/fr\/poele-granules\/","og_site_name":"MyDATEC","article_modified_time":"2023-04-11T14:41:14+00:00","twitter_misc":{"Dur\u00e9e de lecture estim\u00e9e":"18 minutes"},"schema":{"@context":"https:\/\/schema.org","@graph":[{"@type":"WebPage","@id":"https:\/\/www.mydatec.com\/fr\/poele-granules\/","url":"https:\/\/www.mydatec.com\/fr\/poele-granules\/","name":"VMC double flux Po\u00eale \u00e0 granul\u00e9s \/ pellets- MyDATEC","isPartOf":{"@id":"https:\/\/www.mydatec.com\/fr\/#website"},"datePublished":"2021-11-27T13:03:00+00:00","dateModified":"2023-04-11T14:41:14+00:00","description":"VMC double flux \/ po\u00eale \u00e0 granul\u00e9s : maintenir une temp\u00e9rature int\u00e9rieure confortable. Solution performante. Tr\u00e8s \u00e9conome en \u00e9nergie","breadcrumb":{"@id":"https:\/\/www.mydatec.com\/fr\/poele-granules\/#breadcrumb"},"inLanguage":"fr-FR","potentialAction":[{"@type":"ReadAction","target":["https:\/\/www.mydatec.com\/fr\/poele-granules\/"]}]},{"@type":"BreadcrumbList","@id":"https:\/\/www.mydatec.com\/fr\/poele-granules\/#breadcrumb","itemListElement":[{"@type":"ListItem","position":1,"name":"Accueil","item":"https:\/\/www.mydatec.com\/fr\/"},{"@type":"ListItem","position":2,"name":"4.1. Po\u00eale \u00e0 granul\u00e9s \/ pellets"}]},{"@type":"WebSite","@id":"https:\/\/www.mydatec.com\/fr\/#website","url":"https:\/\/www.mydatec.com\/fr\/","name":"MyDATEC","description":"La solution thermodynamique","publisher":{"@id":"https:\/\/www.mydatec.com\/fr\/#organization"},"potentialAction":[{"@type":"SearchAction","target":{"@type":"EntryPoint","urlTemplate":"https:\/\/www.mydatec.com\/fr\/?s={search_term_string}"},"query-input":{"@type":"PropertyValueSpecification","valueRequired":true,"valueName":"search_term_string"}}],"inLanguage":"fr-FR"},{"@type":"Organization","@id":"https:\/\/www.mydatec.com\/fr\/#organization","name":"MyDatec","url":"https:\/\/www.mydatec.com\/fr\/","logo":{"@type":"ImageObject","inLanguage":"fr-FR","@id":"https:\/\/www.mydatec.com\/fr\/#\/schema\/logo\/image\/","url":"https:\/\/www.mydatec.com\/wp-content\/uploads\/2022\/01\/logo-mydatec.jpg","contentUrl":"https:\/\/www.mydatec.com\/wp-content\/uploads\/2022\/01\/logo-mydatec.jpg","width":434,"height":351,"caption":"MyDatec"},"image":{"@id":"https:\/\/www.mydatec.com\/fr\/#\/schema\/logo\/image\/"},"sameAs":["http:\/\/www.linkedin.com\/in\/MyDATEC"]}]}},"_links":{"self":[{"href":"https:\/\/www.mydatec.com\/fr\/wp-json\/wp\/v2\/pages\/6682","targetHints":{"allow":["GET"]}}],"collection":[{"href":"https:\/\/www.mydatec.com\/fr\/wp-json\/wp\/v2\/pages"}],"about":[{"href":"https:\/\/www.mydatec.com\/fr\/wp-json\/wp\/v2\/types\/page"}],"author":[{"embeddable":true,"href":"https:\/\/www.mydatec.com\/fr\/wp-json\/wp\/v2\/users\/6"}],"replies":[{"embeddable":true,"href":"https:\/\/www.mydatec.com\/fr\/wp-json\/wp\/v2\/comments?post=6682"}],"version-history":[{"count":5,"href":"https:\/\/www.mydatec.com\/fr\/wp-json\/wp\/v2\/pages\/6682\/revisions"}],"predecessor-version":[{"id":11236,"href":"https:\/\/www.mydatec.com\/fr\/wp-json\/wp\/v2\/pages\/6682\/revisions\/11236"}],"wp:attachment":[{"href":"https:\/\/www.mydatec.com\/fr\/wp-json\/wp\/v2\/media?parent=6682"}],"curies":[{"name":"wp","href":"https:\/\/api.w.org\/{rel}","templated":true}]}}