{"id":6627,"date":"2021-11-27T08:49:41","date_gmt":"2021-11-27T07:49:41","guid":{"rendered":"https:\/\/www.mydatec.com\/?page_id=6627"},"modified":"2022-09-13T18:34:11","modified_gmt":"2022-09-13T17:34:11","slug":"qui-sommes-nous","status":"publish","type":"page","link":"https:\/\/www.mydatec.com\/fr\/qui-sommes-nous\/","title":{"rendered":"A propos"},"content":{"rendered":"<p><div class=\"fusion-fullwidth fullwidth-box fusion-builder-row-1 fusion-flex-container nonhundred-percent-fullwidth non-hundred-percent-height-scrolling ctnr-top-h1\" style=\"--awb-border-radius-top-left:0px;--awb-border-radius-top-right:0px;--awb-border-radius-bottom-right:0px;--awb-border-radius-bottom-left:0px;--awb-flex-wrap:wrap;\" ><div class=\"fusion-builder-row fusion-row fusion-flex-align-items-flex-start fusion-flex-justify-content-center fusion-flex-content-wrap\" style=\"max-width:1144px;margin-left: calc(-4% \/ 2 );margin-right: calc(-4% \/ 2 );\"><div class=\"fusion-layout-column fusion_builder_column fusion-builder-column-0 fusion_builder_column_1_2 1_2 fusion-flex-column col-texte\" style=\"--awb-bg-size:cover;--awb-width-large:50%;--awb-margin-top-large:0px;--awb-spacing-right-large:3.84%;--awb-margin-bottom-large:20px;--awb-spacing-left-large:3.84%;--awb-width-medium:100%;--awb-order-medium:0;--awb-spacing-right-medium:1.92%;--awb-spacing-left-medium:1.92%;--awb-width-small:100%;--awb-order-small:0;--awb-spacing-right-small:1.92%;--awb-spacing-left-small:1.92%;\"><div class=\"fusion-column-wrapper fusion-column-has-shadow fusion-flex-justify-content-flex-start fusion-content-layout-column\"><div class=\"fusion-title title fusion-title-1 fusion-sep-none fusion-title-text fusion-title-size-one\" style=\"--awb-margin-top-small:0px;--awb-margin-right-small:0px;--awb-margin-bottom-small:20px;--awb-margin-left-small:0px;\"><h1 class=\"fusion-title-heading title-heading-left\" style=\"margin:0;\">MyDATEC, fabricant fran\u00e7ais de VMC avec une expertise de plus de 40 ans.<\/h1><\/div><div class=\"fusion-text fusion-text-1\" style=\"--awb-text-transform:none;\"><p>Acteur proactif et innovant dans le domaine des \u00e9nergies renouvelables, MyDATEC est une<strong> entreprise fran\u00e7aise<\/strong> implant\u00e9e dans la r\u00e9gion lyonnaise. C\u2019est aujourd\u2019hui une institution reconnue dans toute l\u2019Europe pour son expertise dans <strong>la conception et l\u2019installation de VMC double flux thermodynamiques.<\/strong><\/p>\n<\/div><\/div><\/div><div class=\"fusion-layout-column fusion_builder_column fusion-builder-column-1 fusion_builder_column_1_2 1_2 fusion-flex-column col-image\" style=\"--awb-bg-size:cover;--awb-width-large:50%;--awb-margin-top-large:0px;--awb-spacing-right-large:3.84%;--awb-margin-bottom-large:20px;--awb-spacing-left-large:3.84%;--awb-width-medium:100%;--awb-order-medium:0;--awb-spacing-right-medium:1.92%;--awb-spacing-left-medium:1.92%;--awb-width-small:100%;--awb-order-small:0;--awb-spacing-right-small:1.92%;--awb-spacing-left-small:1.92%;\"><div class=\"fusion-column-wrapper fusion-column-has-shadow fusion-flex-justify-content-flex-start fusion-content-layout-column\"><div class=\"fusion-image-element \" style=\"text-align:center;--awb-caption-title-font-family:var(--h2_typography-font-family);--awb-caption-title-font-weight:var(--h2_typography-font-weight);--awb-caption-title-font-style:var(--h2_typography-font-style);--awb-caption-title-size:var(--h2_typography-font-size);--awb-caption-title-transform:var(--h2_typography-text-transform);--awb-caption-title-line-height:var(--h2_typography-line-height);--awb-caption-title-letter-spacing:var(--h2_typography-letter-spacing);\"><span class=\" fusion-imageframe imageframe-none imageframe-1 hover-type-none\"><img decoding=\"async\" width=\"800\" height=\"500\" title=\"Logo-MyDATEC\" src=\"https:\/\/www.mydatec.com\/wp-content\/uploads\/2021\/12\/Logo-MyDATEC.jpg\" alt class=\"img-responsive wp-image-7069\" srcset=\"https:\/\/www.mydatec.com\/wp-content\/uploads\/2021\/12\/Logo-MyDATEC-200x125.jpg 200w, https:\/\/www.mydatec.com\/wp-content\/uploads\/2021\/12\/Logo-MyDATEC-400x250.jpg 400w, https:\/\/www.mydatec.com\/wp-content\/uploads\/2021\/12\/Logo-MyDATEC-600x375.jpg 600w, https:\/\/www.mydatec.com\/wp-content\/uploads\/2021\/12\/Logo-MyDATEC.jpg 800w\" sizes=\"(max-width: 900px) 100vw, (max-width: 640px) 100vw, 600px\" \/><\/span><\/div><\/div><\/div><\/div><\/div><div class=\"fusion-fullwidth fullwidth-box fusion-builder-row-2 fusion-flex-container nonhundred-percent-fullwidth non-hundred-percent-height-scrolling ctnr-img-gauche\" style=\"--awb-border-radius-top-left:0px;--awb-border-radius-top-right:0px;--awb-border-radius-bottom-right:0px;--awb-border-radius-bottom-left:0px;--awb-flex-wrap:wrap;\" ><div class=\"fusion-builder-row fusion-row fusion-flex-align-items-flex-start fusion-flex-justify-content-center fusion-flex-content-wrap\" style=\"max-width:1144px;margin-left: calc(-4% \/ 2 );margin-right: calc(-4% \/ 2 );\"><div class=\"fusion-layout-column fusion_builder_column fusion-builder-column-2 fusion_builder_column_1_1 1_1 fusion-flex-column col-titre\" style=\"--awb-bg-size:cover;--awb-width-large:100%;--awb-margin-top-large:0px;--awb-spacing-right-large:1.92%;--awb-margin-bottom-large:20px;--awb-spacing-left-large:1.92%;--awb-width-medium:100%;--awb-order-medium:0;--awb-spacing-right-medium:1.92%;--awb-spacing-left-medium:1.92%;--awb-width-small:100%;--awb-order-small:0;--awb-spacing-right-small:1.92%;--awb-spacing-left-small:1.92%;\"><div class=\"fusion-column-wrapper fusion-column-has-shadow fusion-flex-justify-content-flex-start fusion-content-layout-column\"><div class=\"fusion-text fusion-text-2\" style=\"--awb-text-transform:none;\"><p>Fabricant fran\u00e7ais depuis plus de 40 ans, MyDATEC est tr\u00e8s en avance sur un secteur du b\u00e2timent en pleine mutation ainsi que sur les nouvelles r\u00e9glementations thermiques.<br \/>\nImplant\u00e9e dans le d\u00e9partement du Rh\u00f4ne \u00e0 20 min de Lyon, \u00e0 Gleiz\u00e9, MyDATEC, s\u2019efforce de bien conseiller ses clients, s\u2019adapte \u00e0 leurs exigences et leur propose leur meilleur compromis entre qualit\u00e9 d\u2019air int\u00e9rieur &#8211; confort en toutes saisons &#8211; \u00e9conomie d&rsquo;\u00e9nergies.<\/p>\n<\/div><div class=\"fusion-text fusion-text-3\" style=\"--awb-text-transform:none;\"><p>En recherche constante d\u2019innovation, l\u2019entreprise am\u00e9liore r\u00e9guli\u00e8rement ses syst\u00e8mes en termes de performance, de r\u00e9gulation et de connexion vers d\u2019autres syst\u00e8mes compl\u00e9mentaires pour r\u00e9pondre \u00e0 multitudes de projets de constructions.<\/p>\n<p>La technologie d\u00e9velopp\u00e9e par cette entreprise offre <strong>un syst\u00e8me 3 en 1<\/strong> qui permet en un seul appareil de pouvoir \u00e0 la fois :<\/p>\n<ul>\n<li>Ventiler \/ Purifier<\/li>\n<li>Chauffer<\/li>\n<li>Rafra\u00eechir<\/li>\n<\/ul>\n<p>les locaux professionnels ou habitations en continu et de mani\u00e8re automatique.<\/p>\n<p>MyDATEC c\u2019est aussi un floril\u00e8ge de syst\u00e8mes compl\u00e9mentaires et de services propos\u00e9s par des experts qui suivent les <strong>projets de<\/strong> <strong>de A \u00e0 Z<\/strong>.<\/p>\n<p>Les <strong>domaines d\u2019applications\u00a0<\/strong> sont les suivants\u00a0:<\/p>\n<ul>\n<li>Les maisons individuelles (neuf et r\u00e9novation)<\/li>\n<li>Le petit tertiaire (\u00e9coles, cr\u00e8ches, mairies, cabinets m\u00e9dicaux, bureaux etc\u2026)<\/li>\n<li>Le remplacement d&rsquo;anciens syst\u00e8mes de VMC double flux et pompe \u00e0 chaleur sur air extrait obsol\u00e8tes (A\u00e9roplast, Comela, De Dietrich, REA, ELGE, Jacray\u2019s, Nather, etc\u2026)<\/li>\n<\/ul>\n<p>lien applications<\/p>\n<\/div><\/div><\/div><div class=\"fusion-layout-column fusion_builder_column fusion-builder-column-3 fusion_builder_column_1_2 1_2 fusion-flex-column col-image\" style=\"--awb-bg-size:cover;--awb-width-large:50%;--awb-margin-top-large:0px;--awb-spacing-right-large:3.84%;--awb-margin-bottom-large:20px;--awb-spacing-left-large:3.84%;--awb-width-medium:100%;--awb-order-medium:0;--awb-spacing-right-medium:1.92%;--awb-spacing-left-medium:1.92%;--awb-width-small:100%;--awb-order-small:0;--awb-spacing-right-small:1.92%;--awb-spacing-left-small:1.92%;\"><div class=\"fusion-column-wrapper fusion-column-has-shadow fusion-flex-justify-content-flex-start fusion-content-layout-column\"><div class=\"fusion-image-element \" style=\"text-align:center;--awb-caption-title-font-family:var(--h2_typography-font-family);--awb-caption-title-font-weight:var(--h2_typography-font-weight);--awb-caption-title-font-style:var(--h2_typography-font-style);--awb-caption-title-size:var(--h2_typography-font-size);--awb-caption-title-transform:var(--h2_typography-text-transform);--awb-caption-title-line-height:var(--h2_typography-line-height);--awb-caption-title-letter-spacing:var(--h2_typography-letter-spacing);\"><span class=\" fusion-imageframe imageframe-none imageframe-2 hover-type-none\"><img decoding=\"async\" width=\"800\" height=\"500\" title=\"ServicesMydatec\" src=\"https:\/\/www.mydatec.com\/wp-content\/uploads\/2021\/12\/ServicesMydatec.jpg\" alt class=\"img-responsive wp-image-7078\" srcset=\"https:\/\/www.mydatec.com\/wp-content\/uploads\/2021\/12\/ServicesMydatec-200x125.jpg 200w, https:\/\/www.mydatec.com\/wp-content\/uploads\/2021\/12\/ServicesMydatec-400x250.jpg 400w, https:\/\/www.mydatec.com\/wp-content\/uploads\/2021\/12\/ServicesMydatec-600x375.jpg 600w, https:\/\/www.mydatec.com\/wp-content\/uploads\/2021\/12\/ServicesMydatec.jpg 800w\" sizes=\"(max-width: 900px) 100vw, (max-width: 640px) 100vw, 600px\" \/><\/span><\/div><\/div><\/div><div class=\"fusion-layout-column fusion_builder_column fusion-builder-column-4 fusion_builder_column_1_2 1_2 fusion-flex-column col-texte\" style=\"--awb-bg-size:cover;--awb-width-large:50%;--awb-margin-top-large:0px;--awb-spacing-right-large:3.84%;--awb-margin-bottom-large:20px;--awb-spacing-left-large:3.84%;--awb-width-medium:100%;--awb-order-medium:0;--awb-spacing-right-medium:1.92%;--awb-spacing-left-medium:1.92%;--awb-width-small:100%;--awb-order-small:0;--awb-spacing-right-small:1.92%;--awb-spacing-left-small:1.92%;\"><div class=\"fusion-column-wrapper fusion-column-has-shadow fusion-flex-justify-content-flex-start fusion-content-layout-column\"><div class=\"fusion-title title fusion-title-2 fusion-sep-none fusion-title-text fusion-title-size-three\" style=\"--awb-margin-top-small:0px;--awb-margin-right-small:0px;--awb-margin-bottom-small:20px;--awb-margin-left-small:0px;\"><h3 class=\"fusion-title-heading title-heading-left\" style=\"margin:0;\">Un service clef en main<\/h3><\/div><div class=\"fusion-text fusion-text-4\" style=\"--awb-text-transform:none;\"><p>B\u00e9n\u00e9ficiez d\u2019un accompagnement global de votre projet :<\/p>\n<ol>\n<li><strong>Projet neuf ou existant, un accompagnement d\u00e9di\u00e9<\/strong> :<\/li>\n<\/ol>\n<p>Si votre projet est neuf, il est soumis \u00e0 la r\u00e9glementation thermique en vigueur. Nous aidons le bureau d\u2019\u00e9tude pour saisir nos syst\u00e8mes dans leur logiciels gr\u00e2ce \u00e0 des tutoriels.<\/p>\n<p>Si le projet est existant, nous vous conseillons par rapport \u00e0 nos retours terrain et notre exp\u00e9rience de 40 ans.<\/p>\n<ol start=\"2\">\n<li><strong>Explications et conseils personnalis\u00e9s<\/strong> : nous vous accompagnons sur la meilleure solution selon vos exigences, votre situation g\u00e9ographique et la performance en termes d\u2019isolation et d\u2019\u00e9tanch\u00e9it\u00e9 de votre b\u00e2timent.<\/li>\n<li><strong>L\u2019\u00e9tude a\u00e9raulique personnalis\u00e9e<\/strong> de votre VMC double flux thermodynamique en fonction des plans que vous nous aurez transmis.<\/li>\n<li><strong>Un kit pr\u00eat \u00e0 poser<\/strong> pour l\u2019ensemble des gaines, caissons de r\u00e9partition, bouches et accessoires a\u00e9rauliques<\/li>\n<li><strong>Formation<\/strong> de votre installateur local ou envoi vers un installateur partenaire<\/li>\n<li><strong>Aide \u00e0 la mise en service<\/strong><\/li>\n<li><strong>SAV et pi\u00e8ces d\u00e9tach\u00e9es <\/strong>disponibles rapidement<\/li>\n<li><strong>Entretien VMC et filtres<\/strong> Abonnements disponibles pour ne pas oublier de les changer r\u00e9guli\u00e8rement pour une efficacit\u00e9 optimale de votre VMC<\/li>\n<li><strong> La Garantie MyDATEC <\/strong>est de deux ans<\/li>\n<\/ol>\n<\/div><\/div><\/div><\/div><\/div><div class=\"fusion-fullwidth fullwidth-box fusion-builder-row-3 fusion-flex-container nonhundred-percent-fullwidth non-hundred-percent-height-scrolling ctnr-simple ctnr-gris\" style=\"--awb-border-radius-top-left:0px;--awb-border-radius-top-right:0px;--awb-border-radius-bottom-right:0px;--awb-border-radius-bottom-left:0px;--awb-flex-wrap:wrap;\" ><div class=\"fusion-builder-row fusion-row fusion-flex-align-items-center fusion-flex-justify-content-center fusion-flex-content-wrap\" style=\"max-width:1144px;margin-left: calc(-4% \/ 2 );margin-right: calc(-4% \/ 2 );\"><div class=\"fusion-layout-column fusion_builder_column fusion-builder-column-5 fusion_builder_column_1_1 1_1 fusion-flex-column col-inside\" style=\"--awb-bg-size:cover;--awb-width-large:100%;--awb-margin-top-large:0px;--awb-spacing-right-large:1.92%;--awb-margin-bottom-large:20px;--awb-spacing-left-large:1.92%;--awb-width-medium:100%;--awb-order-medium:0;--awb-spacing-right-medium:1.92%;--awb-spacing-left-medium:1.92%;--awb-width-small:100%;--awb-order-small:0;--awb-spacing-right-small:1.92%;--awb-spacing-left-small:1.92%;\"><div class=\"fusion-column-wrapper fusion-column-has-shadow fusion-flex-justify-content-center fusion-content-layout-column\"><div class=\"fusion-title title fusion-title-3 fusion-sep-none fusion-title-text fusion-title-size-two\" style=\"--awb-margin-top-small:0px;--awb-margin-right-small:0px;--awb-margin-bottom-small:20px;--awb-margin-left-small:0px;\"><h2 class=\"fusion-title-heading title-heading-left\" style=\"margin:0;\">MyDATEC, c\u2019est une histoire qui dure<\/h2><\/div><div class=\"fusion-text fusion-text-5\" style=\"--awb-text-transform:none;\"><p>L\u2019aventure a commenc\u00e9 en 1976. Depuis, MyDATEC est devenu <strong>le sp\u00e9cialiste de la pompe \u00e0 chaleur sur air extrait<\/strong>. Prenons quelques lignes pour retracer le d\u00e9veloppement de l\u2019entreprise depuis sa cr\u00e9ation.<\/p>\n<p><strong>\u00a0<\/strong>&#8211;\u00a0\u00a0\u00a0\u00a0\u00a0\u00a0\u00a0 <strong>1976<\/strong> : Le d\u00e9but de l\u2019aventure commence avec la cr\u00e9ation de la soci\u00e9t\u00e9 GAC par Xavier Faurite et Alain Berthier. Ils sont tous les deux sp\u00e9cialis\u00e9s dans la distribution d\u2019\u00e9quipements dans les \u00e9conomies d\u2019\u00e9nergies. Les premiers produits pr\u00e9sent\u00e9s sont des capteurs solaires, des c\u00e2bles chauffants \u00e9lectriques et des pompes \u00e0 chaleur.<\/p>\n<p>&#8211;\u00a0\u00a0\u00a0\u00a0\u00a0\u00a0\u00a0 <strong>1980-2000<\/strong> : L\u2019entreprise se d\u00e9veloppe et se sp\u00e9cialise dans les pompes \u00e0 chaleur sur air extrait. Pendant 20 ans, nous assistons au d\u00e9veloppement de cette technologie.<\/p>\n<p>&#8211;\u00a0\u00a0\u00a0\u00a0\u00a0\u00a0\u00a0 <strong>2000 <\/strong>: Le d\u00e9veloppement se poursuit en tant que pionnier de la VMC double flux thermodynamique. GAC lance la marque DATEC et d\u00e9pose par la m\u00eame occasion la marque \u00ab VMC Thermodynamique \u00bb.<\/p>\n<p>&#8211;\u00a0\u00a0\u00a0\u00a0\u00a0\u00a0\u00a0 <strong>2009 <\/strong>: Cette ann\u00e9e marque le lancement du nouveau mod\u00e8le DATEC RT.<\/p>\n<p>&#8211;\u00a0\u00a0\u00a0\u00a0\u00a0\u00a0\u00a0 <strong>2010 <\/strong>: Le cap des 4 000 machines install\u00e9es en France est franchi.<\/p>\n<p>&#8211;\u00a0\u00a0\u00a0\u00a0\u00a0\u00a0\u00a0 <strong>2011 <\/strong>: La marque DATEC change nom pour devenir MyDATEC<\/p>\n<p>&#8211;\u00a0\u00a0\u00a0\u00a0\u00a0\u00a0\u00a0 <strong>2012 : <\/strong>MyDATEC se lance dans la refonte de son image dans une qu\u00eate de modernisation. Son nouveau logo appara\u00eet.<\/p>\n<p>&#8211;\u00a0\u00a0\u00a0\u00a0\u00a0\u00a0\u00a0 <strong>2013 : <\/strong>MyDATEC obtient le titre V pour ses machines. La proc\u00e9dure dite de titre V est un v\u00e9ritable atout pour les entreprises traitant le chaud et le froid.<\/p>\n<p>&#8211;\u00a0\u00a0\u00a0\u00a0\u00a0\u00a0\u00a0 <strong>2014 :<\/strong> MyDATEC lance SMART, la nouvelle gamme de machines \u00ab intelligentes \u00bb.<\/p>\n<p>&#8211;\u00a0\u00a0\u00a0\u00a0\u00a0\u00a0\u00a0 <strong>2017 :<\/strong> Les syst\u00e8mes compl\u00e9mentaires sont int\u00e9gr\u00e9s au catalogue<\/p>\n<p>&#8211;\u00a0\u00a0\u00a0\u00a0\u00a0\u00a0\u00a0 <strong>2020 :<\/strong> Les VMC sont d\u00e9sormais pilotables \u00e0 distance<\/p>\n<p>&#8211;\u00a0\u00a0\u00a0\u00a0\u00a0\u00a0\u00a0 <strong>2021 :<\/strong> D\u00e9m\u00e9nagement du si\u00e8ge de la soci\u00e9t\u00e9 \u00e0 Gleiz\u00e9 (69)<\/p>\n<p>Une chose est s\u00fbre, il nous reste encore de belles ann\u00e9es pour continuer d&rsquo;\u00e9crire notre histoire.<\/p>\n<\/div><div class=\"fusion-image-element \" style=\"text-align:center;--awb-caption-title-font-family:var(--h2_typography-font-family);--awb-caption-title-font-weight:var(--h2_typography-font-weight);--awb-caption-title-font-style:var(--h2_typography-font-style);--awb-caption-title-size:var(--h2_typography-font-size);--awb-caption-title-transform:var(--h2_typography-text-transform);--awb-caption-title-line-height:var(--h2_typography-line-height);--awb-caption-title-letter-spacing:var(--h2_typography-letter-spacing);\"><span class=\" fusion-imageframe imageframe-none imageframe-3 hover-type-none\"><img decoding=\"async\" width=\"800\" height=\"500\" title=\"formation\" src=\"https:\/\/www.mydatec.com\/wp-content\/uploads\/2021\/12\/formation.jpg\" alt class=\"img-responsive wp-image-7082\" srcset=\"https:\/\/www.mydatec.com\/wp-content\/uploads\/2021\/12\/formation-200x125.jpg 200w, https:\/\/www.mydatec.com\/wp-content\/uploads\/2021\/12\/formation-400x250.jpg 400w, https:\/\/www.mydatec.com\/wp-content\/uploads\/2021\/12\/formation-600x375.jpg 600w, https:\/\/www.mydatec.com\/wp-content\/uploads\/2021\/12\/formation.jpg 800w\" sizes=\"(max-width: 900px) 100vw, (max-width: 640px) 100vw, 800px\" \/><\/span><\/div><\/div><\/div><\/div><\/div><div class=\"fusion-fullwidth fullwidth-box fusion-builder-row-4 fusion-flex-container nonhundred-percent-fullwidth non-hundred-percent-height-scrolling ctnr-img-droite\" style=\"--awb-border-radius-top-left:0px;--awb-border-radius-top-right:0px;--awb-border-radius-bottom-right:0px;--awb-border-radius-bottom-left:0px;--awb-flex-wrap:wrap;\" ><div class=\"fusion-builder-row fusion-row fusion-flex-align-items-flex-start fusion-flex-justify-content-center fusion-flex-content-wrap\" style=\"max-width:1144px;margin-left: calc(-4% \/ 2 );margin-right: calc(-4% \/ 2 );\"><div class=\"fusion-layout-column fusion_builder_column fusion-builder-column-6 fusion_builder_column_1_1 1_1 fusion-flex-column col-titre\" style=\"--awb-bg-size:cover;--awb-width-large:100%;--awb-margin-top-large:0px;--awb-spacing-right-large:1.92%;--awb-margin-bottom-large:20px;--awb-spacing-left-large:1.92%;--awb-width-medium:100%;--awb-order-medium:0;--awb-spacing-right-medium:1.92%;--awb-spacing-left-medium:1.92%;--awb-width-small:100%;--awb-order-small:0;--awb-spacing-right-small:1.92%;--awb-spacing-left-small:1.92%;\"><div class=\"fusion-column-wrapper fusion-column-has-shadow fusion-flex-justify-content-flex-start fusion-content-layout-column\"><div class=\"fusion-title title fusion-title-4 fusion-sep-none fusion-title-text fusion-title-size-two\" style=\"--awb-margin-top-small:0px;--awb-margin-right-small:0px;--awb-margin-bottom-small:20px;--awb-margin-left-small:0px;\"><h2 class=\"fusion-title-heading title-heading-left\" style=\"margin:0;\">MyDATEC poss\u00e8de un r\u00e9seau d\u2019installateur s de VMC pour \u00eatre s\u00fbr d\u2019en avoir un pr\u00e8s de chez vous<\/h2><\/div><div class=\"fusion-text fusion-text-6\" style=\"--awb-text-transform:none;\"><p>MyDATEC a mis en place un r\u00e9seau d\u2019installateurs pour garantir des services de qualit\u00e9 en ligne avec son expertise de plus de 3 d\u00e9cennies. Notre r\u00e9ussite est aussi due au fait de savoir bien s\u2019entourer nous avons su \u00eatre accompagn\u00e9s par <a href=\"https:\/\/www.mydatec.com\/trouver-un-installateur\/\">des partenaires de qualit\u00e9<\/a> : architectes, ma\u00eetres d\u2019\u0153uvres, bureaux d\u2019\u00e9tudes, des constructeurs de maisons individuelles, et des professionnels du b\u00e2timent entre autres.<\/p>\n<\/div><\/div><\/div><div class=\"fusion-layout-column fusion_builder_column fusion-builder-column-7 fusion_builder_column_1_1 1_1 fusion-flex-column col-texte\" style=\"--awb-bg-size:cover;--awb-width-large:100%;--awb-margin-top-large:0px;--awb-spacing-right-large:1.92%;--awb-margin-bottom-large:20px;--awb-spacing-left-large:1.92%;--awb-width-medium:100%;--awb-order-medium:0;--awb-spacing-right-medium:1.92%;--awb-spacing-left-medium:1.92%;--awb-width-small:100%;--awb-order-small:0;--awb-spacing-right-small:1.92%;--awb-spacing-left-small:1.92%;\"><div class=\"fusion-column-wrapper fusion-column-has-shadow fusion-flex-justify-content-flex-start fusion-content-layout-column\"><div class=\"fusion-title title fusion-title-5 fusion-sep-none fusion-title-text fusion-title-size-three\" style=\"--awb-margin-top-small:0px;--awb-margin-right-small:0px;--awb-margin-bottom-small:20px;--awb-margin-left-small:0px;\"><h3 class=\"fusion-title-heading title-heading-left\" style=\"margin:0;\">Avec 95% de taux de satisfaction client, allez voir nos t\u00e9moignages<\/h3><\/div><div class=\"fusion-text fusion-text-7\" style=\"--awb-text-transform:none;\"><p>Afin de vous apporter l&rsquo;exp\u00e9rience d\u2019utilisateurs des services MyDATEC, nous avons mis en place des vid\u00e9os t\u00e9moignages de nos clients. Qui de mieux que des clients pour vous parler de nos installations. Des exp\u00e9riences sur des maisons neuves \u00e0 de la r\u00e9novation, consultez les diff\u00e9rents t\u00e9moignages de nos clients ici :<\/p>\n<\/div><div ><a class=\"fusion-button button-flat fusion-button-default-size button-default fusion-button-default button-1 fusion-button-default-span fusion-button-default-type\" target=\"_blank\" rel=\"noopener noreferrer\" href=\"https:\/\/www.mydatec.com\/temoignages-videos-vmc\/\"><span class=\"fusion-button-text awb-button__text awb-button__text--default\">Les diff\u00e9rents t\u00e9moignages<\/span><\/a><\/div><\/div><\/div><\/div><\/div><div class=\"fusion-fullwidth fullwidth-box fusion-builder-row-5 fusion-flex-container nonhundred-percent-fullwidth non-hundred-percent-height-scrolling ctnr-simple ctnr-gris\" style=\"--awb-border-radius-top-left:0px;--awb-border-radius-top-right:0px;--awb-border-radius-bottom-right:0px;--awb-border-radius-bottom-left:0px;--awb-flex-wrap:wrap;\" ><div class=\"fusion-builder-row fusion-row fusion-flex-align-items-center fusion-flex-justify-content-center fusion-flex-content-wrap\" style=\"max-width:1144px;margin-left: calc(-4% \/ 2 );margin-right: calc(-4% \/ 2 );\"><div class=\"fusion-layout-column fusion_builder_column fusion-builder-column-8 fusion_builder_column_1_1 1_1 fusion-flex-column col-inside\" style=\"--awb-bg-size:cover;--awb-width-large:100%;--awb-margin-top-large:0px;--awb-spacing-right-large:1.92%;--awb-margin-bottom-large:20px;--awb-spacing-left-large:1.92%;--awb-width-medium:100%;--awb-order-medium:0;--awb-spacing-right-medium:1.92%;--awb-spacing-left-medium:1.92%;--awb-width-small:100%;--awb-order-small:0;--awb-spacing-right-small:1.92%;--awb-spacing-left-small:1.92%;\"><div class=\"fusion-column-wrapper fusion-column-has-shadow fusion-flex-justify-content-center fusion-content-layout-column\"><div class=\"fusion-title title fusion-title-6 fusion-sep-none fusion-title-text fusion-title-size-two\" style=\"--awb-margin-top-small:0px;--awb-margin-right-small:0px;--awb-margin-bottom-small:20px;--awb-margin-left-small:0px;\"><h2 class=\"fusion-title-heading title-heading-left\" style=\"margin:0;\">Les informations cl\u00e9s et l\u2019actualit\u00e9 MyDATEC sont disponibles sur notre page d\u00e9di\u00e9e<\/h2><\/div><div class=\"fusion-text fusion-text-8\" style=\"--awb-text-transform:none;\"><p>N&rsquo;h\u00e9sitez pas \u00e0 vous rendre sur notre page Actualit\u00e9 pour rester inform\u00e9s des nouveaut\u00e9s et autres actualit\u00e9s autour de la VMC<\/p>\n<\/div><div ><a class=\"fusion-button button-flat fusion-button-default-size button-default fusion-button-default button-2 fusion-button-default-span fusion-button-default-type\" target=\"_self\" href=\"https:\/\/www.mydatec.com\/actualites-vmc-double-flux-thermodynamique\/\"><span class=\"fusion-button-text awb-button__text awb-button__text--default\">Consultez notre page ici<\/span><\/a><\/div><div class=\"fusion-title title fusion-title-7 fusion-sep-none fusion-title-text fusion-title-size-two\" style=\"--awb-margin-top-small:0px;--awb-margin-right-small:0px;--awb-margin-bottom-small:20px;--awb-margin-left-small:0px;\"><h2 class=\"fusion-title-heading title-heading-left\" style=\"margin:0;\">Quand les m\u00e9dias parlent de nous\u2026<\/h2><\/div><div class=\"fusion-text fusion-text-9\" style=\"--awb-text-transform:none;\"><p>Retrouvez ici nos <a href=\"https:\/\/www.mydatec.com\/dossier-de-presse-parutions-vmc\/\">parutions presses<\/a> et web ainsi que les blogs de nos clients qui parlent de nous.<\/p>\n<\/div><div ><a class=\"fusion-button button-flat fusion-button-default-size button-default fusion-button-default button-3 fusion-button-default-span fusion-button-default-type\" target=\"_self\" href=\"https:\/\/www.mydatec.com\/dossier-de-presse-parutions-vmc\/\"><span class=\"fusion-button-text awb-button__text awb-button__text--default\">Parutions presses et web<\/span><\/a><\/div><\/div><\/div><\/div><\/div><\/p>\n","protected":false},"excerpt":{"rendered":"","protected":false},"author":6,"featured_media":0,"parent":0,"menu_order":0,"comment_status":"closed","ping_status":"closed","template":"100-width.php","meta":{"footnotes":""},"class_list":["post-6627","page","type-page","status-publish","hentry"],"yoast_head":"<!-- This site is optimized with the Yoast SEO plugin v27.5 - https:\/\/yoast.com\/product\/yoast-seo-wordpress\/ -->\n<title>MyDATEC - Fabricant fran\u00e7ais de VMC double flux - 30 ans d\u2019expertise<\/title>\n<meta name=\"description\" content=\"Solutions VMC double flux thermodynamique et syst\u00e8mes compl\u00e9mentaires de chauffage MyDATEC | R\u00e9seau d&#039;installateurs | 95% de satisfaction\" \/>\n<meta name=\"robots\" content=\"index, follow, max-snippet:-1, max-image-preview:large, max-video-preview:-1\" \/>\n<link rel=\"canonical\" href=\"https:\/\/www.mydatec.com\/fr\/qui-sommes-nous\/\" \/>\n<meta property=\"og:locale\" content=\"fr_FR\" \/>\n<meta property=\"og:type\" content=\"article\" \/>\n<meta property=\"og:title\" content=\"MyDATEC - Fabricant fran\u00e7ais de VMC double flux - 30 ans d\u2019expertise\" \/>\n<meta property=\"og:description\" content=\"Solutions VMC double flux thermodynamique et syst\u00e8mes compl\u00e9mentaires de chauffage MyDATEC | R\u00e9seau d&#039;installateurs | 95% de satisfaction\" \/>\n<meta property=\"og:url\" content=\"https:\/\/www.mydatec.com\/fr\/qui-sommes-nous\/\" \/>\n<meta property=\"og:site_name\" content=\"MyDATEC\" \/>\n<meta property=\"article:modified_time\" content=\"2022-09-13T17:34:11+00:00\" \/>\n<meta name=\"twitter:label1\" content=\"Dur\u00e9e de lecture estim\u00e9e\" \/>\n\t<meta name=\"twitter:data1\" content=\"16 minutes\" \/>\n<script type=\"application\/ld+json\" class=\"yoast-schema-graph\">{\"@context\":\"https:\\\/\\\/schema.org\",\"@graph\":[{\"@type\":\"WebPage\",\"@id\":\"https:\\\/\\\/www.mydatec.com\\\/fr\\\/qui-sommes-nous\\\/\",\"url\":\"https:\\\/\\\/www.mydatec.com\\\/fr\\\/qui-sommes-nous\\\/\",\"name\":\"MyDATEC - Fabricant fran\u00e7ais de VMC double flux - 30 ans d\u2019expertise\",\"isPartOf\":{\"@id\":\"https:\\\/\\\/www.mydatec.com\\\/fr\\\/#website\"},\"datePublished\":\"2021-11-27T07:49:41+00:00\",\"dateModified\":\"2022-09-13T17:34:11+00:00\",\"description\":\"Solutions VMC double flux thermodynamique et syst\u00e8mes compl\u00e9mentaires de chauffage MyDATEC | R\u00e9seau d'installateurs | 95% de satisfaction\",\"breadcrumb\":{\"@id\":\"https:\\\/\\\/www.mydatec.com\\\/fr\\\/qui-sommes-nous\\\/#breadcrumb\"},\"inLanguage\":\"fr-FR\",\"potentialAction\":[{\"@type\":\"ReadAction\",\"target\":[\"https:\\\/\\\/www.mydatec.com\\\/fr\\\/qui-sommes-nous\\\/\"]}]},{\"@type\":\"BreadcrumbList\",\"@id\":\"https:\\\/\\\/www.mydatec.com\\\/fr\\\/qui-sommes-nous\\\/#breadcrumb\",\"itemListElement\":[{\"@type\":\"ListItem\",\"position\":1,\"name\":\"Accueil\",\"item\":\"https:\\\/\\\/www.mydatec.com\\\/fr\\\/\"},{\"@type\":\"ListItem\",\"position\":2,\"name\":\"A propos\"}]},{\"@type\":\"WebSite\",\"@id\":\"https:\\\/\\\/www.mydatec.com\\\/fr\\\/#website\",\"url\":\"https:\\\/\\\/www.mydatec.com\\\/fr\\\/\",\"name\":\"MyDATEC\",\"description\":\"La solution thermodynamique\",\"publisher\":{\"@id\":\"https:\\\/\\\/www.mydatec.com\\\/fr\\\/#organization\"},\"potentialAction\":[{\"@type\":\"SearchAction\",\"target\":{\"@type\":\"EntryPoint\",\"urlTemplate\":\"https:\\\/\\\/www.mydatec.com\\\/fr\\\/?s={search_term_string}\"},\"query-input\":{\"@type\":\"PropertyValueSpecification\",\"valueRequired\":true,\"valueName\":\"search_term_string\"}}],\"inLanguage\":\"fr-FR\"},{\"@type\":\"Organization\",\"@id\":\"https:\\\/\\\/www.mydatec.com\\\/fr\\\/#organization\",\"name\":\"MyDatec\",\"url\":\"https:\\\/\\\/www.mydatec.com\\\/fr\\\/\",\"logo\":{\"@type\":\"ImageObject\",\"inLanguage\":\"fr-FR\",\"@id\":\"https:\\\/\\\/www.mydatec.com\\\/fr\\\/#\\\/schema\\\/logo\\\/image\\\/\",\"url\":\"https:\\\/\\\/www.mydatec.com\\\/wp-content\\\/uploads\\\/2022\\\/01\\\/logo-mydatec.jpg\",\"contentUrl\":\"https:\\\/\\\/www.mydatec.com\\\/wp-content\\\/uploads\\\/2022\\\/01\\\/logo-mydatec.jpg\",\"width\":434,\"height\":351,\"caption\":\"MyDatec\"},\"image\":{\"@id\":\"https:\\\/\\\/www.mydatec.com\\\/fr\\\/#\\\/schema\\\/logo\\\/image\\\/\"},\"sameAs\":[\"http:\\\/\\\/www.linkedin.com\\\/in\\\/MyDATEC\"]}]}<\/script>\n<!-- \/ Yoast SEO plugin. -->","yoast_head_json":{"title":"MyDATEC - Fabricant fran\u00e7ais de VMC double flux - 30 ans d\u2019expertise","description":"Solutions VMC double flux thermodynamique et syst\u00e8mes compl\u00e9mentaires de chauffage MyDATEC | R\u00e9seau d'installateurs | 95% de satisfaction","robots":{"index":"index","follow":"follow","max-snippet":"max-snippet:-1","max-image-preview":"max-image-preview:large","max-video-preview":"max-video-preview:-1"},"canonical":"https:\/\/www.mydatec.com\/fr\/qui-sommes-nous\/","og_locale":"fr_FR","og_type":"article","og_title":"MyDATEC - Fabricant fran\u00e7ais de VMC double flux - 30 ans d\u2019expertise","og_description":"Solutions VMC double flux thermodynamique et syst\u00e8mes compl\u00e9mentaires de chauffage MyDATEC | R\u00e9seau d'installateurs | 95% de satisfaction","og_url":"https:\/\/www.mydatec.com\/fr\/qui-sommes-nous\/","og_site_name":"MyDATEC","article_modified_time":"2022-09-13T17:34:11+00:00","twitter_misc":{"Dur\u00e9e de lecture estim\u00e9e":"16 minutes"},"schema":{"@context":"https:\/\/schema.org","@graph":[{"@type":"WebPage","@id":"https:\/\/www.mydatec.com\/fr\/qui-sommes-nous\/","url":"https:\/\/www.mydatec.com\/fr\/qui-sommes-nous\/","name":"MyDATEC - Fabricant fran\u00e7ais de VMC double flux - 30 ans d\u2019expertise","isPartOf":{"@id":"https:\/\/www.mydatec.com\/fr\/#website"},"datePublished":"2021-11-27T07:49:41+00:00","dateModified":"2022-09-13T17:34:11+00:00","description":"Solutions VMC double flux thermodynamique et syst\u00e8mes compl\u00e9mentaires de chauffage MyDATEC | R\u00e9seau d'installateurs | 95% de satisfaction","breadcrumb":{"@id":"https:\/\/www.mydatec.com\/fr\/qui-sommes-nous\/#breadcrumb"},"inLanguage":"fr-FR","potentialAction":[{"@type":"ReadAction","target":["https:\/\/www.mydatec.com\/fr\/qui-sommes-nous\/"]}]},{"@type":"BreadcrumbList","@id":"https:\/\/www.mydatec.com\/fr\/qui-sommes-nous\/#breadcrumb","itemListElement":[{"@type":"ListItem","position":1,"name":"Accueil","item":"https:\/\/www.mydatec.com\/fr\/"},{"@type":"ListItem","position":2,"name":"A propos"}]},{"@type":"WebSite","@id":"https:\/\/www.mydatec.com\/fr\/#website","url":"https:\/\/www.mydatec.com\/fr\/","name":"MyDATEC","description":"La solution thermodynamique","publisher":{"@id":"https:\/\/www.mydatec.com\/fr\/#organization"},"potentialAction":[{"@type":"SearchAction","target":{"@type":"EntryPoint","urlTemplate":"https:\/\/www.mydatec.com\/fr\/?s={search_term_string}"},"query-input":{"@type":"PropertyValueSpecification","valueRequired":true,"valueName":"search_term_string"}}],"inLanguage":"fr-FR"},{"@type":"Organization","@id":"https:\/\/www.mydatec.com\/fr\/#organization","name":"MyDatec","url":"https:\/\/www.mydatec.com\/fr\/","logo":{"@type":"ImageObject","inLanguage":"fr-FR","@id":"https:\/\/www.mydatec.com\/fr\/#\/schema\/logo\/image\/","url":"https:\/\/www.mydatec.com\/wp-content\/uploads\/2022\/01\/logo-mydatec.jpg","contentUrl":"https:\/\/www.mydatec.com\/wp-content\/uploads\/2022\/01\/logo-mydatec.jpg","width":434,"height":351,"caption":"MyDatec"},"image":{"@id":"https:\/\/www.mydatec.com\/fr\/#\/schema\/logo\/image\/"},"sameAs":["http:\/\/www.linkedin.com\/in\/MyDATEC"]}]}},"_links":{"self":[{"href":"https:\/\/www.mydatec.com\/fr\/wp-json\/wp\/v2\/pages\/6627","targetHints":{"allow":["GET"]}}],"collection":[{"href":"https:\/\/www.mydatec.com\/fr\/wp-json\/wp\/v2\/pages"}],"about":[{"href":"https:\/\/www.mydatec.com\/fr\/wp-json\/wp\/v2\/types\/page"}],"author":[{"embeddable":true,"href":"https:\/\/www.mydatec.com\/fr\/wp-json\/wp\/v2\/users\/6"}],"replies":[{"embeddable":true,"href":"https:\/\/www.mydatec.com\/fr\/wp-json\/wp\/v2\/comments?post=6627"}],"version-history":[{"count":5,"href":"https:\/\/www.mydatec.com\/fr\/wp-json\/wp\/v2\/pages\/6627\/revisions"}],"predecessor-version":[{"id":10131,"href":"https:\/\/www.mydatec.com\/fr\/wp-json\/wp\/v2\/pages\/6627\/revisions\/10131"}],"wp:attachment":[{"href":"https:\/\/www.mydatec.com\/fr\/wp-json\/wp\/v2\/media?parent=6627"}],"curies":[{"name":"wp","href":"https:\/\/api.w.org\/{rel}","templated":true}]}}