{"id":3876,"date":"2017-01-09T15:58:43","date_gmt":"2017-01-09T14:58:43","guid":{"rendered":"https:\/\/www.mydatec.com\/?page_id=3876"},"modified":"2021-12-01T12:54:04","modified_gmt":"2021-12-01T11:54:04","slug":"prechauffage-lair-neuf","status":"publish","type":"page","link":"https:\/\/www.mydatec.com\/fr\/prechauffage-lair-neuf\/","title":{"rendered":"11. Pr\u00e9chauffage de l\u2018air neuf"},"content":{"rendered":"<p><div class=\"fusion-fullwidth fullwidth-box fusion-builder-row-1 fusion-flex-container nonhundred-percent-fullwidth non-hundred-percent-height-scrolling ctnr-top-h1-classique\" style=\"--awb-border-radius-top-left:0px;--awb-border-radius-top-right:0px;--awb-border-radius-bottom-right:0px;--awb-border-radius-bottom-left:0px;--awb-flex-wrap:wrap;\" ><div class=\"fusion-builder-row fusion-row fusion-flex-align-items-flex-start fusion-flex-justify-content-center fusion-flex-content-wrap\" style=\"max-width:1144px;margin-left: calc(-4% \/ 2 );margin-right: calc(-4% \/ 2 );\"><div class=\"fusion-layout-column fusion_builder_column fusion-builder-column-0 fusion_builder_column_1_1 1_1 fusion-flex-column col-texte\" style=\"--awb-bg-size:cover;--awb-width-large:100%;--awb-margin-top-large:0px;--awb-spacing-right-large:1.92%;--awb-margin-bottom-large:20px;--awb-spacing-left-large:1.92%;--awb-width-medium:100%;--awb-order-medium:0;--awb-spacing-right-medium:1.92%;--awb-spacing-left-medium:1.92%;--awb-width-small:100%;--awb-order-small:0;--awb-spacing-right-small:1.92%;--awb-spacing-left-small:1.92%;\"><div class=\"fusion-column-wrapper fusion-column-has-shadow fusion-flex-justify-content-flex-start fusion-content-layout-column\"><div class=\"fusion-title title fusion-title-1 fusion-sep-none fusion-title-text fusion-title-size-one\" style=\"--awb-margin-top-small:0px;--awb-margin-right-small:0px;--awb-margin-bottom-small:20px;--awb-margin-left-small:0px;\"><h1 class=\"fusion-title-heading title-heading-left\" style=\"margin:0;\">Prechauufage de l&rsquo;air neuf<\/h1><\/div><div class=\"fusion-image-element \" style=\"text-align:center;--awb-caption-title-font-family:var(--h2_typography-font-family);--awb-caption-title-font-weight:var(--h2_typography-font-weight);--awb-caption-title-font-style:var(--h2_typography-font-style);--awb-caption-title-size:var(--h2_typography-font-size);--awb-caption-title-transform:var(--h2_typography-text-transform);--awb-caption-title-line-height:var(--h2_typography-line-height);--awb-caption-title-letter-spacing:var(--h2_typography-letter-spacing);\"><span class=\" fusion-imageframe imageframe-none imageframe-1 hover-type-none\"><img decoding=\"async\" width=\"800\" height=\"600\" title=\"Prechauufage-l&rsquo;air-neuf\" src=\"https:\/\/www.mydatec.com\/wp-content\/uploads\/2021\/11\/Prechauufage-lair-neuf.jpg\" alt class=\"img-responsive wp-image-6929\" srcset=\"https:\/\/www.mydatec.com\/wp-content\/uploads\/2021\/11\/Prechauufage-lair-neuf-200x150.jpg 200w, https:\/\/www.mydatec.com\/wp-content\/uploads\/2021\/11\/Prechauufage-lair-neuf-400x300.jpg 400w, https:\/\/www.mydatec.com\/wp-content\/uploads\/2021\/11\/Prechauufage-lair-neuf-600x450.jpg 600w, https:\/\/www.mydatec.com\/wp-content\/uploads\/2021\/11\/Prechauufage-lair-neuf.jpg 800w\" sizes=\"(max-width: 900px) 100vw, (max-width: 640px) 100vw, 800px\" \/><\/span><\/div><div style=\"text-align:center;\"><a class=\"fusion-button button-flat fusion-button-default-size button-default fusion-button-default button-1 fusion-button-default-span fusion-button-default-type\" target=\"_self\" href=\"https:\/\/www.mydatec.com\/wp-content\/uploads\/2018\/10\/PRECHAUFFAGE-AIR-NEUF_19102018.pdf\"><span class=\"fusion-button-text awb-button__text awb-button__text--default\">Voir la fiche technique gamme Pr\u00e9chauffage de l\u2018air neuf <\/span><\/a><\/div><\/div><\/div><\/div><\/div><div class=\"fusion-fullwidth fullwidth-box fusion-builder-row-2 fusion-flex-container nonhundred-percent-fullwidth non-hundred-percent-height-scrolling ctnr-simple\" style=\"--awb-border-radius-top-left:0px;--awb-border-radius-top-right:0px;--awb-border-radius-bottom-right:0px;--awb-border-radius-bottom-left:0px;--awb-flex-wrap:wrap;\" ><div class=\"fusion-builder-row fusion-row fusion-flex-align-items-center fusion-flex-justify-content-center fusion-flex-content-wrap\" style=\"max-width:1144px;margin-left: calc(-4% \/ 2 );margin-right: calc(-4% \/ 2 );\"><div class=\"fusion-layout-column fusion_builder_column fusion-builder-column-1 fusion_builder_column_1_1 1_1 fusion-flex-column col-inside\" style=\"--awb-bg-size:cover;--awb-width-large:100%;--awb-margin-top-large:0px;--awb-spacing-right-large:1.92%;--awb-margin-bottom-large:20px;--awb-spacing-left-large:1.92%;--awb-width-medium:100%;--awb-order-medium:0;--awb-spacing-right-medium:1.92%;--awb-spacing-left-medium:1.92%;--awb-width-small:100%;--awb-order-small:0;--awb-spacing-right-small:1.92%;--awb-spacing-left-small:1.92%;\"><div class=\"fusion-column-wrapper fusion-column-has-shadow fusion-flex-justify-content-center fusion-content-layout-column\"><div class=\"fusion-text fusion-text-1\" style=\"--awb-text-transform:none;\"><h2>R\u00c9GULEZ DE FA\u00c7ON AUTONOME LA TEMP\u00c9RATURE D\u2019ARRIV\u00c9E D\u2019AIR NEUF SUR VOTRE SYST\u00c8ME DE VENTILATION DOUBLE FLUX.<\/h2>\n<h3>Avantages<\/h3>\n<ul>\n<li>Facilit\u00e9 d\u2019utilisation<\/li>\n<li>Gestion autonome<\/li>\n<\/ul>\n<h3>Domaine d\u2019application<\/h3>\n<ul>\n<li>Habitat<br \/>\n\u2022 Syst\u00e8me de ventilation Double Flux<\/li>\n<\/ul>\n<h3>Description<\/h3>\n<ul>\n<li>R\u00e9chauffeur \u00e9quip\u00e9 d\u2019un r\u00e9gulateur de temp\u00e9rature de soufflage.<\/li>\n<li>R\u00e9gulateur par triacs (aucune nuisance sonore de commutation).<\/li>\n<li>R\u00e9glage de temp\u00e9rature (potentiom\u00e8tre) et r\u00e9armement de s\u00e9curit\u00e9 thermique manuel directement accessible sur le capot.<\/li>\n<li>Pr\u00e9sence de sonde de temp\u00e9rature au soufflage obligatoire (pr\u00e9mont\u00e9e sur le r\u00e9chauffeur)<\/li>\n<\/ul>\n<h3>Mise en oeuvre<\/h3>\n<ul>\n<li>Profondeur (p) : 270mm<\/li>\n<li>Hauteur (h) : 205mm<\/li>\n<li>Largeur (l) caisson \u2013 batterie : 70mm<\/li>\n<li>Sonde insufflation mont\u00e9e et c\u00e2bl\u00e9e<\/li>\n<li>R\u00e9chauffeur isol\u00e9<\/li>\n<li>Raccordement a\u00e9raulique mural \u00d8160 ou \u00d8200<\/li>\n<\/ul>\n<\/div><div class=\"fusion-image-element \" style=\"--awb-caption-title-font-family:var(--h2_typography-font-family);--awb-caption-title-font-weight:var(--h2_typography-font-weight);--awb-caption-title-font-style:var(--h2_typography-font-style);--awb-caption-title-size:var(--h2_typography-font-size);--awb-caption-title-transform:var(--h2_typography-text-transform);--awb-caption-title-line-height:var(--h2_typography-line-height);--awb-caption-title-letter-spacing:var(--h2_typography-letter-spacing);\"><span class=\" fusion-imageframe imageframe-none imageframe-2 hover-type-none\"><img decoding=\"async\" width=\"800\" height=\"600\" title=\"prechauffage-dimensions\" src=\"https:\/\/www.mydatec.com\/wp-content\/uploads\/2021\/11\/prechauffage-dimensions.jpg\" alt class=\"img-responsive wp-image-6930\" srcset=\"https:\/\/www.mydatec.com\/wp-content\/uploads\/2021\/11\/prechauffage-dimensions-200x150.jpg 200w, https:\/\/www.mydatec.com\/wp-content\/uploads\/2021\/11\/prechauffage-dimensions-400x300.jpg 400w, https:\/\/www.mydatec.com\/wp-content\/uploads\/2021\/11\/prechauffage-dimensions-600x450.jpg 600w, https:\/\/www.mydatec.com\/wp-content\/uploads\/2021\/11\/prechauffage-dimensions.jpg 800w\" sizes=\"(max-width: 900px) 100vw, (max-width: 640px) 100vw, 800px\" \/><\/span><\/div><div class=\"fusion-title title fusion-title-2 fusion-sep-none fusion-title-center fusion-title-text fusion-title-size-three\" style=\"--awb-margin-top-small:0px;--awb-margin-right-small:0px;--awb-margin-bottom-small:20px;--awb-margin-left-small:0px;\"><h3 class=\"fusion-title-heading title-heading-center\" style=\"margin:0;\">Gamme<\/h3><\/div>\n<div class=\"table-1\">\n<table width=\"100%\">\n<thead>\n<tr>\n<th align=\"left\">D\u00c9SIGNATION<\/th>\n<th align=\"left\">R\u00c9F\u00c9RENCE<\/th>\n<th align=\"left\"><\/th>\n<\/tr>\n<\/thead>\n<tbody>\n<tr>\n<td align=\"left\">R\u00e9chauffeurs 2kW \u00d8160<\/td>\n<td align=\"left\"><strong>RECHAUF_160 _2000W<\/strong><\/td>\n<td align=\"left\">RECHAUF_160 _2000W<\/td>\n<\/tr>\n<tr>\n<td align=\"left\">R\u00e9chauffeurs 2kW \u00d8200<\/td>\n<td align=\"left\"><strong>RECHAUF_200 _2000W<\/strong><\/td>\n<td align=\"left\">RECHAUF_200_2000W<\/td>\n<\/tr>\n<\/tbody>\n<\/table>\n<\/div>\n<\/div><\/div><\/div><\/div><\/p>\n","protected":false},"excerpt":{"rendered":"","protected":false},"author":6,"featured_media":0,"parent":0,"menu_order":27,"comment_status":"closed","ping_status":"closed","template":"100-width.php","meta":{"footnotes":""},"class_list":["post-3876","page","type-page","status-publish","hentry"],"yoast_head":"<!-- This site is optimized with the Yoast SEO plugin v27.5 - https:\/\/yoast.com\/product\/yoast-seo-wordpress\/ -->\n<title>Pr\u00e9chauffage de l\u2018air neuf sur VMC double flux<\/title>\n<meta name=\"description\" content=\"R\u00e9gulez de fa\u00e7on autonome la temp\u00e9rature d\u2019arriv\u00e9e d\u2019air neuf sur votre syst\u00e8me de ventilation double flux.\" \/>\n<meta name=\"robots\" content=\"index, follow, max-snippet:-1, max-image-preview:large, max-video-preview:-1\" \/>\n<link rel=\"canonical\" href=\"https:\/\/www.mydatec.com\/fr\/prechauffage-lair-neuf\/\" \/>\n<meta property=\"og:locale\" content=\"fr_FR\" \/>\n<meta property=\"og:type\" content=\"article\" \/>\n<meta property=\"og:title\" content=\"Pr\u00e9chauffage de l\u2018air neuf sur VMC double flux\" \/>\n<meta property=\"og:description\" content=\"R\u00e9gulez de fa\u00e7on autonome la temp\u00e9rature d\u2019arriv\u00e9e d\u2019air neuf sur votre syst\u00e8me de ventilation double flux.\" \/>\n<meta property=\"og:url\" content=\"https:\/\/www.mydatec.com\/fr\/prechauffage-lair-neuf\/\" \/>\n<meta property=\"og:site_name\" content=\"MyDATEC\" \/>\n<meta property=\"article:modified_time\" content=\"2021-12-01T11:54:04+00:00\" \/>\n<meta name=\"twitter:label1\" content=\"Dur\u00e9e de lecture estim\u00e9e\" \/>\n\t<meta name=\"twitter:data1\" content=\"12 minutes\" \/>\n<script type=\"application\/ld+json\" class=\"yoast-schema-graph\">{\"@context\":\"https:\\\/\\\/schema.org\",\"@graph\":[{\"@type\":\"WebPage\",\"@id\":\"https:\\\/\\\/www.mydatec.com\\\/fr\\\/prechauffage-lair-neuf\\\/\",\"url\":\"https:\\\/\\\/www.mydatec.com\\\/fr\\\/prechauffage-lair-neuf\\\/\",\"name\":\"Pr\u00e9chauffage de l\u2018air neuf sur VMC double flux\",\"isPartOf\":{\"@id\":\"https:\\\/\\\/www.mydatec.com\\\/fr\\\/#website\"},\"datePublished\":\"2017-01-09T14:58:43+00:00\",\"dateModified\":\"2021-12-01T11:54:04+00:00\",\"description\":\"R\u00e9gulez de fa\u00e7on autonome la temp\u00e9rature d\u2019arriv\u00e9e d\u2019air neuf sur votre syst\u00e8me de ventilation double flux.\",\"breadcrumb\":{\"@id\":\"https:\\\/\\\/www.mydatec.com\\\/fr\\\/prechauffage-lair-neuf\\\/#breadcrumb\"},\"inLanguage\":\"fr-FR\",\"potentialAction\":[{\"@type\":\"ReadAction\",\"target\":[\"https:\\\/\\\/www.mydatec.com\\\/fr\\\/prechauffage-lair-neuf\\\/\"]}]},{\"@type\":\"BreadcrumbList\",\"@id\":\"https:\\\/\\\/www.mydatec.com\\\/fr\\\/prechauffage-lair-neuf\\\/#breadcrumb\",\"itemListElement\":[{\"@type\":\"ListItem\",\"position\":1,\"name\":\"Accueil\",\"item\":\"https:\\\/\\\/www.mydatec.com\\\/fr\\\/\"},{\"@type\":\"ListItem\",\"position\":2,\"name\":\"11. Pr\u00e9chauffage de l\u2018air neuf\"}]},{\"@type\":\"WebSite\",\"@id\":\"https:\\\/\\\/www.mydatec.com\\\/fr\\\/#website\",\"url\":\"https:\\\/\\\/www.mydatec.com\\\/fr\\\/\",\"name\":\"MyDATEC\",\"description\":\"La solution thermodynamique\",\"publisher\":{\"@id\":\"https:\\\/\\\/www.mydatec.com\\\/fr\\\/#organization\"},\"potentialAction\":[{\"@type\":\"SearchAction\",\"target\":{\"@type\":\"EntryPoint\",\"urlTemplate\":\"https:\\\/\\\/www.mydatec.com\\\/fr\\\/?s={search_term_string}\"},\"query-input\":{\"@type\":\"PropertyValueSpecification\",\"valueRequired\":true,\"valueName\":\"search_term_string\"}}],\"inLanguage\":\"fr-FR\"},{\"@type\":\"Organization\",\"@id\":\"https:\\\/\\\/www.mydatec.com\\\/fr\\\/#organization\",\"name\":\"MyDatec\",\"url\":\"https:\\\/\\\/www.mydatec.com\\\/fr\\\/\",\"logo\":{\"@type\":\"ImageObject\",\"inLanguage\":\"fr-FR\",\"@id\":\"https:\\\/\\\/www.mydatec.com\\\/fr\\\/#\\\/schema\\\/logo\\\/image\\\/\",\"url\":\"https:\\\/\\\/www.mydatec.com\\\/wp-content\\\/uploads\\\/2022\\\/01\\\/logo-mydatec.jpg\",\"contentUrl\":\"https:\\\/\\\/www.mydatec.com\\\/wp-content\\\/uploads\\\/2022\\\/01\\\/logo-mydatec.jpg\",\"width\":434,\"height\":351,\"caption\":\"MyDatec\"},\"image\":{\"@id\":\"https:\\\/\\\/www.mydatec.com\\\/fr\\\/#\\\/schema\\\/logo\\\/image\\\/\"},\"sameAs\":[\"http:\\\/\\\/www.linkedin.com\\\/in\\\/MyDATEC\"]}]}<\/script>\n<!-- \/ Yoast SEO plugin. -->","yoast_head_json":{"title":"Pr\u00e9chauffage de l\u2018air neuf sur VMC double flux","description":"R\u00e9gulez de fa\u00e7on autonome la temp\u00e9rature d\u2019arriv\u00e9e d\u2019air neuf sur votre syst\u00e8me de ventilation double flux.","robots":{"index":"index","follow":"follow","max-snippet":"max-snippet:-1","max-image-preview":"max-image-preview:large","max-video-preview":"max-video-preview:-1"},"canonical":"https:\/\/www.mydatec.com\/fr\/prechauffage-lair-neuf\/","og_locale":"fr_FR","og_type":"article","og_title":"Pr\u00e9chauffage de l\u2018air neuf sur VMC double flux","og_description":"R\u00e9gulez de fa\u00e7on autonome la temp\u00e9rature d\u2019arriv\u00e9e d\u2019air neuf sur votre syst\u00e8me de ventilation double flux.","og_url":"https:\/\/www.mydatec.com\/fr\/prechauffage-lair-neuf\/","og_site_name":"MyDATEC","article_modified_time":"2021-12-01T11:54:04+00:00","twitter_misc":{"Dur\u00e9e de lecture estim\u00e9e":"12 minutes"},"schema":{"@context":"https:\/\/schema.org","@graph":[{"@type":"WebPage","@id":"https:\/\/www.mydatec.com\/fr\/prechauffage-lair-neuf\/","url":"https:\/\/www.mydatec.com\/fr\/prechauffage-lair-neuf\/","name":"Pr\u00e9chauffage de l\u2018air neuf sur VMC double flux","isPartOf":{"@id":"https:\/\/www.mydatec.com\/fr\/#website"},"datePublished":"2017-01-09T14:58:43+00:00","dateModified":"2021-12-01T11:54:04+00:00","description":"R\u00e9gulez de fa\u00e7on autonome la temp\u00e9rature d\u2019arriv\u00e9e d\u2019air neuf sur votre syst\u00e8me de ventilation double flux.","breadcrumb":{"@id":"https:\/\/www.mydatec.com\/fr\/prechauffage-lair-neuf\/#breadcrumb"},"inLanguage":"fr-FR","potentialAction":[{"@type":"ReadAction","target":["https:\/\/www.mydatec.com\/fr\/prechauffage-lair-neuf\/"]}]},{"@type":"BreadcrumbList","@id":"https:\/\/www.mydatec.com\/fr\/prechauffage-lair-neuf\/#breadcrumb","itemListElement":[{"@type":"ListItem","position":1,"name":"Accueil","item":"https:\/\/www.mydatec.com\/fr\/"},{"@type":"ListItem","position":2,"name":"11. Pr\u00e9chauffage de l\u2018air neuf"}]},{"@type":"WebSite","@id":"https:\/\/www.mydatec.com\/fr\/#website","url":"https:\/\/www.mydatec.com\/fr\/","name":"MyDATEC","description":"La solution thermodynamique","publisher":{"@id":"https:\/\/www.mydatec.com\/fr\/#organization"},"potentialAction":[{"@type":"SearchAction","target":{"@type":"EntryPoint","urlTemplate":"https:\/\/www.mydatec.com\/fr\/?s={search_term_string}"},"query-input":{"@type":"PropertyValueSpecification","valueRequired":true,"valueName":"search_term_string"}}],"inLanguage":"fr-FR"},{"@type":"Organization","@id":"https:\/\/www.mydatec.com\/fr\/#organization","name":"MyDatec","url":"https:\/\/www.mydatec.com\/fr\/","logo":{"@type":"ImageObject","inLanguage":"fr-FR","@id":"https:\/\/www.mydatec.com\/fr\/#\/schema\/logo\/image\/","url":"https:\/\/www.mydatec.com\/wp-content\/uploads\/2022\/01\/logo-mydatec.jpg","contentUrl":"https:\/\/www.mydatec.com\/wp-content\/uploads\/2022\/01\/logo-mydatec.jpg","width":434,"height":351,"caption":"MyDatec"},"image":{"@id":"https:\/\/www.mydatec.com\/fr\/#\/schema\/logo\/image\/"},"sameAs":["http:\/\/www.linkedin.com\/in\/MyDATEC"]}]}},"_links":{"self":[{"href":"https:\/\/www.mydatec.com\/fr\/wp-json\/wp\/v2\/pages\/3876","targetHints":{"allow":["GET"]}}],"collection":[{"href":"https:\/\/www.mydatec.com\/fr\/wp-json\/wp\/v2\/pages"}],"about":[{"href":"https:\/\/www.mydatec.com\/fr\/wp-json\/wp\/v2\/types\/page"}],"author":[{"embeddable":true,"href":"https:\/\/www.mydatec.com\/fr\/wp-json\/wp\/v2\/users\/6"}],"replies":[{"embeddable":true,"href":"https:\/\/www.mydatec.com\/fr\/wp-json\/wp\/v2\/comments?post=3876"}],"version-history":[{"count":5,"href":"https:\/\/www.mydatec.com\/fr\/wp-json\/wp\/v2\/pages\/3876\/revisions"}],"predecessor-version":[{"id":12164,"href":"https:\/\/www.mydatec.com\/fr\/wp-json\/wp\/v2\/pages\/3876\/revisions\/12164"}],"wp:attachment":[{"href":"https:\/\/www.mydatec.com\/fr\/wp-json\/wp\/v2\/media?parent=3876"}],"curies":[{"name":"wp","href":"https:\/\/api.w.org\/{rel}","templated":true}]}}