{"id":2190,"date":"2014-04-15T15:44:56","date_gmt":"2014-04-15T14:44:56","guid":{"rendered":"https:\/\/www.mydatec.com\/?page_id=2190"},"modified":"2021-12-01T13:01:38","modified_gmt":"2021-12-01T12:01:38","slug":"la-reglementation-de-ventilation","status":"publish","type":"page","link":"https:\/\/www.mydatec.com\/fr\/reglementation\/la-reglementation-de-ventilation\/","title":{"rendered":"20. R\u00e9glementation de ventilation"},"content":{"rendered":"<div class=\"fusion-fullwidth fullwidth-box fusion-builder-row-1 fusion-flex-container nonhundred-percent-fullwidth non-hundred-percent-height-scrolling ctnr-top-h1-classique\" style=\"--awb-border-radius-top-left:0px;--awb-border-radius-top-right:0px;--awb-border-radius-bottom-right:0px;--awb-border-radius-bottom-left:0px;--awb-flex-wrap:wrap;\" ><div class=\"fusion-builder-row fusion-row fusion-flex-align-items-flex-start fusion-flex-justify-content-center fusion-flex-content-wrap\" style=\"max-width:1144px;margin-left: calc(-4% \/ 2 );margin-right: calc(-4% \/ 2 );\"><div class=\"fusion-layout-column fusion_builder_column fusion-builder-column-0 fusion_builder_column_1_1 1_1 fusion-flex-column col-texte\" style=\"--awb-bg-size:cover;--awb-width-large:100%;--awb-margin-top-large:0px;--awb-spacing-right-large:1.92%;--awb-margin-bottom-large:20px;--awb-spacing-left-large:1.92%;--awb-width-medium:100%;--awb-order-medium:0;--awb-spacing-right-medium:1.92%;--awb-spacing-left-medium:1.92%;--awb-width-small:100%;--awb-order-small:0;--awb-spacing-right-small:1.92%;--awb-spacing-left-small:1.92%;\"><div class=\"fusion-column-wrapper fusion-column-has-shadow fusion-flex-justify-content-flex-start fusion-content-layout-column\"><div class=\"fusion-title title fusion-title-1 fusion-sep-none fusion-title-text fusion-title-size-one\" style=\"--awb-margin-top-small:0px;--awb-margin-right-small:0px;--awb-margin-bottom-small:20px;--awb-margin-left-small:0px;\"><h1 class=\"fusion-title-heading title-heading-left\" style=\"margin:0;\">R\u00e9glementation de ventilation<\/h1><\/div><div class=\"fusion-image-element \" style=\"text-align:center;--awb-caption-title-font-family:var(--h2_typography-font-family);--awb-caption-title-font-weight:var(--h2_typography-font-weight);--awb-caption-title-font-style:var(--h2_typography-font-style);--awb-caption-title-size:var(--h2_typography-font-size);--awb-caption-title-transform:var(--h2_typography-text-transform);--awb-caption-title-line-height:var(--h2_typography-line-height);--awb-caption-title-letter-spacing:var(--h2_typography-letter-spacing);\"><span class=\" fusion-imageframe imageframe-none imageframe-1 hover-type-none\"><img decoding=\"async\" width=\"345\" height=\"345\" alt=\"r\u00e9glementation de ventilation\" title=\"r\u00e9glementation de ventilation\" src=\"https:\/\/www.mydatec.com\/wp-content\/uploads\/2014\/04\/reglementation-ventilation.jpg\" class=\"img-responsive wp-image-2193\" srcset=\"https:\/\/www.mydatec.com\/wp-content\/uploads\/2014\/04\/reglementation-ventilation-31x31.jpg 31w, https:\/\/www.mydatec.com\/wp-content\/uploads\/2014\/04\/reglementation-ventilation-38x38.jpg 38w, https:\/\/www.mydatec.com\/wp-content\/uploads\/2014\/04\/reglementation-ventilation-125x125.jpg 125w, https:\/\/www.mydatec.com\/wp-content\/uploads\/2014\/04\/reglementation-ventilation-148x148.jpg 148w, https:\/\/www.mydatec.com\/wp-content\/uploads\/2014\/04\/reglementation-ventilation-215x215.jpg 215w, https:\/\/www.mydatec.com\/wp-content\/uploads\/2014\/04\/reglementation-ventilation-300x300.jpg 300w, https:\/\/www.mydatec.com\/wp-content\/uploads\/2014\/04\/reglementation-ventilation.jpg 345w\" sizes=\"(max-width: 345px) 100vw, 345px\" \/><\/span><\/div><div class=\"fusion-text fusion-text-1 legende\" style=\"--awb-text-transform:none;\"><p>R\u00e9glementation de ventilation<\/p>\n<\/div><div class=\"fusion-text fusion-text-2\" style=\"--awb-text-transform:none;\"><p>En France, la r\u00e9glementation de ventilation des habitations repose sur 2 principes majeures (voir le texte\u00a0r\u00e9glementaire officiel:\u00a0<a href=\"https:\/\/www.mydatec.com\/wp-content\/uploads\/2012\/12\/Arrete-de-mars-1982-qualite-de-lair-VMC-MyDATEC.pdf\" target=\"_blank\" rel=\"noopener noreferrer\"><strong>l\u2019arr\u00eat\u00e9 de mars 1982<\/strong><\/a>\u00a0)<\/p>\n<ul>\n<li>L\u2019a\u00e9ration doit \u00eatre g\u00e9n\u00e9rale et permanente<\/li>\n<li>Elle doit balayer la totalit\u00e9 du logement gr\u00e2ce \u00e0 des entr\u00e9es d\u2019air install\u00e9es dans les pi\u00e8ces principales et des sorties plac\u00e9es dans les pi\u00e8ces de services<\/li>\n<\/ul>\n<p>S\u2019il s\u2019agit d\u2019une VMC (ventilation m\u00e9canique contr\u00f4l\u00e9e), les d\u00e9bits minimaux \u00e0 respecter sont les suivants :<br \/>\nLa VMC double flux thermodynamique MyDATEC ventile donc au minimum aux d\u00e9bits \u00e9nonc\u00e9s ci dessous.<\/p>\n<\/div>\n<div class=\"table-2\">\n<table width=\"100%\">\n<thead>\n<tr>\n<th align=\"left\">Nb pi\u00e8ces principales<\/th>\n<th align=\"left\">1<\/th>\n<th align=\"left\">2<\/th>\n<th align=\"left\">3<\/th>\n<th align=\"left\">4<\/th>\n<th align=\"left\">5<\/th>\n<th align=\"left\">6<\/th>\n<th align=\"left\">7<\/th>\n<\/tr>\n<\/thead>\n<tbody>\n<tr>\n<td align=\"left\">D\u00e9bit total minimal en m3\/h<\/td>\n<td align=\"left\">35<\/td>\n<td align=\"left\">60<\/td>\n<td align=\"left\">75<\/td>\n<td align=\"left\">90<\/td>\n<td align=\"left\">105<\/td>\n<td align=\"left\">120<\/td>\n<td align=\"left\">135<\/td>\n<\/tr>\n<tr>\n<td align=\"left\">D\u00e9bit minimal en cuisine en m3\/h<\/td>\n<td align=\"left\">20<\/td>\n<td align=\"left\">30<\/td>\n<td align=\"left\">45<\/td>\n<td align=\"left\">45<\/td>\n<td align=\"left\">45<\/td>\n<td align=\"left\">45<\/td>\n<td align=\"left\">45<\/td>\n<\/tr>\n<\/tbody>\n<\/table>\n<\/div>\n<div class=\"fusion-text fusion-text-3\" style=\"--awb-text-transform:none;\"><p>La VMC thermodynamique a la particularit\u00e9 de fonctionner sur au moins 2 vitesses :<\/p>\n<ul>\n<li>le d\u00e9bit minimum ou \u00ab petit d\u00e9bit \u00bb: c\u2019est le d\u00e9bit de la machine quand la pompe \u00e0 chaleur n\u2019est pas sollicit\u00e9e. Il correspond aux exigences de la r\u00e9glementation de ventilation fran\u00e7aise, et donc aux d\u00e9bits de ventilation minimum fix\u00e9s par l\u2019arr\u00eat\u00e9 de mars 82.<\/li>\n<li>le d\u00e9bit nominal : c\u2019est le d\u00e9bit de ventilation de la machine quand la pompe \u00e0 chaleur est sollicit\u00e9e. Il est sup\u00e9rieur aux exigences de la r\u00e9glementation fran\u00e7aise, et correspond en moyenne \u00e0 200m3\/h (en fonction de la surface de la maison). C\u2019est principalement la raison pour laquelle les clients MyDATEC t\u00e9moignent souvent du <strong><a href=\"https:\/\/www.mydatec.com\/principe-vmc-thermodynamique\/confort\/\">confort\u00a0<\/a><\/strong>de leur installation.<\/li>\n<\/ul>\n<\/div><div style=\"text-align:center;\"><a class=\"fusion-button button-flat fusion-button-default-size button-default fusion-button-default button-1 fusion-button-default-span fusion-button-default-type\" target=\"_self\" href=\"https:\/\/www.mydatec.com\/des-references-clients-dans-votre-region\/\"><span class=\"fusion-button-text awb-button__text awb-button__text--default\">Voir les t\u00e9moignages<\/span><\/a><\/div><\/div><\/div><\/div><\/div>\n","protected":false},"excerpt":{"rendered":"","protected":false},"author":6,"featured_media":0,"parent":125,"menu_order":3,"comment_status":"closed","ping_status":"closed","template":"100-width.php","meta":{"footnotes":""},"class_list":["post-2190","page","type-page","status-publish","hentry"],"yoast_head":"<!-- This site is optimized with the Yoast SEO plugin v27.5 - https:\/\/yoast.com\/product\/yoast-seo-wordpress\/ -->\n<title>La r\u00e9glementation de ventilation - MyDATEC<\/title>\n<meta name=\"description\" content=\"En France, la r\u00e9glementation de ventilation des habitations repose sur 2 principes majeures (voir le texte r\u00e9glementaire officiel: l&#039;arr\u00eat\u00e9 de mars 1982 )\" \/>\n<meta name=\"robots\" content=\"index, follow, max-snippet:-1, max-image-preview:large, max-video-preview:-1\" \/>\n<link rel=\"canonical\" href=\"https:\/\/www.mydatec.com\/fr\/reglementation\/la-reglementation-de-ventilation\/\" \/>\n<meta property=\"og:locale\" content=\"fr_FR\" \/>\n<meta property=\"og:type\" content=\"article\" \/>\n<meta property=\"og:title\" content=\"La r\u00e9glementation de ventilation - MyDATEC\" \/>\n<meta property=\"og:description\" content=\"En France, la r\u00e9glementation de ventilation des habitations repose sur 2 principes majeures (voir le texte r\u00e9glementaire officiel: l&#039;arr\u00eat\u00e9 de mars 1982 )\" \/>\n<meta property=\"og:url\" content=\"https:\/\/www.mydatec.com\/fr\/reglementation\/la-reglementation-de-ventilation\/\" \/>\n<meta property=\"og:site_name\" content=\"MyDATEC\" \/>\n<meta property=\"article:modified_time\" content=\"2021-12-01T12:01:38+00:00\" \/>\n<meta name=\"twitter:label1\" content=\"Dur\u00e9e de lecture estim\u00e9e\" \/>\n\t<meta name=\"twitter:data1\" content=\"9 minutes\" \/>\n<script type=\"application\/ld+json\" class=\"yoast-schema-graph\">{\"@context\":\"https:\\\/\\\/schema.org\",\"@graph\":[{\"@type\":\"WebPage\",\"@id\":\"https:\\\/\\\/www.mydatec.com\\\/fr\\\/reglementation\\\/la-reglementation-de-ventilation\\\/\",\"url\":\"https:\\\/\\\/www.mydatec.com\\\/fr\\\/reglementation\\\/la-reglementation-de-ventilation\\\/\",\"name\":\"La r\u00e9glementation de ventilation - MyDATEC\",\"isPartOf\":{\"@id\":\"https:\\\/\\\/www.mydatec.com\\\/fr\\\/#website\"},\"datePublished\":\"2014-04-15T14:44:56+00:00\",\"dateModified\":\"2021-12-01T12:01:38+00:00\",\"description\":\"En France, la r\u00e9glementation de ventilation des habitations repose sur 2 principes majeures (voir le texte r\u00e9glementaire officiel: l'arr\u00eat\u00e9 de mars 1982 )\",\"breadcrumb\":{\"@id\":\"https:\\\/\\\/www.mydatec.com\\\/fr\\\/reglementation\\\/la-reglementation-de-ventilation\\\/#breadcrumb\"},\"inLanguage\":\"fr-FR\",\"potentialAction\":[{\"@type\":\"ReadAction\",\"target\":[\"https:\\\/\\\/www.mydatec.com\\\/fr\\\/reglementation\\\/la-reglementation-de-ventilation\\\/\"]}]},{\"@type\":\"BreadcrumbList\",\"@id\":\"https:\\\/\\\/www.mydatec.com\\\/fr\\\/reglementation\\\/la-reglementation-de-ventilation\\\/#breadcrumb\",\"itemListElement\":[{\"@type\":\"ListItem\",\"position\":1,\"name\":\"Accueil\",\"item\":\"https:\\\/\\\/www.mydatec.com\\\/fr\\\/\"},{\"@type\":\"ListItem\",\"position\":2,\"name\":\"R\u00e9glementation\",\"item\":\"https:\\\/\\\/www.mydatec.com\\\/fr\\\/reglementation\\\/\"},{\"@type\":\"ListItem\",\"position\":3,\"name\":\"20. R\u00e9glementation de ventilation\"}]},{\"@type\":\"WebSite\",\"@id\":\"https:\\\/\\\/www.mydatec.com\\\/fr\\\/#website\",\"url\":\"https:\\\/\\\/www.mydatec.com\\\/fr\\\/\",\"name\":\"MyDATEC\",\"description\":\"La solution thermodynamique\",\"publisher\":{\"@id\":\"https:\\\/\\\/www.mydatec.com\\\/fr\\\/#organization\"},\"potentialAction\":[{\"@type\":\"SearchAction\",\"target\":{\"@type\":\"EntryPoint\",\"urlTemplate\":\"https:\\\/\\\/www.mydatec.com\\\/fr\\\/?s={search_term_string}\"},\"query-input\":{\"@type\":\"PropertyValueSpecification\",\"valueRequired\":true,\"valueName\":\"search_term_string\"}}],\"inLanguage\":\"fr-FR\"},{\"@type\":\"Organization\",\"@id\":\"https:\\\/\\\/www.mydatec.com\\\/fr\\\/#organization\",\"name\":\"MyDatec\",\"url\":\"https:\\\/\\\/www.mydatec.com\\\/fr\\\/\",\"logo\":{\"@type\":\"ImageObject\",\"inLanguage\":\"fr-FR\",\"@id\":\"https:\\\/\\\/www.mydatec.com\\\/fr\\\/#\\\/schema\\\/logo\\\/image\\\/\",\"url\":\"https:\\\/\\\/www.mydatec.com\\\/wp-content\\\/uploads\\\/2022\\\/01\\\/logo-mydatec.jpg\",\"contentUrl\":\"https:\\\/\\\/www.mydatec.com\\\/wp-content\\\/uploads\\\/2022\\\/01\\\/logo-mydatec.jpg\",\"width\":434,\"height\":351,\"caption\":\"MyDatec\"},\"image\":{\"@id\":\"https:\\\/\\\/www.mydatec.com\\\/fr\\\/#\\\/schema\\\/logo\\\/image\\\/\"},\"sameAs\":[\"http:\\\/\\\/www.linkedin.com\\\/in\\\/MyDATEC\"]}]}<\/script>\n<!-- \/ Yoast SEO plugin. -->","yoast_head_json":{"title":"La r\u00e9glementation de ventilation - MyDATEC","description":"En France, la r\u00e9glementation de ventilation des habitations repose sur 2 principes majeures (voir le texte r\u00e9glementaire officiel: l'arr\u00eat\u00e9 de mars 1982 )","robots":{"index":"index","follow":"follow","max-snippet":"max-snippet:-1","max-image-preview":"max-image-preview:large","max-video-preview":"max-video-preview:-1"},"canonical":"https:\/\/www.mydatec.com\/fr\/reglementation\/la-reglementation-de-ventilation\/","og_locale":"fr_FR","og_type":"article","og_title":"La r\u00e9glementation de ventilation - MyDATEC","og_description":"En France, la r\u00e9glementation de ventilation des habitations repose sur 2 principes majeures (voir le texte r\u00e9glementaire officiel: l'arr\u00eat\u00e9 de mars 1982 )","og_url":"https:\/\/www.mydatec.com\/fr\/reglementation\/la-reglementation-de-ventilation\/","og_site_name":"MyDATEC","article_modified_time":"2021-12-01T12:01:38+00:00","twitter_misc":{"Dur\u00e9e de lecture estim\u00e9e":"9 minutes"},"schema":{"@context":"https:\/\/schema.org","@graph":[{"@type":"WebPage","@id":"https:\/\/www.mydatec.com\/fr\/reglementation\/la-reglementation-de-ventilation\/","url":"https:\/\/www.mydatec.com\/fr\/reglementation\/la-reglementation-de-ventilation\/","name":"La r\u00e9glementation de ventilation - MyDATEC","isPartOf":{"@id":"https:\/\/www.mydatec.com\/fr\/#website"},"datePublished":"2014-04-15T14:44:56+00:00","dateModified":"2021-12-01T12:01:38+00:00","description":"En France, la r\u00e9glementation de ventilation des habitations repose sur 2 principes majeures (voir le texte r\u00e9glementaire officiel: l'arr\u00eat\u00e9 de mars 1982 )","breadcrumb":{"@id":"https:\/\/www.mydatec.com\/fr\/reglementation\/la-reglementation-de-ventilation\/#breadcrumb"},"inLanguage":"fr-FR","potentialAction":[{"@type":"ReadAction","target":["https:\/\/www.mydatec.com\/fr\/reglementation\/la-reglementation-de-ventilation\/"]}]},{"@type":"BreadcrumbList","@id":"https:\/\/www.mydatec.com\/fr\/reglementation\/la-reglementation-de-ventilation\/#breadcrumb","itemListElement":[{"@type":"ListItem","position":1,"name":"Accueil","item":"https:\/\/www.mydatec.com\/fr\/"},{"@type":"ListItem","position":2,"name":"R\u00e9glementation","item":"https:\/\/www.mydatec.com\/fr\/reglementation\/"},{"@type":"ListItem","position":3,"name":"20. R\u00e9glementation de ventilation"}]},{"@type":"WebSite","@id":"https:\/\/www.mydatec.com\/fr\/#website","url":"https:\/\/www.mydatec.com\/fr\/","name":"MyDATEC","description":"La solution thermodynamique","publisher":{"@id":"https:\/\/www.mydatec.com\/fr\/#organization"},"potentialAction":[{"@type":"SearchAction","target":{"@type":"EntryPoint","urlTemplate":"https:\/\/www.mydatec.com\/fr\/?s={search_term_string}"},"query-input":{"@type":"PropertyValueSpecification","valueRequired":true,"valueName":"search_term_string"}}],"inLanguage":"fr-FR"},{"@type":"Organization","@id":"https:\/\/www.mydatec.com\/fr\/#organization","name":"MyDatec","url":"https:\/\/www.mydatec.com\/fr\/","logo":{"@type":"ImageObject","inLanguage":"fr-FR","@id":"https:\/\/www.mydatec.com\/fr\/#\/schema\/logo\/image\/","url":"https:\/\/www.mydatec.com\/wp-content\/uploads\/2022\/01\/logo-mydatec.jpg","contentUrl":"https:\/\/www.mydatec.com\/wp-content\/uploads\/2022\/01\/logo-mydatec.jpg","width":434,"height":351,"caption":"MyDatec"},"image":{"@id":"https:\/\/www.mydatec.com\/fr\/#\/schema\/logo\/image\/"},"sameAs":["http:\/\/www.linkedin.com\/in\/MyDATEC"]}]}},"_links":{"self":[{"href":"https:\/\/www.mydatec.com\/fr\/wp-json\/wp\/v2\/pages\/2190","targetHints":{"allow":["GET"]}}],"collection":[{"href":"https:\/\/www.mydatec.com\/fr\/wp-json\/wp\/v2\/pages"}],"about":[{"href":"https:\/\/www.mydatec.com\/fr\/wp-json\/wp\/v2\/types\/page"}],"author":[{"embeddable":true,"href":"https:\/\/www.mydatec.com\/fr\/wp-json\/wp\/v2\/users\/6"}],"replies":[{"embeddable":true,"href":"https:\/\/www.mydatec.com\/fr\/wp-json\/wp\/v2\/comments?post=2190"}],"version-history":[{"count":5,"href":"https:\/\/www.mydatec.com\/fr\/wp-json\/wp\/v2\/pages\/2190\/revisions"}],"predecessor-version":[{"id":7042,"href":"https:\/\/www.mydatec.com\/fr\/wp-json\/wp\/v2\/pages\/2190\/revisions\/7042"}],"up":[{"embeddable":true,"href":"https:\/\/www.mydatec.com\/fr\/wp-json\/wp\/v2\/pages\/125"}],"wp:attachment":[{"href":"https:\/\/www.mydatec.com\/fr\/wp-json\/wp\/v2\/media?parent=2190"}],"curies":[{"name":"wp","href":"https:\/\/api.w.org\/{rel}","templated":true}]}}