{"id":134,"date":"2012-12-13T17:22:32","date_gmt":"2012-12-13T16:22:32","guid":{"rendered":"https:\/\/www.mydatec.com\/?page_id=134"},"modified":"2020-04-14T23:32:43","modified_gmt":"2020-04-14T22:32:43","slug":"dossier-de-presse-parutions-vmc","status":"publish","type":"page","link":"https:\/\/www.mydatec.com\/fr\/dossier-de-presse-parutions-vmc\/","title":{"rendered":"Dossier de presse &#038; parutions"},"content":{"rendered":"<h3>&nbsp;Dossier de presse &amp; communiqu\u00e9s de presse<\/h3>\n<p>Communiqu\u00e9 de presse \/ Octobre 2017 &#8211; Communiqu\u00e9 de presse :<\/p>\n<p><a href=\"https:\/\/www.mydatec.com\/wp-content\/uploads\/2012\/12\/Le-confort-MyDATEC-s-invite-dans-votre-smartphone-et-tablette.pdf\"><img decoding=\"async\" src=\"https:\/\/www.mydatec.com\/wp-content\/uploads\/2012\/12\/PDF-Icon-Blue-VMC-double-flux-MyDATEC-Documentation-climatisation1.png\" alt=\"PDF-Icon-Blue VMC-double-flux-MyDATEC-Documentation-climatisation\" width=\"35\" height=\"35\"><\/a><a href=\"https:\/\/www.mydatec.com\/wp-content\/uploads\/2012\/12\/Le-confort-MyDATEC-s-invite-dans-votre-smartphone-et-tablette.pdf\" target=\"_blank\" rel=\"noopener noreferrer\">Communiqu\u00e9 de presse &#8211;&nbsp;Le confort MyDATEC s\u2019invite dans votre smartphone et tablette : explication au Mondial du B\u00e2timent (du 7 au 10 Novembre 2017)<\/a><\/p>\n<p>Conf\u00e9rence de presse \/ Mars 2015 &#8211; Dossier de presse :<\/p>\n<p><a href=\"https:\/\/www.mydatec.com\/wp-content\/uploads\/2015\/03\/Dossier-de-presse-MyDATEC.pdf\"><img decoding=\"async\" src=\"https:\/\/www.mydatec.com\/wp-content\/uploads\/2012\/12\/PDF-Icon-Blue-VMC-double-flux-MyDATEC-Documentation-climatisation1.png\" alt=\"PDF-Icon-Blue VMC-double-flux-MyDATEC-Documentation-climatisation\" width=\"35\" height=\"35\"><\/a><a href=\"https:\/\/www.mydatec.com\/wp-content\/uploads\/2015\/03\/Dossier-de-presse-MyDATEC.pdf\" target=\"_blank\" rel=\"noopener noreferrer\">Dossier de presse &#8211; Une nouvelle alternative au chauffage des maisons performantes<\/a><\/p>\n<h3>Parutions presse<\/h3>\n<p>Parution&nbsp;<a title=\"voir le site chaud froid performance magazine\" href=\"https:\/\/lebatimentperformant.fr\/#\">magazine CFP (Chaud Froid Performance)<\/a><em>&nbsp;N\u00b0788<\/em>&#8211; Avril 2015 :&nbsp;<a href=\"https:\/\/www.mydatec.com\/wp-content\/uploads\/2012\/12\/2015_04_CFP_788.pdf\">CFP AVRIL 2015<\/a><\/p>\n<p>Parution <a title=\"voir le site chaud froid performance magazine\" href=\"https:\/\/lebatimentperformant.fr\/#\">magazine CFP (Chaud Froid Performance)<\/a>&nbsp;N\u00b0786<em>&nbsp;<\/em>&#8211; F\u00e9vrier 2015 : <a href=\"https:\/\/www.mydatec.com\/wp-content\/uploads\/2012\/12\/2015_02_13-article-cfp_dossier-ventilation.pdf\">Article MyDATEC <\/a><\/p>\n<p>Parution magazine <em>J3e&nbsp;<\/em>&#8211; juillet 2014 :&nbsp;<a href=\"https:\/\/www.mydatec.com\/wp-content\/uploads\/2014\/07\/Article-qualite-de-lair.pdf\" target=\"_blank\" rel=\"noopener noreferrer\">Lire l&rsquo;article<\/a><\/p>\n<p>Parution magazine&nbsp;<em>Climat confort<\/em>&nbsp;&#8211; mai 2014 :&nbsp;<a href=\"https:\/\/www.mydatec.com\/wp-content\/uploads\/2012\/12\/2014_05_clima_confort_interview_fl_2.pdf\" target=\"_blank\" rel=\"noopener noreferrer\">climat+confort interview lavogiez<\/a><\/p>\n<p>Parution magazine&nbsp;<em>Climat confort<\/em>&nbsp;&#8211; novembre 2013&nbsp;:&nbsp;<a href=\"http:\/\/genieclimatique.fr\/Actualites\/Entreprises-et-marches\/Fiche\/3884\/MyDatec-dispose-desormais-d-un-titre-V#.W0xWWNIzaUk\" target=\"_blank\" rel=\"noopener noreferrer\">Lire l&rsquo;article<\/a><\/p>\n<p>Parution magazine <em>Climat confort<\/em> &#8211; &nbsp;f\u00e9vrier 2012&nbsp;: <a href=\"http:\/\/genieclimatique.fr\/Actualites\/Entreprises-et-marches\/Fiche\/3884\/MyDatec-dispose-desormais-d-un-titre-V#.W0xWX9IzaUl\" target=\"_blank\" rel=\"noopener noreferrer\">Lire l&rsquo;article<\/a><\/p>\n<p>Parutions magazine&nbsp;<em>CEP<\/em>&nbsp; &#8211; 20 Juillet 2012&nbsp; :&nbsp;<a href=\"https:\/\/www.mydatec.com\/wp-content\/uploads\/2012\/12\/Article-CFP-072012.pdf\" target=\"_blank\" rel=\"noopener noreferrer\">Lire l&rsquo;article<\/a><\/p>\n<h3>Les blogs de nos clients qui parlent de leur \u00ab\u00a0exp\u00e9rience MyDATEC\u00a0\u00bb<\/h3>\n<p>Sandrine &amp; S\u00e9bastien: Une maison \u00e0 la campagne : <a href=\"http:\/\/maison-a-la-campagne.blogspot.com\/search\/label\/VMC%20DF%20Thermodynamique\">Voir le blog<\/a><\/p>\n<p>Maison passive en Alsace (MyDATEC+Euromac2):&nbsp;<a href=\"http:\/\/maison-passive-alsace.blogspot.com\/2013\/07\/56-installation-de-la-vmc-double-flux.html\" target=\"_blank\" rel=\"noopener noreferrer\">Visiter le blog<\/a><\/p>\n<h3>Parutions Web<\/h3>\n<p>Parution sur le site presse EDIPA: <a href=\"https:\/\/lebatimentperformant.fr\/?AcceptCookies=check\">Lire l&rsquo;article<\/a><\/p>\n<p>Parution sur le site d&rsquo;ETI-Construction: <a href=\"http:\/\/www.eti-construction.fr\/la-vmc-thermodynamique-s-associe-au-poele-a-bois-pour-plus-de-confort-13413\/\">Lire l&rsquo;article<\/a><\/p>\n<p>Parution sur le site rt-2012.com:&nbsp;<a href=\"https:\/\/www.rt-2012.com\/prestations-etude-et-attestation\/tarifs-rt-2012-maison-individuelle\/\" target=\"_blank\" rel=\"noopener noreferrer\">Lire l&rsquo;article<\/a><\/p>\n<p>Parution sur le site du Cluster Rh\u00f4nes Alpes eco-\u00e9nergies: <a href=\"https:\/\/www.ecoenergies-cluster.fr\/?id=1142\" target=\"_blank\" rel=\"noopener noreferrer\">Voir l&rsquo;article<\/a><\/p>\n<p>Parution web TV: Creer ma maison: Voir la video<\/p>\n<p>Parution BATIACTU: <a href=\"https:\/\/produits.batiactu.com\/famille-vmc-centralisee-double-flux-561.php\" target=\"_blank\" rel=\"noopener noreferrer\">Lire l&rsquo;article<\/a><\/p>\n<p>Referenc\u00e9 sur BATIPRODUITS:&nbsp;<a href=\"https:\/\/www.batiproduits.com\/fiche\/fabricant\/mydatec-66728\/\" target=\"_blank\" rel=\"noopener noreferrer\">Voir<\/a><\/p>\n<p>Referenc\u00e9 sur BATILOGIS:&nbsp;<a title=\"mydatec batilogis\" href=\"http:\/\/www.batilogis.fr\/\" target=\"_blank\" rel=\"noopener noreferrer\">Voir<\/a><\/p>\n<p>Parution PAGES ENERGIES: <a href=\"http:\/\/blog.pages-energie.com\/confort-et-qualite-de-lair-la-ventilation-thermodynamique-double-flux-2602.html\">Lire l&rsquo;article<\/a>&nbsp;voir le <a title=\"mydatec pages energie\" href=\"http:\/\/blog.pages-energie.com\/portfolio\/my-datec\">referencement<\/a><\/p>\n<p>Parution web sur le site&nbsp;<em>Future Sciences<\/em>&nbsp;:&nbsp;<a title=\"VMC double flux Futura Sciences\" href=\"https:\/\/forums.futura-sciences.com\/habitat-bioclimatique-isolation-chauffage\/234453-vmc-double-flux-thermodynamique.html\" target=\"_blank\" rel=\"noopener noreferrer\">Futura Sciences &#8211; Habitat bioclimatique, isolation et chauffage &#8211; VMC double flux thermodynamique<\/a><\/p>\n<p>R\u00e9f\u00e9renc\u00e9 sur Batitel.com: <a href=\"http:\/\/www.batitel.com\/materiauxbatiment\/fabricant\/MyDATEC-325\" target=\"_blank\" rel=\"noopener noreferrer\">Voir<\/a><\/p>\n<p>Chauffe eau TV<\/p>\n<p>R\u00e9f\u00e9renc\u00e9&nbsp;sur GT BAT<\/p>\n<p>Parution Zepros<\/p>\n<p>Parution Web&nbsp;AIRCLIMATISE.BE<\/p>\n<p>Parution Xpair:&nbsp;<a href=\"https:\/\/produits.xpair.com\/innovation\/mydatec-vmc-double-flux-pac.htm\" target=\"_blank\" rel=\"noopener noreferrer\">Lire l&rsquo;article<\/a><\/p>\n<p>Parution Archiexpo<\/p>\n<p>Parution r\u00e9nover une maison: <a href=\"http:\/\/www.renover-une-maison.com\/vmc\/emoignage-en-maison-neuve-mydatec-vmc-double-flux-thermodynamique\/\">Lire l&rsquo;article<\/a><\/p>\n<p>Forum Maison et bois international: <a href=\"http:\/\/www.maisons-et-bois.com\/discussions\/viewtopic.php?id=25038\">Voir<\/a><\/p>\n<p>Br\u00e8ve sur inforenovateur.com<\/p>\n<p>Publication Economies energies<\/p>\n<p>Br\u00e8ve du Journal de l&rsquo;environnement: <a href=\"http:\/\/www.journaldelenvironnement.net\/article\/rt-2012-agrement-du-mode-de-prise-en-compte-du-systeme-mydatec,36171\">Voir<\/a><\/p>\n<p>Syst\u00e8me \u00e9nerg\u00e9tique du nord: pr\u00e9sentation du produit VMC thermodynamique<\/p>\n<p>ANH Services: pr\u00e9sentation du produit VMC thermodynamique<\/p>\n","protected":false},"excerpt":{"rendered":"<p>&nbsp;Dossier de presse &amp; communiqu\u00e9s de presse Communiqu\u00e9 de presse \/ Octobre 2017 &#8211; Communiqu\u00e9 de presse : Communiqu\u00e9 de presse &#8211;&nbsp;Le confort MyDATEC s\u2019invite  [&#8230;]<\/p>\n","protected":false},"author":6,"featured_media":0,"parent":0,"menu_order":11,"comment_status":"closed","ping_status":"open","template":"","meta":{"footnotes":""},"class_list":["post-134","page","type-page","status-publish","hentry"],"yoast_head":"<!-- This site is optimized with the Yoast SEO plugin v27.5 - https:\/\/yoast.com\/product\/yoast-seo-wordpress\/ -->\n<title>Dossier de presse et parutions<\/title>\n<meta name=\"description\" content=\"Dossier de presse et parutions - MyDATEC, la VMC double flux thermodynamique : ventilation, chauffage et rafraichissement, couplage poele a granule\" \/>\n<meta name=\"robots\" content=\"index, follow, max-snippet:-1, max-image-preview:large, max-video-preview:-1\" \/>\n<link rel=\"canonical\" href=\"https:\/\/www.mydatec.com\/fr\/dossier-de-presse-parutions-vmc\/\" \/>\n<meta property=\"og:locale\" content=\"fr_FR\" \/>\n<meta property=\"og:type\" content=\"article\" \/>\n<meta property=\"og:title\" content=\"Dossier de presse et parutions\" \/>\n<meta property=\"og:description\" content=\"Dossier de presse et parutions - MyDATEC, la VMC double flux thermodynamique : ventilation, chauffage et rafraichissement, couplage poele a granule\" \/>\n<meta property=\"og:url\" content=\"https:\/\/www.mydatec.com\/fr\/dossier-de-presse-parutions-vmc\/\" \/>\n<meta property=\"og:site_name\" content=\"MyDATEC\" \/>\n<meta property=\"article:modified_time\" content=\"2020-04-14T22:32:43+00:00\" \/>\n<meta property=\"og:image\" content=\"https:\/\/www.mydatec.com\/wp-content\/uploads\/2012\/12\/PDF-Icon-Blue-VMC-double-flux-MyDATEC-Documentation-climatisation1.png\" \/>\n<meta name=\"twitter:label1\" content=\"Dur\u00e9e de lecture estim\u00e9e\" \/>\n\t<meta name=\"twitter:data1\" content=\"2 minutes\" \/>\n<script type=\"application\/ld+json\" class=\"yoast-schema-graph\">{\"@context\":\"https:\\\/\\\/schema.org\",\"@graph\":[{\"@type\":\"WebPage\",\"@id\":\"https:\\\/\\\/www.mydatec.com\\\/fr\\\/dossier-de-presse-parutions-vmc\\\/\",\"url\":\"https:\\\/\\\/www.mydatec.com\\\/fr\\\/dossier-de-presse-parutions-vmc\\\/\",\"name\":\"Dossier de presse et parutions\",\"isPartOf\":{\"@id\":\"https:\\\/\\\/www.mydatec.com\\\/fr\\\/#website\"},\"primaryImageOfPage\":{\"@id\":\"https:\\\/\\\/www.mydatec.com\\\/fr\\\/dossier-de-presse-parutions-vmc\\\/#primaryimage\"},\"image\":{\"@id\":\"https:\\\/\\\/www.mydatec.com\\\/fr\\\/dossier-de-presse-parutions-vmc\\\/#primaryimage\"},\"thumbnailUrl\":\"https:\\\/\\\/www.mydatec.com\\\/wp-content\\\/uploads\\\/2012\\\/12\\\/PDF-Icon-Blue-VMC-double-flux-MyDATEC-Documentation-climatisation1.png\",\"datePublished\":\"2012-12-13T16:22:32+00:00\",\"dateModified\":\"2020-04-14T22:32:43+00:00\",\"description\":\"Dossier de presse et parutions - MyDATEC, la VMC double flux thermodynamique : ventilation, chauffage et rafraichissement, couplage poele a granule\",\"breadcrumb\":{\"@id\":\"https:\\\/\\\/www.mydatec.com\\\/fr\\\/dossier-de-presse-parutions-vmc\\\/#breadcrumb\"},\"inLanguage\":\"fr-FR\",\"potentialAction\":[{\"@type\":\"ReadAction\",\"target\":[\"https:\\\/\\\/www.mydatec.com\\\/fr\\\/dossier-de-presse-parutions-vmc\\\/\"]}]},{\"@type\":\"ImageObject\",\"inLanguage\":\"fr-FR\",\"@id\":\"https:\\\/\\\/www.mydatec.com\\\/fr\\\/dossier-de-presse-parutions-vmc\\\/#primaryimage\",\"url\":\"https:\\\/\\\/www.mydatec.com\\\/wp-content\\\/uploads\\\/2012\\\/12\\\/PDF-Icon-Blue-VMC-double-flux-MyDATEC-Documentation-climatisation1.png\",\"contentUrl\":\"https:\\\/\\\/www.mydatec.com\\\/wp-content\\\/uploads\\\/2012\\\/12\\\/PDF-Icon-Blue-VMC-double-flux-MyDATEC-Documentation-climatisation1.png\"},{\"@type\":\"BreadcrumbList\",\"@id\":\"https:\\\/\\\/www.mydatec.com\\\/fr\\\/dossier-de-presse-parutions-vmc\\\/#breadcrumb\",\"itemListElement\":[{\"@type\":\"ListItem\",\"position\":1,\"name\":\"Accueil\",\"item\":\"https:\\\/\\\/www.mydatec.com\\\/fr\\\/\"},{\"@type\":\"ListItem\",\"position\":2,\"name\":\"Dossier de presse &#038; parutions\"}]},{\"@type\":\"WebSite\",\"@id\":\"https:\\\/\\\/www.mydatec.com\\\/fr\\\/#website\",\"url\":\"https:\\\/\\\/www.mydatec.com\\\/fr\\\/\",\"name\":\"MyDATEC\",\"description\":\"La solution thermodynamique\",\"publisher\":{\"@id\":\"https:\\\/\\\/www.mydatec.com\\\/fr\\\/#organization\"},\"potentialAction\":[{\"@type\":\"SearchAction\",\"target\":{\"@type\":\"EntryPoint\",\"urlTemplate\":\"https:\\\/\\\/www.mydatec.com\\\/fr\\\/?s={search_term_string}\"},\"query-input\":{\"@type\":\"PropertyValueSpecification\",\"valueRequired\":true,\"valueName\":\"search_term_string\"}}],\"inLanguage\":\"fr-FR\"},{\"@type\":\"Organization\",\"@id\":\"https:\\\/\\\/www.mydatec.com\\\/fr\\\/#organization\",\"name\":\"MyDatec\",\"url\":\"https:\\\/\\\/www.mydatec.com\\\/fr\\\/\",\"logo\":{\"@type\":\"ImageObject\",\"inLanguage\":\"fr-FR\",\"@id\":\"https:\\\/\\\/www.mydatec.com\\\/fr\\\/#\\\/schema\\\/logo\\\/image\\\/\",\"url\":\"https:\\\/\\\/www.mydatec.com\\\/wp-content\\\/uploads\\\/2022\\\/01\\\/logo-mydatec.jpg\",\"contentUrl\":\"https:\\\/\\\/www.mydatec.com\\\/wp-content\\\/uploads\\\/2022\\\/01\\\/logo-mydatec.jpg\",\"width\":434,\"height\":351,\"caption\":\"MyDatec\"},\"image\":{\"@id\":\"https:\\\/\\\/www.mydatec.com\\\/fr\\\/#\\\/schema\\\/logo\\\/image\\\/\"},\"sameAs\":[\"http:\\\/\\\/www.linkedin.com\\\/in\\\/MyDATEC\"]}]}<\/script>\n<!-- \/ Yoast SEO plugin. -->","yoast_head_json":{"title":"Dossier de presse et parutions","description":"Dossier de presse et parutions - MyDATEC, la VMC double flux thermodynamique : ventilation, chauffage et rafraichissement, couplage poele a granule","robots":{"index":"index","follow":"follow","max-snippet":"max-snippet:-1","max-image-preview":"max-image-preview:large","max-video-preview":"max-video-preview:-1"},"canonical":"https:\/\/www.mydatec.com\/fr\/dossier-de-presse-parutions-vmc\/","og_locale":"fr_FR","og_type":"article","og_title":"Dossier de presse et parutions","og_description":"Dossier de presse et parutions - MyDATEC, la VMC double flux thermodynamique : ventilation, chauffage et rafraichissement, couplage poele a granule","og_url":"https:\/\/www.mydatec.com\/fr\/dossier-de-presse-parutions-vmc\/","og_site_name":"MyDATEC","article_modified_time":"2020-04-14T22:32:43+00:00","og_image":[{"url":"https:\/\/www.mydatec.com\/wp-content\/uploads\/2012\/12\/PDF-Icon-Blue-VMC-double-flux-MyDATEC-Documentation-climatisation1.png","type":"","width":"","height":""}],"twitter_misc":{"Dur\u00e9e de lecture estim\u00e9e":"2 minutes"},"schema":{"@context":"https:\/\/schema.org","@graph":[{"@type":"WebPage","@id":"https:\/\/www.mydatec.com\/fr\/dossier-de-presse-parutions-vmc\/","url":"https:\/\/www.mydatec.com\/fr\/dossier-de-presse-parutions-vmc\/","name":"Dossier de presse et parutions","isPartOf":{"@id":"https:\/\/www.mydatec.com\/fr\/#website"},"primaryImageOfPage":{"@id":"https:\/\/www.mydatec.com\/fr\/dossier-de-presse-parutions-vmc\/#primaryimage"},"image":{"@id":"https:\/\/www.mydatec.com\/fr\/dossier-de-presse-parutions-vmc\/#primaryimage"},"thumbnailUrl":"https:\/\/www.mydatec.com\/wp-content\/uploads\/2012\/12\/PDF-Icon-Blue-VMC-double-flux-MyDATEC-Documentation-climatisation1.png","datePublished":"2012-12-13T16:22:32+00:00","dateModified":"2020-04-14T22:32:43+00:00","description":"Dossier de presse et parutions - MyDATEC, la VMC double flux thermodynamique : ventilation, chauffage et rafraichissement, couplage poele a granule","breadcrumb":{"@id":"https:\/\/www.mydatec.com\/fr\/dossier-de-presse-parutions-vmc\/#breadcrumb"},"inLanguage":"fr-FR","potentialAction":[{"@type":"ReadAction","target":["https:\/\/www.mydatec.com\/fr\/dossier-de-presse-parutions-vmc\/"]}]},{"@type":"ImageObject","inLanguage":"fr-FR","@id":"https:\/\/www.mydatec.com\/fr\/dossier-de-presse-parutions-vmc\/#primaryimage","url":"https:\/\/www.mydatec.com\/wp-content\/uploads\/2012\/12\/PDF-Icon-Blue-VMC-double-flux-MyDATEC-Documentation-climatisation1.png","contentUrl":"https:\/\/www.mydatec.com\/wp-content\/uploads\/2012\/12\/PDF-Icon-Blue-VMC-double-flux-MyDATEC-Documentation-climatisation1.png"},{"@type":"BreadcrumbList","@id":"https:\/\/www.mydatec.com\/fr\/dossier-de-presse-parutions-vmc\/#breadcrumb","itemListElement":[{"@type":"ListItem","position":1,"name":"Accueil","item":"https:\/\/www.mydatec.com\/fr\/"},{"@type":"ListItem","position":2,"name":"Dossier de presse &#038; parutions"}]},{"@type":"WebSite","@id":"https:\/\/www.mydatec.com\/fr\/#website","url":"https:\/\/www.mydatec.com\/fr\/","name":"MyDATEC","description":"La solution thermodynamique","publisher":{"@id":"https:\/\/www.mydatec.com\/fr\/#organization"},"potentialAction":[{"@type":"SearchAction","target":{"@type":"EntryPoint","urlTemplate":"https:\/\/www.mydatec.com\/fr\/?s={search_term_string}"},"query-input":{"@type":"PropertyValueSpecification","valueRequired":true,"valueName":"search_term_string"}}],"inLanguage":"fr-FR"},{"@type":"Organization","@id":"https:\/\/www.mydatec.com\/fr\/#organization","name":"MyDatec","url":"https:\/\/www.mydatec.com\/fr\/","logo":{"@type":"ImageObject","inLanguage":"fr-FR","@id":"https:\/\/www.mydatec.com\/fr\/#\/schema\/logo\/image\/","url":"https:\/\/www.mydatec.com\/wp-content\/uploads\/2022\/01\/logo-mydatec.jpg","contentUrl":"https:\/\/www.mydatec.com\/wp-content\/uploads\/2022\/01\/logo-mydatec.jpg","width":434,"height":351,"caption":"MyDatec"},"image":{"@id":"https:\/\/www.mydatec.com\/fr\/#\/schema\/logo\/image\/"},"sameAs":["http:\/\/www.linkedin.com\/in\/MyDATEC"]}]}},"_links":{"self":[{"href":"https:\/\/www.mydatec.com\/fr\/wp-json\/wp\/v2\/pages\/134","targetHints":{"allow":["GET"]}}],"collection":[{"href":"https:\/\/www.mydatec.com\/fr\/wp-json\/wp\/v2\/pages"}],"about":[{"href":"https:\/\/www.mydatec.com\/fr\/wp-json\/wp\/v2\/types\/page"}],"author":[{"embeddable":true,"href":"https:\/\/www.mydatec.com\/fr\/wp-json\/wp\/v2\/users\/6"}],"replies":[{"embeddable":true,"href":"https:\/\/www.mydatec.com\/fr\/wp-json\/wp\/v2\/comments?post=134"}],"version-history":[{"count":5,"href":"https:\/\/www.mydatec.com\/fr\/wp-json\/wp\/v2\/pages\/134\/revisions"}],"predecessor-version":[{"id":6015,"href":"https:\/\/www.mydatec.com\/fr\/wp-json\/wp\/v2\/pages\/134\/revisions\/6015"}],"wp:attachment":[{"href":"https:\/\/www.mydatec.com\/fr\/wp-json\/wp\/v2\/media?parent=134"}],"curies":[{"name":"wp","href":"https:\/\/api.w.org\/{rel}","templated":true}]}}