{"id":121,"date":"2012-12-13T17:12:09","date_gmt":"2012-12-13T16:12:09","guid":{"rendered":"https:\/\/www.mydatec.com\/?page_id=121"},"modified":"2023-04-25T13:33:16","modified_gmt":"2023-04-25T12:33:16","slug":"foire-aux-questions","status":"publish","type":"page","link":"https:\/\/www.mydatec.com\/fr\/foire-aux-questions\/","title":{"rendered":"FAQ"},"content":{"rendered":"<div class=\"fusion-fullwidth fullwidth-box fusion-builder-row-1 fusion-flex-container nonhundred-percent-fullwidth non-hundred-percent-height-scrolling ctnr-top-h1-classique\" style=\"--awb-border-radius-top-left:0px;--awb-border-radius-top-right:0px;--awb-border-radius-bottom-right:0px;--awb-border-radius-bottom-left:0px;--awb-flex-wrap:wrap;\" ><div class=\"fusion-builder-row fusion-row fusion-flex-align-items-flex-start fusion-flex-justify-content-center fusion-flex-content-wrap\" style=\"max-width:1144px;margin-left: calc(-4% \/ 2 );margin-right: calc(-4% \/ 2 );\"><div class=\"fusion-layout-column fusion_builder_column fusion-builder-column-0 fusion_builder_column_1_1 1_1 fusion-flex-column col-texte\" style=\"--awb-bg-size:cover;--awb-width-large:100%;--awb-margin-top-large:0px;--awb-spacing-right-large:1.92%;--awb-margin-bottom-large:20px;--awb-spacing-left-large:1.92%;--awb-width-medium:100%;--awb-order-medium:0;--awb-spacing-right-medium:1.92%;--awb-spacing-left-medium:1.92%;--awb-width-small:100%;--awb-order-small:0;--awb-spacing-right-small:1.92%;--awb-spacing-left-small:1.92%;\"><div class=\"fusion-column-wrapper fusion-column-has-shadow fusion-flex-justify-content-flex-start fusion-content-layout-column\"><div class=\"fusion-title title fusion-title-1 fusion-sep-none fusion-title-text fusion-title-size-one\" style=\"--awb-margin-top-small:0px;--awb-margin-right-small:0px;--awb-margin-bottom-small:20px;--awb-margin-left-small:0px;\"><h1 class=\"fusion-title-heading title-heading-left\" style=\"margin:0;\">Foire aux questions<\/h1><\/div><div class=\"fusion-text fusion-text-1 ss-titre\" style=\"--awb-text-transform:none;\"><p><em>Cliquez sur la question pour d\u00e9couvrir la r\u00e9ponse MyDATEC<\/em><\/p>\n<\/div><div class=\"accordian fusion-accordian\" style=\"--awb-border-size:1px;--awb-icon-size:13px;--awb-content-font-size:15px;--awb-icon-alignment:left;--awb-hover-color:#f9f9f9;--awb-border-color:#cccccc;--awb-background-color:#ffffff;--awb-divider-color:#e0dede;--awb-divider-hover-color:#e0dede;--awb-icon-color:#ffffff;--awb-title-color:#333333;--awb-content-color:#000000;--awb-icon-box-color:#333333;--awb-toggle-hover-accent-color:#19517d;--awb-title-font-family:&quot;Libre Franklin&quot;;--awb-title-font-weight:regular;--awb-title-font-style:normal;--awb-title-font-size:13px;--awb-content-font-family:&quot;Open Sans&quot;;--awb-content-font-style:normal;--awb-content-font-weight:regular;\"><div class=\"panel-group fusion-toggle-icon-boxed\" id=\"accordion-121-1\"><div class=\"fusion-panel panel-default panel-65d5b4398aa6ae214 fusion-toggle-has-divider\"><div class=\"panel-heading\"><h4 class=\"panel-title toggle\" id=\"toggle_65d5b4398aa6ae214\"><a aria-expanded=\"false\" aria-controls=\"65d5b4398aa6ae214\" role=\"button\" data-toggle=\"collapse\" data-parent=\"#accordion-121-1\" data-target=\"#65d5b4398aa6ae214\" href=\"#65d5b4398aa6ae214\"><span class=\"fusion-toggle-icon-wrapper\" aria-hidden=\"true\"><i class=\"fa-fusion-box active-icon awb-icon-minus\" aria-hidden=\"true\"><\/i><i class=\"fa-fusion-box inactive-icon awb-icon-plus\" aria-hidden=\"true\"><\/i><\/span><span class=\"fusion-toggle-heading\">Votre syst\u00e8me assure-t-il le chauffage complet de ma maison ?<\/span><\/a><\/h4><\/div><div id=\"65d5b4398aa6ae214\" class=\"panel-collapse collapse \" aria-labelledby=\"toggle_65d5b4398aa6ae214\"><div class=\"panel-body toggle-content fusion-clearfix\">\n<p>Cela d\u00e9pend des performances thermiques de votre maison et de vos habitudes de consommation en mati\u00e8re de chauffage !<\/p>\n<ul>\n<li>La VMC thermodynamique MyDATEC peut fournir en moyenne jusqu\u2019\u00e0 3KW de puissance calorifique par sa seule pompe \u00e0 chaleur sur air extrait.<\/li>\n<li>Dans le neuf: En r\u00e8gle g\u00e9n\u00e9rale, MyDATEC assure la quasi-totalit\u00e9 des besoins de chauffage dans les maisons nouvellement construites aux normes RT2012. Un compl\u00e9ment via un po\u00eale \u00e0 bois, un puits canadien, et\/ou des r\u00e9sistances \u00e9lectriques de s\u00e9curit\u00e9 pour les grands froid pourront \u00eatre pr\u00e9conis\u00e9s dans certains cas.<\/li>\n<li>En r\u00e9novation, MyDATEC assure dans la plupart des cas la totalit\u00e9 des besoins de chauffage en mi saison, ce qui vous permettra par exemple d\u2019arr\u00eater votre ancien syst\u00e8me plus \u00e9nergivore pendant cette p\u00e9riode de l\u2019ann\u00e9e. Dans certain cas, MyDATEC et votre autre syst\u00e8me de chauffage pourront \u00eatre coupl\u00e9s pour fonctionner ensemble de la mani\u00e8re la plus \u00e9conome.<\/li>\n<li>La meilleure solution : En fonction des performances thermiques de votre maison, de sa surface, de la r\u00e9gion o\u00f9 vous habitez, un Bureau d\u2019\u00e9tude thermique sp\u00e9cialis\u00e9 sera en mesure de vous indiquer la puissance calorifique dont vous avez besoin. En fonction de cette \u00e9tude, nous serons \u00e0 m\u00eame de vous dire si votre installation MyDATEC n\u00e9cessite un appoint de chauffage.<\/li>\n<\/ul>\n<\/div><\/div><\/div><div class=\"fusion-panel panel-default panel-f11d734f8b4144d46 fusion-toggle-has-divider\"><div class=\"panel-heading\"><h4 class=\"panel-title toggle\" id=\"toggle_f11d734f8b4144d46\"><a aria-expanded=\"false\" aria-controls=\"f11d734f8b4144d46\" role=\"button\" data-toggle=\"collapse\" data-parent=\"#accordion-121-1\" data-target=\"#f11d734f8b4144d46\" href=\"#f11d734f8b4144d46\"><span class=\"fusion-toggle-icon-wrapper\" aria-hidden=\"true\"><i class=\"fa-fusion-box active-icon awb-icon-minus\" aria-hidden=\"true\"><\/i><i class=\"fa-fusion-box inactive-icon awb-icon-plus\" aria-hidden=\"true\"><\/i><\/span><span class=\"fusion-toggle-heading\">La VMC MyDATEC est-il compatible avec du BBC ? De la maison passive labellis\u00e9e ? De la maison \u00e0 \u00e9nergie positive ?<\/span><\/a><\/h4><\/div><div id=\"f11d734f8b4144d46\" class=\"panel-collapse collapse \" aria-labelledby=\"toggle_f11d734f8b4144d46\"><div class=\"panel-body toggle-content fusion-clearfix\">\n<p>Bien entendu, il est m\u00eame sp\u00e9cialement adapt\u00e9 \u00e0 cet effet. Sachez qu\u2019avec les nouvelles normes RT 2012, vous serez oblig\u00e9 de passer par un bureau d\u2019\u00e9tude thermique. Pensez donc \u00e0 nous communiquer ses coordonn\u00e9es afin que nous lui apportions tous les \u00e9l\u00e9ments relatifs au calcul de l\u2019\u00e9tude thermique.<\/p>\n<\/div><\/div><\/div><div class=\"fusion-panel panel-default panel-f077ffc1af4959d02 fusion-toggle-has-divider\"><div class=\"panel-heading\"><h4 class=\"panel-title toggle\" id=\"toggle_f077ffc1af4959d02\"><a aria-expanded=\"false\" aria-controls=\"f077ffc1af4959d02\" role=\"button\" data-toggle=\"collapse\" data-parent=\"#accordion-121-1\" data-target=\"#f077ffc1af4959d02\" href=\"#f077ffc1af4959d02\"><span class=\"fusion-toggle-icon-wrapper\" aria-hidden=\"true\"><i class=\"fa-fusion-box active-icon awb-icon-minus\" aria-hidden=\"true\"><\/i><i class=\"fa-fusion-box inactive-icon awb-icon-plus\" aria-hidden=\"true\"><\/i><\/span><span class=\"fusion-toggle-heading\">Qu\u2019apporte de plus la VMC MyDATEC par rapport \u00e0 une double flux ? Comment peut-on aller plus loin qu\u2019un \u00e9changeur statique de rendement 100% ?<\/span><\/a><\/h4><\/div><div id=\"f077ffc1af4959d02\" class=\"panel-collapse collapse \" aria-labelledby=\"toggle_f077ffc1af4959d02\"><div class=\"panel-body toggle-content fusion-clearfix\">\n<p>Lorsqu\u2019on ventile on introduit de l\u2019air froid (\u00e0 la temp\u00e9rature ext\u00e9rieure) qui, apr\u00e8s chauffage \u00e0 la temp\u00e9rature ambiante (environ 20\u00b0C) sera rejet\u00e9 vers l\u2019ext\u00e9rieur. Cette perte constitue une part significative du bilan total de chauffage. Les solutions sont :<\/p>\n<ul>\n<li>La VMC double flux avec \u00e9changeur statique va limiter le gaspillage vis-\u00e0-vis de cette perte en emprisonnant une partie des calories avant de rejeter l\u2019air extrait \u00e0 l\u2019ext\u00e9rieur.<\/li>\n<li>La VMC thermodynamique au lieu de gaspiller cette \u00e9nergie, va s\u2019en servir comme source pour produire de la chaleur ou du froid (principe de la pompe \u00e0 chaleur) En effet, cette source de chaleur est constante, environ \u00e0 20\u00b0C<\/li>\n<li>Pour comparer les deux syst\u00e8mes on pourrait dire qu\u2019une VMC thermodynamique a un rendement de 400 \u00e0 500% puisqu\u2019elle apporte 4 \u00e0 5 fois plus d\u2019\u00e9nergie qu\u2019elle n\u2019en consomme.<\/li>\n<\/ul>\n<p>En savoir plus sur le\u00a0<a href=\"https:\/\/www.mydatec.com\/le-rendement-du-systeme-de-ventilation-mydatec-pourquoi-est-il-si-efficace\/\"><strong>rendement d\u2019une VMC.<\/strong><\/a><\/p>\n<\/div><\/div><\/div><div class=\"fusion-panel panel-default panel-8e3c179e6cff7b64e fusion-toggle-has-divider\"><div class=\"panel-heading\"><h4 class=\"panel-title toggle\" id=\"toggle_8e3c179e6cff7b64e\"><a aria-expanded=\"false\" aria-controls=\"8e3c179e6cff7b64e\" role=\"button\" data-toggle=\"collapse\" data-parent=\"#accordion-121-1\" data-target=\"#8e3c179e6cff7b64e\" href=\"#8e3c179e6cff7b64e\"><span class=\"fusion-toggle-icon-wrapper\" aria-hidden=\"true\"><i class=\"fa-fusion-box active-icon awb-icon-minus\" aria-hidden=\"true\"><\/i><i class=\"fa-fusion-box inactive-icon awb-icon-plus\" aria-hidden=\"true\"><\/i><\/span><span class=\"fusion-toggle-heading\">Quelle est la diff\u00e9rence entre la VMC double flux thermodynamique et une PAC air-air classique ?<\/span><\/a><\/h4><\/div><div id=\"8e3c179e6cff7b64e\" class=\"panel-collapse collapse \" aria-labelledby=\"toggle_8e3c179e6cff7b64e\"><div class=\"panel-body toggle-content fusion-clearfix\">\n<ul>\n<li>La VMC thermodynamique c\u2019est un syst\u00e8me de ventilation coupl\u00e9 \u00e0 une pompe \u00e0 chaleur de la m\u00eame famille que les syst\u00e8mes AIR\/AIR habituellement rencontr\u00e9s sur le march\u00e9.<\/li>\n<li>A la diff\u00e9rence que : une pompe \u00e0 chaleur sur AIR\/AIR puise sa source de calories dans l\u2019air ext\u00e9rieur (entre -10 et 10\u00b0C en hiver). Une pompe \u00e0 chaleur sur air extrait (MyDATEC) puise sa source de calories dans l\u2019air extrait du logement via le syst\u00e8me de ventilation (constamment \u00e0 20\u00b0C)<\/li>\n<li>L\u2019inconv\u00e9nient de la PAC air \/ air c\u2019est qu\u2019elle fonctionne moins bien en hiver (quand la source est froide) alors que les besoins sont les plus important<\/li>\n<li>La VMC thermodynamique procure des performances maximales en hiver (COP de 6 \u00e0 -10\u00b0C)<\/li>\n<\/ul>\n<\/div><\/div><\/div><div class=\"fusion-panel panel-default panel-8c7b9ac8a5257e4a0 fusion-toggle-has-divider\"><div class=\"panel-heading\"><h4 class=\"panel-title toggle\" id=\"toggle_8c7b9ac8a5257e4a0\"><a aria-expanded=\"false\" aria-controls=\"8c7b9ac8a5257e4a0\" role=\"button\" data-toggle=\"collapse\" data-parent=\"#accordion-121-1\" data-target=\"#8c7b9ac8a5257e4a0\" href=\"#8c7b9ac8a5257e4a0\"><span class=\"fusion-toggle-icon-wrapper\" aria-hidden=\"true\"><i class=\"fa-fusion-box active-icon awb-icon-minus\" aria-hidden=\"true\"><\/i><i class=\"fa-fusion-box inactive-icon awb-icon-plus\" aria-hidden=\"true\"><\/i><\/span><span class=\"fusion-toggle-heading\">Comment fonctionne l\u2019\u00e9changeur thermodynamique ?<\/span><\/a><\/h4><\/div><div id=\"8c7b9ac8a5257e4a0\" class=\"panel-collapse collapse \" aria-labelledby=\"toggle_8c7b9ac8a5257e4a0\"><div class=\"panel-body toggle-content fusion-clearfix\">\n<ul>\n<li>Le r\u00e9cup\u00e9rateur thermodynamique MyDATEC gr\u00e2ce \u00e0 son circuit frigorifique (pompe \u00e0 chaleur air extrait \u2013 air neuf) permet de refroidir l\u2019air extrait jusqu\u2019\u00e0 + 2\u00b0C environ. On pr\u00e9l\u00e8ve donc \u00ab\u00a018\u00b0C\u00a0\u00bb auxquels viendront s\u2019ajouter la d\u00e9s-humidification de l\u2019air extrait provenant de la cuisine et des sanitaires, c\u2019est-\u00e0-dire la chaleur \u00ab latente \u00bb, ainsi que l\u2019\u00e9quivalent en chaleur de l\u2019\u00e9nergie \u00e9lectrique fournie \u00e0 l\u2019appareil (compresseurs, ventilateurs).<\/li>\n<li>En fait, la temp\u00e9rature de l\u2019air neuf sera \u00e9lev\u00e9e de 25 \u00e0 30\u00b0C dont 18 \u00e0 20\u00b0C r\u00e9cup\u00e9r\u00e9s sur l\u2019air extrait. (Dans l\u2019exemple ci-dessus, l\u2019\u00e9volution serait : air extrait : +20\u00b0C =&gt; +2\u00b0C ; air neuf : +10\u00b0C =&gt; + 35C\u00b0).<\/li>\n<li>Lorsque l\u2019air extrait est rejet\u00e9 du logement \u00e0 une temp\u00e9rature inf\u00e9rieure \u00e0 la temp\u00e9rature ext\u00e9rieure, ce qui sera le r\u00e9gime le plus fr\u00e9quent (exemple +2\u00b0C pour +10\u00b0C ext\u00e9rieur) le syst\u00e8me puisera de la chaleur au milieu ext\u00e9rieur.<\/li>\n<\/ul>\n<\/div><\/div><\/div><div class=\"fusion-panel panel-default panel-f108b458f0418bb18 fusion-toggle-has-divider\"><div class=\"panel-heading\"><h4 class=\"panel-title toggle\" id=\"toggle_f108b458f0418bb18\"><a aria-expanded=\"false\" aria-controls=\"f108b458f0418bb18\" role=\"button\" data-toggle=\"collapse\" data-parent=\"#accordion-121-1\" data-target=\"#f108b458f0418bb18\" href=\"#f108b458f0418bb18\"><span class=\"fusion-toggle-icon-wrapper\" aria-hidden=\"true\"><i class=\"fa-fusion-box active-icon awb-icon-minus\" aria-hidden=\"true\"><\/i><i class=\"fa-fusion-box inactive-icon awb-icon-plus\" aria-hidden=\"true\"><\/i><\/span><span class=\"fusion-toggle-heading\">Pourquoi ce n\u2019est que maintenant qu\u2019on parle de pollution d\u2019air int\u00e9rieur, de COV, de formald\u00e9hyde ?<\/span><\/a><\/h4><\/div><div id=\"f108b458f0418bb18\" class=\"panel-collapse collapse \" aria-labelledby=\"toggle_f108b458f0418bb18\"><div class=\"panel-body toggle-content fusion-clearfix\">\n<p>Jusqu\u2019aux ann\u00e9es 1950, il n\u2019y avait, par exemple, ni moquettes ni produits d\u2019entretien tr\u00e8s \u00e9labor\u00e9s : les sources de pollution \u00e9taient sans doute moins importantes. Et comme ces maisons \u00e9taient des \u00ab\u00a0passoires\u00a0\u00bb, elles \u00e9taient tr\u00e8s bien ventil\u00e9es. Dans les ann\u00e9es 1970 le probl\u00e8me a explos\u00e9. Avec la crise p\u00e9troli\u00e8re, l\u2019isolation des b\u00e2timents a \u00e9t\u00e9 encourag\u00e9e afin de r\u00e9aliser des \u00e9conomies d\u2019\u00e9nergie. C\u2019est ce ph\u00e9nom\u00e8ne qui a aggrav\u00e9 la pollution int\u00e9rieure, en la pi\u00e9geant dans nos maisons, \u00e0 une \u00e9poque o\u00f9 la ventilation m\u00e9canique n\u2019\u00e9tait pas tr\u00e8s d\u00e9velopp\u00e9e. Les probl\u00e8mes de sant\u00e9, et notamment d\u2019allergies, n\u2019ont fait que prendre de l\u2019ampleur depuis.<\/p>\n<\/div><\/div><\/div><div class=\"fusion-panel panel-default panel-2810085f9f7308a48 fusion-toggle-has-divider\"><div class=\"panel-heading\"><h4 class=\"panel-title toggle\" id=\"toggle_2810085f9f7308a48\"><a aria-expanded=\"false\" aria-controls=\"2810085f9f7308a48\" role=\"button\" data-toggle=\"collapse\" data-parent=\"#accordion-121-1\" data-target=\"#2810085f9f7308a48\" href=\"#2810085f9f7308a48\"><span class=\"fusion-toggle-icon-wrapper\" aria-hidden=\"true\"><i class=\"fa-fusion-box active-icon awb-icon-minus\" aria-hidden=\"true\"><\/i><i class=\"fa-fusion-box inactive-icon awb-icon-plus\" aria-hidden=\"true\"><\/i><\/span><span class=\"fusion-toggle-heading\">Qu\u2019est ce qu\u2019il se passe si j\u2019ouvre mes fen\u00eatres ?<\/span><\/a><\/h4><\/div><div id=\"2810085f9f7308a48\" class=\"panel-collapse collapse \" aria-labelledby=\"toggle_2810085f9f7308a48\"><div class=\"panel-body toggle-content fusion-clearfix\">\n<p>C\u2019est comme le bouchon de votre bouteille thermos : c\u2019est fait pour \u00e7a, mais il ne faut pas en abuser, sinon le caf\u00e9 refroidit ! De plus quand vous ouvrez les fen\u00eatres, les flux d\u2019air de la maison sont perturb\u00e9s, et votre ventilation n\u2019est plus aussi efficace. Il faut a\u00e9rer son logement par l\u2019ouverture des fen\u00eatres avec parcimonie quand on est \u00e9quip\u00e9 d\u2019un syst\u00e8me tel que MyDATEC, afin de limiter les pertes \u00e9nerg\u00e9tiques.<\/p>\n<\/div><\/div><\/div><div class=\"fusion-panel panel-default panel-8f493e407aaef17c1 fusion-toggle-has-divider\"><div class=\"panel-heading\"><h4 class=\"panel-title toggle\" id=\"toggle_8f493e407aaef17c1\"><a aria-expanded=\"false\" aria-controls=\"8f493e407aaef17c1\" role=\"button\" data-toggle=\"collapse\" data-parent=\"#accordion-121-1\" data-target=\"#8f493e407aaef17c1\" href=\"#8f493e407aaef17c1\"><span class=\"fusion-toggle-icon-wrapper\" aria-hidden=\"true\"><i class=\"fa-fusion-box active-icon awb-icon-minus\" aria-hidden=\"true\"><\/i><i class=\"fa-fusion-box inactive-icon awb-icon-plus\" aria-hidden=\"true\"><\/i><\/span><span class=\"fusion-toggle-heading\">Pourquoi choisir MyDATEC plut\u00f4t qu\u2019une autre marque de VMC thermodynamique ?<\/span><\/a><\/h4><\/div><div id=\"8f493e407aaef17c1\" class=\"panel-collapse collapse \" aria-labelledby=\"toggle_8f493e407aaef17c1\"><div class=\"panel-body toggle-content fusion-clearfix\">\n<ul>\n<li>MyDATEC est une marque lyonnaise, de fabrication exclusivement fran\u00e7aise<\/li>\n<li>MyDATEC a le syst\u00e8me le plus simple \u00e0 poser, et le plus compact du march\u00e9<\/li>\n<li>MyDATEC a les meilleures performances en pompe \u00e0 chaleur sur air extrait<\/li>\n<li>MyDATEC est la seule marque \u00e0 vous fournir ce niveau de servic<em>e\u00a0<\/em>(\u00e9tude technique au devis, pr\u00e9paration du kit, assistance technique \u00e0 l\u2019installation, diagnostic de panne gratuit)<\/li>\n<\/ul>\n<\/div><\/div><\/div><div class=\"fusion-panel panel-default panel-4047a869ef0b4c8b4 fusion-toggle-has-divider\"><div class=\"panel-heading\"><h4 class=\"panel-title toggle\" id=\"toggle_4047a869ef0b4c8b4\"><a aria-expanded=\"false\" aria-controls=\"4047a869ef0b4c8b4\" role=\"button\" data-toggle=\"collapse\" data-parent=\"#accordion-121-1\" data-target=\"#4047a869ef0b4c8b4\" href=\"#4047a869ef0b4c8b4\"><span class=\"fusion-toggle-icon-wrapper\" aria-hidden=\"true\"><i class=\"fa-fusion-box active-icon awb-icon-minus\" aria-hidden=\"true\"><\/i><i class=\"fa-fusion-box inactive-icon awb-icon-plus\" aria-hidden=\"true\"><\/i><\/span><span class=\"fusion-toggle-heading\">Le syst\u00e8me MyDATEC est-il adapt\u00e9 pour une maison \u00e0 \u00e9tages ?<\/span><\/a><\/h4><\/div><div id=\"4047a869ef0b4c8b4\" class=\"panel-collapse collapse \" aria-labelledby=\"toggle_4047a869ef0b4c8b4\"><div class=\"panel-body toggle-content fusion-clearfix\">\n<p>Le syst\u00e8me MyDatec peut parfaitement \u00eatre int\u00e9gr\u00e9 dans une maison \u00e0 \u00e9tages, mais comme pour une maison de plein pied l\u2019installation d\u00e9pendra de l\u2019agencement de votre maison. Il est pr\u00e9f\u00e9rable d\u2019anticiper des espaces r\u00e9serv\u00e9s aux passages des gaines tels que des faux plafonds, tr\u00e8s en amont du projet avec votre architecte<\/p>\n<\/div><\/div><\/div><div class=\"fusion-panel panel-default panel-2d1098b79d13e226f fusion-toggle-has-divider\"><div class=\"panel-heading\"><h4 class=\"panel-title toggle\" id=\"toggle_2d1098b79d13e226f\"><a aria-expanded=\"false\" aria-controls=\"2d1098b79d13e226f\" role=\"button\" data-toggle=\"collapse\" data-parent=\"#accordion-121-1\" data-target=\"#2d1098b79d13e226f\" href=\"#2d1098b79d13e226f\"><span class=\"fusion-toggle-icon-wrapper\" aria-hidden=\"true\"><i class=\"fa-fusion-box active-icon awb-icon-minus\" aria-hidden=\"true\"><\/i><i class=\"fa-fusion-box inactive-icon awb-icon-plus\" aria-hidden=\"true\"><\/i><\/span><span class=\"fusion-toggle-heading\">Est-il possible de transformer une VMC simple flux en double flux ou une VMC double flux thermodynamique ?<\/span><\/a><\/h4><\/div><div id=\"2d1098b79d13e226f\" class=\"panel-collapse collapse \" aria-labelledby=\"toggle_2d1098b79d13e226f\"><div class=\"panel-body toggle-content fusion-clearfix\">\n<p>Rien n\u2019est impossible. Toutefois un certain nombre de contraintes doit \u00eatre envisag\u00e9 avant de changer sa VMC en une VMC double flux thermodynamique, \u00e0 commencer par la mise en place d\u2019un second r\u00e9seau de gaines, n\u00e9cessaire \u00e0 l\u2019insufflation de l\u2019air neuf. Il faut aussi pr\u00e9voir l\u2019installation de l\u2019\u00e9changeur double flux, de pr\u00e9f\u00e9rence \u00e0 l\u2019int\u00e9rieur du volume chauff\u00e9.<\/p>\n<\/div><\/div><\/div><div class=\"fusion-panel panel-default panel-1efba8a678234ffcd fusion-toggle-has-divider\"><div class=\"panel-heading\"><h4 class=\"panel-title toggle\" id=\"toggle_1efba8a678234ffcd\"><a aria-expanded=\"false\" aria-controls=\"1efba8a678234ffcd\" role=\"button\" data-toggle=\"collapse\" data-parent=\"#accordion-121-1\" data-target=\"#1efba8a678234ffcd\" href=\"#1efba8a678234ffcd\"><span class=\"fusion-toggle-icon-wrapper\" aria-hidden=\"true\"><i class=\"fa-fusion-box active-icon awb-icon-minus\" aria-hidden=\"true\"><\/i><i class=\"fa-fusion-box inactive-icon awb-icon-plus\" aria-hidden=\"true\"><\/i><\/span><span class=\"fusion-toggle-heading\">Une VMC double flux Thermodynamique MyDATEC, \u00e7a s\u2019entretient ?<\/span><\/a><\/h4><\/div><div id=\"1efba8a678234ffcd\" class=\"panel-collapse collapse \" aria-labelledby=\"toggle_1efba8a678234ffcd\"><div class=\"panel-body toggle-content fusion-clearfix\">\n<p>Comme tout le reste ! N\u2019oubliez pas qu\u2019une VMC collecte une grande partie des poussi\u00e8res de la maison. Celles-ci, charg\u00e9es en humidit\u00e9 et en \u00e9lectricit\u00e9 statique, se d\u00e9posent sur les filtres qu\u2019il faudra remplacer une \u00e0 deux fois par an.\u00a0Vous pouvez commander des filtres de VMC double flux thermodynamique en cliquant ICI<\/p>\n<\/div><\/div><\/div><div class=\"fusion-panel panel-default panel-cdc8f7ce73828cc5c fusion-toggle-has-divider\" style=\"--awb-title-color:#333333;--awb-content-color:#000000;\"><div class=\"panel-heading\"><h4 class=\"panel-title toggle\" id=\"toggle_cdc8f7ce73828cc5c\"><a aria-expanded=\"false\" aria-controls=\"cdc8f7ce73828cc5c\" role=\"button\" data-toggle=\"collapse\" data-parent=\"#accordion-121-1\" data-target=\"#cdc8f7ce73828cc5c\" href=\"#cdc8f7ce73828cc5c\"><span class=\"fusion-toggle-icon-wrapper\" aria-hidden=\"true\"><i class=\"fa-fusion-box active-icon awb-icon-minus\" aria-hidden=\"true\"><\/i><i class=\"fa-fusion-box inactive-icon awb-icon-plus\" aria-hidden=\"true\"><\/i><\/span><span class=\"fusion-toggle-heading\">A quoi correspond un filtre F7 ?<\/span><\/a><\/h4><\/div><div id=\"cdc8f7ce73828cc5c\" class=\"panel-collapse collapse \" aria-labelledby=\"toggle_cdc8f7ce73828cc5c\"><div class=\"panel-body toggle-content fusion-clearfix\">\n<p>Principalement utilis\u00e9 \u00e0 l&rsquo;insufflation de l&rsquo;air neuf, la filtre F7 garanti une haute capacit\u00e9 filtrante.<\/p>\n<p>Hautement performant, le <strong>filtre F7 peut \u00eatre class\u00e9 ISO ePM2.5<\/strong>. Ainsi il fait barri\u00e8re aux bact\u00e9ries, champignons, pollens, poussi\u00e8res de toner\u2026\u00a0<strong>Aux particules sup\u00e9rieures \u00e0 2,5 \u03bcm (0,0025 mm)<\/strong><\/p>\n<\/div><\/div><\/div><div class=\"fusion-panel panel-default panel-38813b87f0acac6af fusion-toggle-has-divider\" style=\"--awb-title-color:#333333;--awb-content-color:#000000;\"><div class=\"panel-heading\"><h4 class=\"panel-title toggle\" id=\"toggle_38813b87f0acac6af\"><a aria-expanded=\"false\" aria-controls=\"38813b87f0acac6af\" role=\"button\" data-toggle=\"collapse\" data-parent=\"#accordion-121-1\" data-target=\"#38813b87f0acac6af\" href=\"#38813b87f0acac6af\"><span class=\"fusion-toggle-icon-wrapper\" aria-hidden=\"true\"><i class=\"fa-fusion-box active-icon awb-icon-minus\" aria-hidden=\"true\"><\/i><i class=\"fa-fusion-box inactive-icon awb-icon-plus\" aria-hidden=\"true\"><\/i><\/span><span class=\"fusion-toggle-heading\">A quoi correspond un filtre G4 ?<\/span><\/a><\/h4><\/div><div id=\"38813b87f0acac6af\" class=\"panel-collapse collapse \" aria-labelledby=\"toggle_38813b87f0acac6af\"><div class=\"panel-body toggle-content fusion-clearfix\">\n<p>Le filtre G4 a pour mission de filtrer l&rsquo;air vici\u00e9.<\/p>\n<p>Il peut aussi \u00eatre utilis\u00e9 en insufflation de l&rsquo;air neuf. Ainsi, il sert de pr\u00e9 filtre lorsqu&rsquo;il est associ\u00e9 au filtre principal le F7.<\/p>\n<\/div><\/div><\/div><div class=\"fusion-panel panel-default panel-b23c0dc7f3f427e57 fusion-toggle-has-divider\" style=\"--awb-title-color:#333333;--awb-content-color:#000000;\"><div class=\"panel-heading\"><h4 class=\"panel-title toggle\" id=\"toggle_b23c0dc7f3f427e57\"><a aria-expanded=\"false\" aria-controls=\"b23c0dc7f3f427e57\" role=\"button\" data-toggle=\"collapse\" data-parent=\"#accordion-121-1\" data-target=\"#b23c0dc7f3f427e57\" href=\"#b23c0dc7f3f427e57\"><span class=\"fusion-toggle-icon-wrapper\" aria-hidden=\"true\"><i class=\"fa-fusion-box active-icon awb-icon-minus\" aria-hidden=\"true\"><\/i><i class=\"fa-fusion-box inactive-icon awb-icon-plus\" aria-hidden=\"true\"><\/i><\/span><span class=\"fusion-toggle-heading\">A quelle fr\u00e9quence je dois changer mes filtres ?<\/span><\/a><\/h4><\/div><div id=\"b23c0dc7f3f427e57\" class=\"panel-collapse collapse \" aria-labelledby=\"toggle_b23c0dc7f3f427e57\"><div class=\"panel-body toggle-content fusion-clearfix\">\n<p>Vos filtres doivent \u00eatre chang\u00e9s toutes les ann\u00e9es. Afin de vous aider \u00e0 y penser, vous pouvez souscrire \u00e0 notre <a href=\"https:\/\/filtres.mydatec.com\/\">abonnement<\/a>.<\/p>\n<p>Vous recevrez ainsi vos filtres \u00e0 la date anniversaire.<\/p>\n<p>Enfin, nous vous conseillons d&rsquo;aspirer r\u00e9guli\u00e8rement la zone filtre afin de garantir le fonctionnement parfait de votre dispositif MyDATEC.<\/p>\n<\/div><\/div><\/div><div class=\"fusion-panel panel-default panel-822c98ee439e9e8c8 fusion-toggle-has-divider\" style=\"--awb-title-color:#333333;--awb-content-color:#000000;\"><div class=\"panel-heading\"><h4 class=\"panel-title toggle\" id=\"toggle_822c98ee439e9e8c8\"><a aria-expanded=\"false\" aria-controls=\"822c98ee439e9e8c8\" role=\"button\" data-toggle=\"collapse\" data-parent=\"#accordion-121-1\" data-target=\"#822c98ee439e9e8c8\" href=\"#822c98ee439e9e8c8\"><span class=\"fusion-toggle-icon-wrapper\" aria-hidden=\"true\"><i class=\"fa-fusion-box active-icon awb-icon-minus\" aria-hidden=\"true\"><\/i><i class=\"fa-fusion-box inactive-icon awb-icon-plus\" aria-hidden=\"true\"><\/i><\/span><span class=\"fusion-toggle-heading\">Je suis int\u00e9ress\u00e9 par les syt\u00e8mes MyDATEC, quel est le budget \u00e0 pr\u00e9voir ?<\/span><\/a><\/h4><\/div><div id=\"822c98ee439e9e8c8\" class=\"panel-collapse collapse \" aria-labelledby=\"toggle_822c98ee439e9e8c8\"><div class=\"panel-body toggle-content fusion-clearfix\">\n<p><img decoding=\"async\" class=\"alignnone size-full wp-image-11272\" src=\"https:\/\/www.mydatec.com\/wp-content\/uploads\/2023\/04\/Capture-decran-2023-04-18-154343.png\" alt=\"\" width=\"448\" height=\"206\" srcset=\"https:\/\/www.mydatec.com\/wp-content\/uploads\/2023\/04\/Capture-decran-2023-04-18-154343-200x92.png 200w, https:\/\/www.mydatec.com\/wp-content\/uploads\/2023\/04\/Capture-decran-2023-04-18-154343-300x138.png 300w, https:\/\/www.mydatec.com\/wp-content\/uploads\/2023\/04\/Capture-decran-2023-04-18-154343-400x184.png 400w, https:\/\/www.mydatec.com\/wp-content\/uploads\/2023\/04\/Capture-decran-2023-04-18-154343.png 448w\" sizes=\"(max-width: 448px) 100vw, 448px\" \/><\/p>\n<\/div><\/div><\/div><\/div><\/div><div class=\"fusion-text fusion-text-2\" style=\"--awb-text-transform:none;\"><p><em>Vous vous posez une question et elle n\u2019est pas dans cette FAQ,\u00a0<a href=\"https:\/\/www.mydatec.com\/contact\/\">n\u2019h\u00e9sitez pas \u00e0 nous \u00e9crire un mail ou \u00e0 nous contacter<\/a>, nous vous apporterons une r\u00e9ponse rapidement.<\/em><\/p>\n<\/div><\/div><\/div><\/div><\/div>\n","protected":false},"excerpt":{"rendered":"","protected":false},"author":6,"featured_media":0,"parent":0,"menu_order":15,"comment_status":"closed","ping_status":"open","template":"100-width.php","meta":{"footnotes":""},"class_list":["post-121","page","type-page","status-publish","hentry"],"yoast_head":"<!-- This site is optimized with the Yoast SEO plugin v27.5 - https:\/\/yoast.com\/product\/yoast-seo-wordpress\/ -->\n<title>FAQ Foire aux questions<\/title>\n<meta name=\"description\" content=\"Foire aux questions (FAQ) MyDATEC sur la VMC double flux thermodynamique. Trouvez les r\u00e9ponses \u00e0 vos questions sur lesproduits MyDATEC\" \/>\n<meta name=\"robots\" content=\"index, follow, max-snippet:-1, max-image-preview:large, max-video-preview:-1\" \/>\n<link rel=\"canonical\" href=\"https:\/\/www.mydatec.com\/fr\/foire-aux-questions\/\" \/>\n<meta property=\"og:locale\" content=\"fr_FR\" \/>\n<meta property=\"og:type\" content=\"article\" \/>\n<meta property=\"og:title\" content=\"FAQ Foire aux questions\" \/>\n<meta property=\"og:description\" content=\"Foire aux questions (FAQ) MyDATEC sur la VMC double flux thermodynamique. Trouvez les r\u00e9ponses \u00e0 vos questions sur lesproduits MyDATEC\" \/>\n<meta property=\"og:url\" content=\"https:\/\/www.mydatec.com\/fr\/foire-aux-questions\/\" \/>\n<meta property=\"og:site_name\" content=\"MyDATEC\" \/>\n<meta property=\"article:modified_time\" content=\"2023-04-25T12:33:16+00:00\" \/>\n<meta property=\"og:image\" content=\"https:\/\/www.mydatec.com\/wp-content\/uploads\/2023\/04\/Capture-decran-2023-04-18-154343.png\" \/>\n<meta name=\"twitter:label1\" content=\"Dur\u00e9e de lecture estim\u00e9e\" \/>\n\t<meta name=\"twitter:data1\" content=\"8 minutes\" \/>\n<script type=\"application\/ld+json\" class=\"yoast-schema-graph\">{\"@context\":\"https:\\\/\\\/schema.org\",\"@graph\":[{\"@type\":\"WebPage\",\"@id\":\"https:\\\/\\\/www.mydatec.com\\\/fr\\\/foire-aux-questions\\\/\",\"url\":\"https:\\\/\\\/www.mydatec.com\\\/fr\\\/foire-aux-questions\\\/\",\"name\":\"FAQ Foire aux questions\",\"isPartOf\":{\"@id\":\"https:\\\/\\\/www.mydatec.com\\\/fr\\\/#website\"},\"primaryImageOfPage\":{\"@id\":\"https:\\\/\\\/www.mydatec.com\\\/fr\\\/foire-aux-questions\\\/#primaryimage\"},\"image\":{\"@id\":\"https:\\\/\\\/www.mydatec.com\\\/fr\\\/foire-aux-questions\\\/#primaryimage\"},\"thumbnailUrl\":\"https:\\\/\\\/www.mydatec.com\\\/wp-content\\\/uploads\\\/2023\\\/04\\\/Capture-decran-2023-04-18-154343.png\",\"datePublished\":\"2012-12-13T16:12:09+00:00\",\"dateModified\":\"2023-04-25T12:33:16+00:00\",\"description\":\"Foire aux questions (FAQ) MyDATEC sur la VMC double flux thermodynamique. Trouvez les r\u00e9ponses \u00e0 vos questions sur lesproduits MyDATEC\",\"breadcrumb\":{\"@id\":\"https:\\\/\\\/www.mydatec.com\\\/fr\\\/foire-aux-questions\\\/#breadcrumb\"},\"inLanguage\":\"fr-FR\",\"potentialAction\":[{\"@type\":\"ReadAction\",\"target\":[\"https:\\\/\\\/www.mydatec.com\\\/fr\\\/foire-aux-questions\\\/\"]}]},{\"@type\":\"ImageObject\",\"inLanguage\":\"fr-FR\",\"@id\":\"https:\\\/\\\/www.mydatec.com\\\/fr\\\/foire-aux-questions\\\/#primaryimage\",\"url\":\"https:\\\/\\\/www.mydatec.com\\\/wp-content\\\/uploads\\\/2023\\\/04\\\/Capture-decran-2023-04-18-154343.png\",\"contentUrl\":\"https:\\\/\\\/www.mydatec.com\\\/wp-content\\\/uploads\\\/2023\\\/04\\\/Capture-decran-2023-04-18-154343.png\"},{\"@type\":\"BreadcrumbList\",\"@id\":\"https:\\\/\\\/www.mydatec.com\\\/fr\\\/foire-aux-questions\\\/#breadcrumb\",\"itemListElement\":[{\"@type\":\"ListItem\",\"position\":1,\"name\":\"Accueil\",\"item\":\"https:\\\/\\\/www.mydatec.com\\\/fr\\\/\"},{\"@type\":\"ListItem\",\"position\":2,\"name\":\"FAQ\"}]},{\"@type\":\"WebSite\",\"@id\":\"https:\\\/\\\/www.mydatec.com\\\/fr\\\/#website\",\"url\":\"https:\\\/\\\/www.mydatec.com\\\/fr\\\/\",\"name\":\"MyDATEC\",\"description\":\"La solution thermodynamique\",\"publisher\":{\"@id\":\"https:\\\/\\\/www.mydatec.com\\\/fr\\\/#organization\"},\"potentialAction\":[{\"@type\":\"SearchAction\",\"target\":{\"@type\":\"EntryPoint\",\"urlTemplate\":\"https:\\\/\\\/www.mydatec.com\\\/fr\\\/?s={search_term_string}\"},\"query-input\":{\"@type\":\"PropertyValueSpecification\",\"valueRequired\":true,\"valueName\":\"search_term_string\"}}],\"inLanguage\":\"fr-FR\"},{\"@type\":\"Organization\",\"@id\":\"https:\\\/\\\/www.mydatec.com\\\/fr\\\/#organization\",\"name\":\"MyDatec\",\"url\":\"https:\\\/\\\/www.mydatec.com\\\/fr\\\/\",\"logo\":{\"@type\":\"ImageObject\",\"inLanguage\":\"fr-FR\",\"@id\":\"https:\\\/\\\/www.mydatec.com\\\/fr\\\/#\\\/schema\\\/logo\\\/image\\\/\",\"url\":\"https:\\\/\\\/www.mydatec.com\\\/wp-content\\\/uploads\\\/2022\\\/01\\\/logo-mydatec.jpg\",\"contentUrl\":\"https:\\\/\\\/www.mydatec.com\\\/wp-content\\\/uploads\\\/2022\\\/01\\\/logo-mydatec.jpg\",\"width\":434,\"height\":351,\"caption\":\"MyDatec\"},\"image\":{\"@id\":\"https:\\\/\\\/www.mydatec.com\\\/fr\\\/#\\\/schema\\\/logo\\\/image\\\/\"},\"sameAs\":[\"http:\\\/\\\/www.linkedin.com\\\/in\\\/MyDATEC\"]}]}<\/script>\n<!-- \/ Yoast SEO plugin. -->","yoast_head_json":{"title":"FAQ Foire aux questions","description":"Foire aux questions (FAQ) MyDATEC sur la VMC double flux thermodynamique. Trouvez les r\u00e9ponses \u00e0 vos questions sur lesproduits MyDATEC","robots":{"index":"index","follow":"follow","max-snippet":"max-snippet:-1","max-image-preview":"max-image-preview:large","max-video-preview":"max-video-preview:-1"},"canonical":"https:\/\/www.mydatec.com\/fr\/foire-aux-questions\/","og_locale":"fr_FR","og_type":"article","og_title":"FAQ Foire aux questions","og_description":"Foire aux questions (FAQ) MyDATEC sur la VMC double flux thermodynamique. Trouvez les r\u00e9ponses \u00e0 vos questions sur lesproduits MyDATEC","og_url":"https:\/\/www.mydatec.com\/fr\/foire-aux-questions\/","og_site_name":"MyDATEC","article_modified_time":"2023-04-25T12:33:16+00:00","og_image":[{"url":"https:\/\/www.mydatec.com\/wp-content\/uploads\/2023\/04\/Capture-decran-2023-04-18-154343.png","type":"","width":"","height":""}],"twitter_misc":{"Dur\u00e9e de lecture estim\u00e9e":"8 minutes"},"schema":{"@context":"https:\/\/schema.org","@graph":[{"@type":"WebPage","@id":"https:\/\/www.mydatec.com\/fr\/foire-aux-questions\/","url":"https:\/\/www.mydatec.com\/fr\/foire-aux-questions\/","name":"FAQ Foire aux questions","isPartOf":{"@id":"https:\/\/www.mydatec.com\/fr\/#website"},"primaryImageOfPage":{"@id":"https:\/\/www.mydatec.com\/fr\/foire-aux-questions\/#primaryimage"},"image":{"@id":"https:\/\/www.mydatec.com\/fr\/foire-aux-questions\/#primaryimage"},"thumbnailUrl":"https:\/\/www.mydatec.com\/wp-content\/uploads\/2023\/04\/Capture-decran-2023-04-18-154343.png","datePublished":"2012-12-13T16:12:09+00:00","dateModified":"2023-04-25T12:33:16+00:00","description":"Foire aux questions (FAQ) MyDATEC sur la VMC double flux thermodynamique. Trouvez les r\u00e9ponses \u00e0 vos questions sur lesproduits MyDATEC","breadcrumb":{"@id":"https:\/\/www.mydatec.com\/fr\/foire-aux-questions\/#breadcrumb"},"inLanguage":"fr-FR","potentialAction":[{"@type":"ReadAction","target":["https:\/\/www.mydatec.com\/fr\/foire-aux-questions\/"]}]},{"@type":"ImageObject","inLanguage":"fr-FR","@id":"https:\/\/www.mydatec.com\/fr\/foire-aux-questions\/#primaryimage","url":"https:\/\/www.mydatec.com\/wp-content\/uploads\/2023\/04\/Capture-decran-2023-04-18-154343.png","contentUrl":"https:\/\/www.mydatec.com\/wp-content\/uploads\/2023\/04\/Capture-decran-2023-04-18-154343.png"},{"@type":"BreadcrumbList","@id":"https:\/\/www.mydatec.com\/fr\/foire-aux-questions\/#breadcrumb","itemListElement":[{"@type":"ListItem","position":1,"name":"Accueil","item":"https:\/\/www.mydatec.com\/fr\/"},{"@type":"ListItem","position":2,"name":"FAQ"}]},{"@type":"WebSite","@id":"https:\/\/www.mydatec.com\/fr\/#website","url":"https:\/\/www.mydatec.com\/fr\/","name":"MyDATEC","description":"La solution thermodynamique","publisher":{"@id":"https:\/\/www.mydatec.com\/fr\/#organization"},"potentialAction":[{"@type":"SearchAction","target":{"@type":"EntryPoint","urlTemplate":"https:\/\/www.mydatec.com\/fr\/?s={search_term_string}"},"query-input":{"@type":"PropertyValueSpecification","valueRequired":true,"valueName":"search_term_string"}}],"inLanguage":"fr-FR"},{"@type":"Organization","@id":"https:\/\/www.mydatec.com\/fr\/#organization","name":"MyDatec","url":"https:\/\/www.mydatec.com\/fr\/","logo":{"@type":"ImageObject","inLanguage":"fr-FR","@id":"https:\/\/www.mydatec.com\/fr\/#\/schema\/logo\/image\/","url":"https:\/\/www.mydatec.com\/wp-content\/uploads\/2022\/01\/logo-mydatec.jpg","contentUrl":"https:\/\/www.mydatec.com\/wp-content\/uploads\/2022\/01\/logo-mydatec.jpg","width":434,"height":351,"caption":"MyDatec"},"image":{"@id":"https:\/\/www.mydatec.com\/fr\/#\/schema\/logo\/image\/"},"sameAs":["http:\/\/www.linkedin.com\/in\/MyDATEC"]}]}},"_links":{"self":[{"href":"https:\/\/www.mydatec.com\/fr\/wp-json\/wp\/v2\/pages\/121","targetHints":{"allow":["GET"]}}],"collection":[{"href":"https:\/\/www.mydatec.com\/fr\/wp-json\/wp\/v2\/pages"}],"about":[{"href":"https:\/\/www.mydatec.com\/fr\/wp-json\/wp\/v2\/types\/page"}],"author":[{"embeddable":true,"href":"https:\/\/www.mydatec.com\/fr\/wp-json\/wp\/v2\/users\/6"}],"replies":[{"embeddable":true,"href":"https:\/\/www.mydatec.com\/fr\/wp-json\/wp\/v2\/comments?post=121"}],"version-history":[{"count":5,"href":"https:\/\/www.mydatec.com\/fr\/wp-json\/wp\/v2\/pages\/121\/revisions"}],"predecessor-version":[{"id":11320,"href":"https:\/\/www.mydatec.com\/fr\/wp-json\/wp\/v2\/pages\/121\/revisions\/11320"}],"wp:attachment":[{"href":"https:\/\/www.mydatec.com\/fr\/wp-json\/wp\/v2\/media?parent=121"}],"curies":[{"name":"wp","href":"https:\/\/api.w.org\/{rel}","templated":true}]}}