{"id":1089,"date":"2013-01-15T15:25:41","date_gmt":"2013-01-15T14:25:41","guid":{"rendered":"https:\/\/www.mydatec.com\/?page_id=1089"},"modified":"2022-07-27T10:04:12","modified_gmt":"2022-07-27T09:04:12","slug":"trouver-un-installateur","status":"publish","type":"page","link":"https:\/\/www.mydatec.com\/fr\/trouver-un-installateur\/","title":{"rendered":"11. Trouver un installateur"},"content":{"rendered":"<div class=\"fusion-fullwidth fullwidth-box fusion-builder-row-1 fusion-flex-container nonhundred-percent-fullwidth non-hundred-percent-height-scrolling ctnr-top-h1-classique\" style=\"--awb-border-radius-top-left:0px;--awb-border-radius-top-right:0px;--awb-border-radius-bottom-right:0px;--awb-border-radius-bottom-left:0px;--awb-flex-wrap:wrap;\" ><div class=\"fusion-builder-row fusion-row fusion-flex-align-items-flex-start fusion-flex-justify-content-center fusion-flex-content-wrap\" style=\"max-width:1144px;margin-left: calc(-4% \/ 2 );margin-right: calc(-4% \/ 2 );\"><div class=\"fusion-layout-column fusion_builder_column fusion-builder-column-0 fusion_builder_column_1_1 1_1 fusion-flex-column col-texte\" style=\"--awb-bg-size:cover;--awb-width-large:100%;--awb-margin-top-large:0px;--awb-spacing-right-large:1.92%;--awb-margin-bottom-large:20px;--awb-spacing-left-large:1.92%;--awb-width-medium:100%;--awb-order-medium:0;--awb-spacing-right-medium:1.92%;--awb-spacing-left-medium:1.92%;--awb-width-small:100%;--awb-order-small:0;--awb-spacing-right-small:1.92%;--awb-spacing-left-small:1.92%;\"><div class=\"fusion-column-wrapper fusion-column-has-shadow fusion-flex-justify-content-flex-start fusion-content-layout-column\"><div class=\"fusion-title title fusion-title-1 fusion-sep-none fusion-title-text fusion-title-size-one\" style=\"--awb-margin-top-small:0px;--awb-margin-right-small:0px;--awb-margin-bottom-small:20px;--awb-margin-left-small:0px;\"><h1 class=\"fusion-title-heading title-heading-left\" style=\"margin:0;\"><p>Trouver un installateur pr\u00e8s de chez vous !<\/p>\n<p>N&rsquo;h\u00e9sitez pas \u00e0 nous contacter si vous souhaitez \u00eatre en mis en relation avec un installateur partenaire.<\/p><\/h1><\/div><div class=\"fusion-text fusion-text-1\" style=\"--awb-text-transform:none;\"><p>MyDATEC livre \u00e0 l\u2019international, et est pr\u00e9sent dans de nombreux pays.\u00a0Pour une installation hors France, contactez directement nos partenaires privil\u00e9gi\u00e9s sur les pays suivants:<\/p>\n<\/div><div class=\"fusion-content-boxes content-boxes columns row fusion-columns-3 fusion-columns-total-4 fusion-content-boxes-1 content-boxes-icon-on-top content-left\" style=\"--awb-hover-accent-color:#9e9e9e;--awb-circle-hover-accent-color:#9e9e9e;\" data-animationOffset=\"top-into-view\"><div style=\"--awb-backgroundcolor:rgba(255,255,255,0);\" class=\"fusion-column content-box-column content-box-column content-box-column-1 col-lg-4 col-md-4 col-sm-4 fusion-content-box-hover content-box-column-first-in-row\"><div class=\"col content-box-wrapper content-wrapper link-area-link-icon icon-hover-animation-fade\" data-animationOffset=\"top-into-view\"><div class=\"heading heading-with-icon icon-left\"><div aria-hidden=\"true\" class=\"image\"><img decoding=\"async\" src=\"https:\/\/www.mydatec.com\/wp-content\/uploads\/2021\/11\/italie-125x125.png\" width=\"125\" height=\"125\" alt=\"\" \/><\/div><h2 class=\"content-box-heading\" style=\"--h2_typography-font-size:18px;line-height:23px;\">Italie<\/h2><\/div><div class=\"fusion-clearfix\"><\/div><div class=\"content-container\">\n<p><a href=\"https:\/\/it.mydatec.com\/it\/privacy.html\"><img decoding=\"async\" class=\"alignnone size-full wp-image-6917\" src=\"https:\/\/www.mydatec.com\/wp-content\/uploads\/2021\/11\/TELEMA.jpg\" alt=\"\" width=\"145\" height=\"45\" \/><\/a><\/p>\n<p><a href=\"https:\/\/it.mydatec.com\/it\/privacy.html\"><b>TELEMA S.p.A.<\/b><\/a><br \/>\n<i><br \/>\nVia Carlo D\u2019Adda 9\/A<br \/>\n20143 MILANO MI<br \/>\nTelefono: +39 02 83382.1<br \/>\nFax : + 39 02 83382.206<br \/>\nFax. (+32) 064\/23.10.09<br \/>\nMail : info@mydatec.it<br \/>\nWeb : www.mydatec.it<\/i><\/p>\n<\/div><\/div><\/div><div style=\"--awb-backgroundcolor:rgba(255,255,255,0);\" class=\"fusion-column content-box-column content-box-column content-box-column-2 col-lg-4 col-md-4 col-sm-4 fusion-content-box-hover \"><div class=\"col content-box-wrapper content-wrapper link-area-link-icon icon-hover-animation-fade\" data-animationOffset=\"top-into-view\"><div class=\"heading heading-with-icon icon-left\"><div aria-hidden=\"true\" class=\"image\"><img decoding=\"async\" src=\"https:\/\/www.mydatec.com\/wp-content\/uploads\/2021\/11\/Suisse-125x125.jpg\" width=\"125\" height=\"125\" alt=\"\" \/><\/div><h2 class=\"content-box-heading\" style=\"--h2_typography-font-size:18px;line-height:23px;\">Suisse<\/h2><\/div><div class=\"fusion-clearfix\"><\/div><div class=\"content-container\">\n<p><a href=\"http:\/\/rcfroid.ch\/new\/\"><img decoding=\"async\" class=\"alignnone size-full wp-image-6918\" src=\"https:\/\/www.mydatec.com\/wp-content\/uploads\/2021\/11\/RC-FROID.jpg\" alt=\"\" width=\"145\" height=\"45\" \/><\/a><\/p>\n<p><a href=\"http:\/\/rcfroid.ch\/new\/\"><b>RC FROID<\/b><\/a><br \/>\n<i><br \/>\nGluti\u00e8res Ch. du Hameau 19<br \/>\n1867 Ollon SUISSE<br \/>\nT\u00e9l : +41 (0)24 499 25 47<br \/>\nFax: +41 (0)24 499 26 47<br \/>\nMail: info@rcfroid.ch<br \/>\nWeb: http:\/\/rcfroid.ch<\/i><\/p>\n<\/div><\/div><\/div><div style=\"--awb-backgroundcolor:rgba(255,255,255,0);\" class=\"fusion-column content-box-column content-box-column content-box-column-3 col-lg-4 col-md-4 col-sm-4 fusion-content-box-hover content-box-column-last-in-row\"><div class=\"col content-box-wrapper content-wrapper link-area-link-icon icon-hover-animation-fade\" data-animationOffset=\"top-into-view\"><div class=\"heading heading-with-icon icon-left\"><div aria-hidden=\"true\" class=\"image\"><img decoding=\"async\" src=\"https:\/\/www.mydatec.com\/wp-content\/uploads\/2021\/11\/belgique-125x125.jpg\" width=\"125\" height=\"125\" alt=\"\" \/><\/div><h2 class=\"content-box-heading\" style=\"--h2_typography-font-size:18px;line-height:23px;\">Belgique<\/h2><\/div><div class=\"fusion-clearfix\"><\/div><div class=\"content-container\">\n<p><a href=\"https:\/\/jmd.be\/\"><img decoding=\"async\" class=\"alignnone size-full wp-image-6926\" src=\"https:\/\/www.mydatec.com\/wp-content\/uploads\/2021\/11\/Ventillation-Jmd.jpg\" alt=\"\" width=\"145\" height=\"45\" \/><\/a><\/p>\n<p><a href=\"https:\/\/jmd.be\/\"><b>JMD VENTILATION<\/b><\/a><br \/>\n<i><br \/>\nZ.I. Paysager de Tyberchamps<br \/>\n7180 Seneffe (Belgique)<br \/>\nTel. (+32) 064\/23.10.00<br \/>\n(+32) 04\/343.82.52 (Li\u00e8ge)<br \/>\nWeb: www.jmd.be<br \/>\nMail: office@jmd.be<\/i><\/p>\n<\/div><\/div><\/div><div style=\"--awb-backgroundcolor:rgba(255,255,255,0);\" class=\"fusion-column content-box-column content-box-column content-box-column-4 col-lg-4 col-md-4 col-sm-4 fusion-content-box-hover content-box-column-first-in-row content-box-column-last\"><div class=\"col content-box-wrapper content-wrapper link-area-link-icon icon-hover-animation-fade\" data-animationOffset=\"top-into-view\"><div class=\"heading heading-with-icon icon-left\"><div aria-hidden=\"true\" class=\"image\"><img decoding=\"async\" src=\"https:\/\/www.mydatec.com\/wp-content\/uploads\/2021\/11\/france-125x125.png\" width=\"125\" height=\"125\" alt=\"\" \/><\/div><h2 class=\"content-box-heading\" style=\"--h2_typography-font-size:18px;line-height:23px;\">FRANCE<\/h2><\/div><div class=\"fusion-clearfix\"><\/div><div class=\"content-container\">\n<p>MyDATEC livre ses VMC en<a href=\"https:\/\/www.mydatec.com\/kit-gaine-accessoires-vmc\/\"><strong>\u00a0kit d\u2019accessoires \u00ab\u00a0pr\u00eat \u00e0 poser\u00a0\u00bb<\/strong><\/a>. Pr\u00e9f\u00e9rez donc contacter votre installateur habituel, qui n\u2019aura aucun mal \u00e0 poser notre syst\u00e8me. Si vous n\u2019avez pas d\u2019installateur chauffagiste et si vous souhaitez connaitre des adresses d\u2019installateurs habitu\u00e9s \u00e0 nos produits,<strong>\u00a0<a href=\"https:\/\/www.mydatec.com\/prix-cout-vmc\/\">contactez-nous.<\/a><\/strong><\/p>\n<\/div><\/div><\/div><div class=\"fusion-clearfix\"><\/div><\/div><\/div><\/div><\/div><\/div>\n","protected":false},"excerpt":{"rendered":"","protected":false},"author":6,"featured_media":0,"parent":0,"menu_order":40,"comment_status":"closed","ping_status":"closed","template":"100-width.php","meta":{"footnotes":""},"class_list":["post-1089","page","type-page","status-publish","hentry"],"yoast_head":"<!-- This site is optimized with the Yoast SEO plugin v27.5 - https:\/\/yoast.com\/product\/yoast-seo-wordpress\/ -->\n<title>11. Trouver un installateur<\/title>\n<meta name=\"description\" content=\"Trouver un installateur de VMC double flux thermodynamique pour votre MyDATEC. Ventilation, chauffage, rafraichissement et couplage poele a bois.\" \/>\n<meta name=\"robots\" content=\"index, follow, max-snippet:-1, max-image-preview:large, max-video-preview:-1\" \/>\n<link rel=\"canonical\" href=\"https:\/\/www.mydatec.com\/fr\/trouver-un-installateur\/\" \/>\n<meta property=\"og:locale\" content=\"fr_FR\" \/>\n<meta property=\"og:type\" content=\"article\" \/>\n<meta property=\"og:title\" content=\"11. Trouver un installateur\" \/>\n<meta property=\"og:description\" content=\"Trouver un installateur de VMC double flux thermodynamique pour votre MyDATEC. Ventilation, chauffage, rafraichissement et couplage poele a bois.\" \/>\n<meta property=\"og:url\" content=\"https:\/\/www.mydatec.com\/fr\/trouver-un-installateur\/\" \/>\n<meta property=\"og:site_name\" content=\"MyDATEC\" \/>\n<meta property=\"article:modified_time\" content=\"2022-07-27T09:04:12+00:00\" \/>\n<meta property=\"og:image\" content=\"https:\/\/www.mydatec.com\/wp-content\/uploads\/2021\/11\/TELEMA.jpg\" \/>\n<meta name=\"twitter:label1\" content=\"Dur\u00e9e de lecture estim\u00e9e\" \/>\n\t<meta name=\"twitter:data1\" content=\"5 minutes\" \/>\n<script type=\"application\/ld+json\" class=\"yoast-schema-graph\">{\"@context\":\"https:\\\/\\\/schema.org\",\"@graph\":[{\"@type\":\"WebPage\",\"@id\":\"https:\\\/\\\/www.mydatec.com\\\/fr\\\/trouver-un-installateur\\\/\",\"url\":\"https:\\\/\\\/www.mydatec.com\\\/fr\\\/trouver-un-installateur\\\/\",\"name\":\"11. Trouver un installateur\",\"isPartOf\":{\"@id\":\"https:\\\/\\\/www.mydatec.com\\\/fr\\\/#website\"},\"primaryImageOfPage\":{\"@id\":\"https:\\\/\\\/www.mydatec.com\\\/fr\\\/trouver-un-installateur\\\/#primaryimage\"},\"image\":{\"@id\":\"https:\\\/\\\/www.mydatec.com\\\/fr\\\/trouver-un-installateur\\\/#primaryimage\"},\"thumbnailUrl\":\"https:\\\/\\\/www.mydatec.com\\\/wp-content\\\/uploads\\\/2021\\\/11\\\/TELEMA.jpg\",\"datePublished\":\"2013-01-15T14:25:41+00:00\",\"dateModified\":\"2022-07-27T09:04:12+00:00\",\"description\":\"Trouver un installateur de VMC double flux thermodynamique pour votre MyDATEC. Ventilation, chauffage, rafraichissement et couplage poele a bois.\",\"breadcrumb\":{\"@id\":\"https:\\\/\\\/www.mydatec.com\\\/fr\\\/trouver-un-installateur\\\/#breadcrumb\"},\"inLanguage\":\"fr-FR\",\"potentialAction\":[{\"@type\":\"ReadAction\",\"target\":[\"https:\\\/\\\/www.mydatec.com\\\/fr\\\/trouver-un-installateur\\\/\"]}]},{\"@type\":\"ImageObject\",\"inLanguage\":\"fr-FR\",\"@id\":\"https:\\\/\\\/www.mydatec.com\\\/fr\\\/trouver-un-installateur\\\/#primaryimage\",\"url\":\"https:\\\/\\\/www.mydatec.com\\\/wp-content\\\/uploads\\\/2021\\\/11\\\/TELEMA.jpg\",\"contentUrl\":\"https:\\\/\\\/www.mydatec.com\\\/wp-content\\\/uploads\\\/2021\\\/11\\\/TELEMA.jpg\"},{\"@type\":\"BreadcrumbList\",\"@id\":\"https:\\\/\\\/www.mydatec.com\\\/fr\\\/trouver-un-installateur\\\/#breadcrumb\",\"itemListElement\":[{\"@type\":\"ListItem\",\"position\":1,\"name\":\"Accueil\",\"item\":\"https:\\\/\\\/www.mydatec.com\\\/fr\\\/\"},{\"@type\":\"ListItem\",\"position\":2,\"name\":\"11. Trouver un installateur\"}]},{\"@type\":\"WebSite\",\"@id\":\"https:\\\/\\\/www.mydatec.com\\\/fr\\\/#website\",\"url\":\"https:\\\/\\\/www.mydatec.com\\\/fr\\\/\",\"name\":\"MyDATEC\",\"description\":\"La solution thermodynamique\",\"publisher\":{\"@id\":\"https:\\\/\\\/www.mydatec.com\\\/fr\\\/#organization\"},\"potentialAction\":[{\"@type\":\"SearchAction\",\"target\":{\"@type\":\"EntryPoint\",\"urlTemplate\":\"https:\\\/\\\/www.mydatec.com\\\/fr\\\/?s={search_term_string}\"},\"query-input\":{\"@type\":\"PropertyValueSpecification\",\"valueRequired\":true,\"valueName\":\"search_term_string\"}}],\"inLanguage\":\"fr-FR\"},{\"@type\":\"Organization\",\"@id\":\"https:\\\/\\\/www.mydatec.com\\\/fr\\\/#organization\",\"name\":\"MyDatec\",\"url\":\"https:\\\/\\\/www.mydatec.com\\\/fr\\\/\",\"logo\":{\"@type\":\"ImageObject\",\"inLanguage\":\"fr-FR\",\"@id\":\"https:\\\/\\\/www.mydatec.com\\\/fr\\\/#\\\/schema\\\/logo\\\/image\\\/\",\"url\":\"https:\\\/\\\/www.mydatec.com\\\/wp-content\\\/uploads\\\/2022\\\/01\\\/logo-mydatec.jpg\",\"contentUrl\":\"https:\\\/\\\/www.mydatec.com\\\/wp-content\\\/uploads\\\/2022\\\/01\\\/logo-mydatec.jpg\",\"width\":434,\"height\":351,\"caption\":\"MyDatec\"},\"image\":{\"@id\":\"https:\\\/\\\/www.mydatec.com\\\/fr\\\/#\\\/schema\\\/logo\\\/image\\\/\"},\"sameAs\":[\"http:\\\/\\\/www.linkedin.com\\\/in\\\/MyDATEC\"]}]}<\/script>\n<!-- \/ Yoast SEO plugin. -->","yoast_head_json":{"title":"11. Trouver un installateur","description":"Trouver un installateur de VMC double flux thermodynamique pour votre MyDATEC. Ventilation, chauffage, rafraichissement et couplage poele a bois.","robots":{"index":"index","follow":"follow","max-snippet":"max-snippet:-1","max-image-preview":"max-image-preview:large","max-video-preview":"max-video-preview:-1"},"canonical":"https:\/\/www.mydatec.com\/fr\/trouver-un-installateur\/","og_locale":"fr_FR","og_type":"article","og_title":"11. Trouver un installateur","og_description":"Trouver un installateur de VMC double flux thermodynamique pour votre MyDATEC. Ventilation, chauffage, rafraichissement et couplage poele a bois.","og_url":"https:\/\/www.mydatec.com\/fr\/trouver-un-installateur\/","og_site_name":"MyDATEC","article_modified_time":"2022-07-27T09:04:12+00:00","og_image":[{"url":"https:\/\/www.mydatec.com\/wp-content\/uploads\/2021\/11\/TELEMA.jpg","type":"","width":"","height":""}],"twitter_misc":{"Dur\u00e9e de lecture estim\u00e9e":"5 minutes"},"schema":{"@context":"https:\/\/schema.org","@graph":[{"@type":"WebPage","@id":"https:\/\/www.mydatec.com\/fr\/trouver-un-installateur\/","url":"https:\/\/www.mydatec.com\/fr\/trouver-un-installateur\/","name":"11. Trouver un installateur","isPartOf":{"@id":"https:\/\/www.mydatec.com\/fr\/#website"},"primaryImageOfPage":{"@id":"https:\/\/www.mydatec.com\/fr\/trouver-un-installateur\/#primaryimage"},"image":{"@id":"https:\/\/www.mydatec.com\/fr\/trouver-un-installateur\/#primaryimage"},"thumbnailUrl":"https:\/\/www.mydatec.com\/wp-content\/uploads\/2021\/11\/TELEMA.jpg","datePublished":"2013-01-15T14:25:41+00:00","dateModified":"2022-07-27T09:04:12+00:00","description":"Trouver un installateur de VMC double flux thermodynamique pour votre MyDATEC. Ventilation, chauffage, rafraichissement et couplage poele a bois.","breadcrumb":{"@id":"https:\/\/www.mydatec.com\/fr\/trouver-un-installateur\/#breadcrumb"},"inLanguage":"fr-FR","potentialAction":[{"@type":"ReadAction","target":["https:\/\/www.mydatec.com\/fr\/trouver-un-installateur\/"]}]},{"@type":"ImageObject","inLanguage":"fr-FR","@id":"https:\/\/www.mydatec.com\/fr\/trouver-un-installateur\/#primaryimage","url":"https:\/\/www.mydatec.com\/wp-content\/uploads\/2021\/11\/TELEMA.jpg","contentUrl":"https:\/\/www.mydatec.com\/wp-content\/uploads\/2021\/11\/TELEMA.jpg"},{"@type":"BreadcrumbList","@id":"https:\/\/www.mydatec.com\/fr\/trouver-un-installateur\/#breadcrumb","itemListElement":[{"@type":"ListItem","position":1,"name":"Accueil","item":"https:\/\/www.mydatec.com\/fr\/"},{"@type":"ListItem","position":2,"name":"11. Trouver un installateur"}]},{"@type":"WebSite","@id":"https:\/\/www.mydatec.com\/fr\/#website","url":"https:\/\/www.mydatec.com\/fr\/","name":"MyDATEC","description":"La solution thermodynamique","publisher":{"@id":"https:\/\/www.mydatec.com\/fr\/#organization"},"potentialAction":[{"@type":"SearchAction","target":{"@type":"EntryPoint","urlTemplate":"https:\/\/www.mydatec.com\/fr\/?s={search_term_string}"},"query-input":{"@type":"PropertyValueSpecification","valueRequired":true,"valueName":"search_term_string"}}],"inLanguage":"fr-FR"},{"@type":"Organization","@id":"https:\/\/www.mydatec.com\/fr\/#organization","name":"MyDatec","url":"https:\/\/www.mydatec.com\/fr\/","logo":{"@type":"ImageObject","inLanguage":"fr-FR","@id":"https:\/\/www.mydatec.com\/fr\/#\/schema\/logo\/image\/","url":"https:\/\/www.mydatec.com\/wp-content\/uploads\/2022\/01\/logo-mydatec.jpg","contentUrl":"https:\/\/www.mydatec.com\/wp-content\/uploads\/2022\/01\/logo-mydatec.jpg","width":434,"height":351,"caption":"MyDatec"},"image":{"@id":"https:\/\/www.mydatec.com\/fr\/#\/schema\/logo\/image\/"},"sameAs":["http:\/\/www.linkedin.com\/in\/MyDATEC"]}]}},"_links":{"self":[{"href":"https:\/\/www.mydatec.com\/fr\/wp-json\/wp\/v2\/pages\/1089","targetHints":{"allow":["GET"]}}],"collection":[{"href":"https:\/\/www.mydatec.com\/fr\/wp-json\/wp\/v2\/pages"}],"about":[{"href":"https:\/\/www.mydatec.com\/fr\/wp-json\/wp\/v2\/types\/page"}],"author":[{"embeddable":true,"href":"https:\/\/www.mydatec.com\/fr\/wp-json\/wp\/v2\/users\/6"}],"replies":[{"embeddable":true,"href":"https:\/\/www.mydatec.com\/fr\/wp-json\/wp\/v2\/comments?post=1089"}],"version-history":[{"count":5,"href":"https:\/\/www.mydatec.com\/fr\/wp-json\/wp\/v2\/pages\/1089\/revisions"}],"predecessor-version":[{"id":9718,"href":"https:\/\/www.mydatec.com\/fr\/wp-json\/wp\/v2\/pages\/1089\/revisions\/9718"}],"wp:attachment":[{"href":"https:\/\/www.mydatec.com\/fr\/wp-json\/wp\/v2\/media?parent=1089"}],"curies":[{"name":"wp","href":"https:\/\/api.w.org\/{rel}","templated":true}]}}